{"id":123,"date":"2021-01-25T13:37:04","date_gmt":"2021-01-25T12:37:04","guid":{"rendered":"https:\/\/web-mmi.iutbeziers.fr\/marathonMMI2021\/mdwMMI2021_17\/wordpress\/?page_id=123"},"modified":"2026-04-15T08:49:44","modified_gmt":"2026-04-15T06:49:44","slug":"ecole","status":"publish","type":"page","link":"https:\/\/www.cabrerolles.fr\/?page_id=123","title":{"rendered":"L&#8217;Ecole"},"content":{"rendered":"\t\t<div data-elementor-type=\"wp-page\" data-elementor-id=\"123\" class=\"elementor elementor-123\">\n\t\t\t\t\t\t<section class=\"elementor-section elementor-top-section elementor-element elementor-element-a6fb3ce elementor-section-boxed elementor-section-height-default elementor-section-height-default\" data-id=\"a6fb3ce\" data-element_type=\"section\" data-e-type=\"section\">\n\t\t\t\t\t\t<div class=\"elementor-container elementor-column-gap-default\">\n\t\t\t\t\t<div class=\"elementor-column elementor-col-100 elementor-top-column elementor-element elementor-element-25df0d8\" data-id=\"25df0d8\" data-element_type=\"column\" data-e-type=\"column\">\n\t\t\t<div class=\"elementor-widget-wrap elementor-element-populated\">\n\t\t\t\t\t\t<div class=\"elementor-element elementor-element-25aa5b4 elementor-widget elementor-widget-heading\" data-id=\"25aa5b4\" data-element_type=\"widget\" data-e-type=\"widget\" data-widget_type=\"heading.default\">\n\t\t\t\t<div class=\"elementor-widget-container\">\n\t\t\t\t\t<h2 class=\"elementor-heading-title elementor-size-default\">\u00c9cole publique Jean Vidal \u00e0 La Liqui\u00e8re<\/h2>\t\t\t\t<\/div>\n\t\t\t\t<\/div>\n\t\t\t\t<div class=\"elementor-element elementor-element-6e84324 elementor-widget elementor-widget-spacer\" data-id=\"6e84324\" data-element_type=\"widget\" data-e-type=\"widget\" data-widget_type=\"spacer.default\">\n\t\t\t\t<div class=\"elementor-widget-container\">\n\t\t\t\t\t\t\t<div class=\"elementor-spacer\">\n\t\t\t<div class=\"elementor-spacer-inner\"><\/div>\n\t\t<\/div>\n\t\t\t\t\t\t<\/div>\n\t\t\t\t<\/div>\n\t\t\t\t\t<\/div>\n\t\t<\/div>\n\t\t\t\t\t<\/div>\n\t\t<\/section>\n\t\t\t\t<section class=\"elementor-section elementor-top-section elementor-element elementor-element-835ea78 elementor-section-boxed elementor-section-height-default elementor-section-height-default\" data-id=\"835ea78\" data-element_type=\"section\" data-e-type=\"section\">\n\t\t\t\t\t\t<div class=\"elementor-container elementor-column-gap-default\">\n\t\t\t\t\t<div class=\"elementor-column elementor-col-100 elementor-top-column elementor-element elementor-element-ba869e6\" data-id=\"ba869e6\" data-element_type=\"column\" data-e-type=\"column\">\n\t\t\t<div class=\"elementor-widget-wrap elementor-element-populated\">\n\t\t\t\t\t\t<div class=\"elementor-element elementor-element-f2c3299 elementor-arrows-position-inside elementor-pagination-position-outside elementor-widget elementor-widget-image-carousel\" data-id=\"f2c3299\" data-element_type=\"widget\" data-e-type=\"widget\" data-settings=\"{&quot;autoplay_speed&quot;:3000,&quot;navigation&quot;:&quot;both&quot;,&quot;autoplay&quot;:&quot;yes&quot;,&quot;pause_on_hover&quot;:&quot;yes&quot;,&quot;pause_on_interaction&quot;:&quot;yes&quot;,&quot;infinite&quot;:&quot;yes&quot;,&quot;speed&quot;:500}\" data-widget_type=\"image-carousel.default\">\n\t\t\t\t<div class=\"elementor-widget-container\">\n\t\t\t\t\t\t\t<div class=\"elementor-image-carousel-wrapper swiper\" role=\"region\" aria-roledescription=\"carousel\" aria-label=\"Carrousel d\u2019images\" dir=\"ltr\">\n\t\t\t<div class=\"elementor-image-carousel swiper-wrapper\" aria-live=\"off\">\n\t\t\t\t\t\t\t\t<div class=\"swiper-slide\" role=\"group\" aria-roledescription=\"slide\" aria-label=\"1 sur 5\"><figure class=\"swiper-slide-inner\"><img decoding=\"async\" class=\"swiper-slide-image\" src=\"https:\/\/www.cabrerolles.fr\/wp-content\/uploads\/2021\/02\/emma_gatimel-2-300x225.jpg\" alt=\"L&#039;\u00e9cole Jean Vidal\" \/><\/figure><\/div><div class=\"swiper-slide\" role=\"group\" aria-roledescription=\"slide\" aria-label=\"2 sur 5\"><figure class=\"swiper-slide-inner\"><img decoding=\"async\" class=\"swiper-slide-image\" src=\"https:\/\/www.cabrerolles.fr\/wp-content\/uploads\/2021\/02\/audrey_laencina-1-300x225.jpg\" alt=\"L&#039;entr\u00e9e de l&#039;\u00e9cole\" \/><\/figure><\/div><div class=\"swiper-slide\" role=\"group\" aria-roledescription=\"slide\" aria-label=\"3 sur 5\"><figure class=\"swiper-slide-inner\"><img decoding=\"async\" class=\"swiper-slide-image\" src=\"https:\/\/www.cabrerolles.fr\/wp-content\/uploads\/2021\/02\/audrey_laencina-5-1-300x225.jpg\" alt=\"La cour\" \/><\/figure><\/div><div class=\"swiper-slide\" role=\"group\" aria-roledescription=\"slide\" aria-label=\"4 sur 5\"><figure class=\"swiper-slide-inner\"><img decoding=\"async\" class=\"swiper-slide-image\" src=\"https:\/\/www.cabrerolles.fr\/wp-content\/uploads\/2021\/02\/emma_gatimel-3-300x225.jpg\" alt=\"Le potager des enfants\" \/><\/figure><\/div><div class=\"swiper-slide\" role=\"group\" aria-roledescription=\"slide\" aria-label=\"5 sur 5\"><figure class=\"swiper-slide-inner\"><img decoding=\"async\" class=\"swiper-slide-image\" src=\"https:\/\/www.cabrerolles.fr\/wp-content\/uploads\/2021\/02\/emma_gatimel-1-300x225.jpg\" alt=\"Accueil et cantine\" \/><\/figure><\/div>\t\t\t<\/div>\n\t\t\t\t\t\t\t\t\t\t\t\t<div class=\"elementor-swiper-button elementor-swiper-button-prev\" role=\"button\" tabindex=\"0\">\n\t\t\t\t\t\t<i aria-hidden=\"true\" class=\"eicon-chevron-left\"><\/i>\t\t\t\t\t<\/div>\n\t\t\t\t\t<div class=\"elementor-swiper-button elementor-swiper-button-next\" role=\"button\" tabindex=\"0\">\n\t\t\t\t\t\t<i aria-hidden=\"true\" class=\"eicon-chevron-right\"><\/i>\t\t\t\t\t<\/div>\n\t\t\t\t\n\t\t\t\t\t\t\t\t\t<div class=\"swiper-pagination\"><\/div>\n\t\t\t\t\t\t\t\t\t<\/div>\n\t\t\t\t\t\t<\/div>\n\t\t\t\t<\/div>\n\t\t\t\t\t<\/div>\n\t\t<\/div>\n\t\t\t\t\t<\/div>\n\t\t<\/section>\n\t\t\t\t<section class=\"elementor-section elementor-top-section elementor-element elementor-element-62a7a72b elementor-section-boxed elementor-section-height-default elementor-section-height-default\" data-id=\"62a7a72b\" data-element_type=\"section\" data-e-type=\"section\">\n\t\t\t\t\t\t<div class=\"elementor-container elementor-column-gap-default\">\n\t\t\t\t\t<div class=\"elementor-column elementor-col-100 elementor-top-column elementor-element elementor-element-190c28d7\" data-id=\"190c28d7\" data-element_type=\"column\" data-e-type=\"column\">\n\t\t\t<div class=\"elementor-widget-wrap elementor-element-populated\">\n\t\t\t\t\t\t<div class=\"elementor-element elementor-element-0745aca elementor-widget elementor-widget-heading\" data-id=\"0745aca\" data-element_type=\"widget\" data-e-type=\"widget\" data-widget_type=\"heading.default\">\n\t\t\t\t<div class=\"elementor-widget-container\">\n\t\t\t\t\t<h2 class=\"elementor-heading-title elementor-size-default\">Pr\u00e9sentation<\/h2>\t\t\t\t<\/div>\n\t\t\t\t<\/div>\n\t\t\t\t<div class=\"elementor-element elementor-element-7b021505 elementor-widget elementor-widget-text-editor\" data-id=\"7b021505\" data-element_type=\"widget\" data-e-type=\"widget\" data-widget_type=\"text-editor.default\">\n\t\t\t\t<div class=\"elementor-widget-container\">\n\t\t\t\t\t\t\t\t\t<p><span style=\"color: #000000; font-family: var( --e-global-typography-text-font-family ), Sans-serif; font-weight: var( --e-global-typography-text-font-weight ); font-size: 1rem;\">L\u2019\u00e9cole Jean-Vidal \u00e0 La Liqui\u00e8re et l\u2019ALP (Accueil loisirs p\u00e9riscolaire) \u00ab Les Garriguettes \u00bb accueille les <\/span><span style=\"color: #000000;\">enfants de l\u2019\u00e9cole maternelle et primaire des 5 hameaux de Cabrerolles et du village de Caussiniojouls, <\/span><span style=\"color: #000000;\">\u00e0 partir de 2 ans (si les effectifs le permettent), jusqu\u2019\u00e0 11ans. <\/span><\/p><p><span style=\"color: #000000;\">Mme Marine Gerry est la directrice de l\u2019\u00e9cole et l\u2019enseignante des maternelles et CP. <\/span><span style=\"color: #000000;\">Mme Val\u00e9rie Mouret est l\u2019enseignante des primaires du CE1 au CM2.<\/span><br \/><br \/><span style=\"color: #000000;\">Mme Manuela Gatimel (alias Emma) est l\u2019ATSEM et la directrice du p\u00e9riscolaire.<\/span><br \/><span style=\"color: #000000;\">Pour le p\u00e9riscolaire et l\u2019entretien des locaux, on trouve Caroline Jeay et Chorouk Navarro, qui <\/span><span style=\"color: #000000;\">accueillent les enfants, animent les temps d\u2019accueil (matin et soir) et organisent la cantine\u00a0<\/span><\/p><p><!-- \/wp:paragraph --><\/p>\t\t\t\t\t\t\t\t<\/div>\n\t\t\t\t<\/div>\n\t\t\t\t\t<\/div>\n\t\t<\/div>\n\t\t\t\t\t<\/div>\n\t\t<\/section>\n\t\t\t\t<section class=\"elementor-section elementor-top-section elementor-element elementor-element-3f0d40d elementor-section-boxed elementor-section-height-default elementor-section-height-default\" data-id=\"3f0d40d\" data-element_type=\"section\" data-e-type=\"section\">\n\t\t\t\t\t\t<div class=\"elementor-container elementor-column-gap-default\">\n\t\t\t\t\t<div class=\"elementor-column elementor-col-100 elementor-top-column elementor-element elementor-element-2929336\" data-id=\"2929336\" data-element_type=\"column\" data-e-type=\"column\">\n\t\t\t<div class=\"elementor-widget-wrap elementor-element-populated\">\n\t\t\t\t\t\t<div class=\"elementor-element elementor-element-b629576 elementor-widget elementor-widget-accordion\" data-id=\"b629576\" data-element_type=\"widget\" data-e-type=\"widget\" data-widget_type=\"accordion.default\">\n\t\t\t\t<div class=\"elementor-widget-container\">\n\t\t\t\t\t\t\t<div class=\"elementor-accordion\">\n\t\t\t\t\t\t\t<div class=\"elementor-accordion-item\">\n\t\t\t\t\t<div id=\"elementor-tab-title-1911\" class=\"elementor-tab-title\" data-tab=\"1\" role=\"button\" aria-controls=\"elementor-tab-content-1911\" aria-expanded=\"false\">\n\t\t\t\t\t\t\t\t\t\t\t\t\t<span class=\"elementor-accordion-icon elementor-accordion-icon-left\" aria-hidden=\"true\">\n\t\t\t\t\t\t\t\t\t\t\t\t\t\t\t<span class=\"elementor-accordion-icon-closed\"><i class=\"fas fa-plus\"><\/i><\/span>\n\t\t\t\t\t\t\t\t<span class=\"elementor-accordion-icon-opened\"><i class=\"fas fa-minus\"><\/i><\/span>\n\t\t\t\t\t\t\t\t\t\t\t\t\t\t<\/span>\n\t\t\t\t\t\t\t\t\t\t\t\t<a class=\"elementor-accordion-title\" tabindex=\"0\">S'inscrire \u00e0 l'\u00e9cole et \u00e0 la cantine<\/a>\n\t\t\t\t\t<\/div>\n\t\t\t\t\t<div id=\"elementor-tab-content-1911\" class=\"elementor-tab-content elementor-clearfix\" data-tab=\"1\" role=\"region\" aria-labelledby=\"elementor-tab-title-1911\"><p><span style=\"color: #000000;\">Pour inscrire votre enfant \u00e0 l\u2019\u00e9cole, t\u00e9l\u00e9chargez le <strong><span style=\"color: #800000;\"><a style=\"color: #800000;\" href=\"https:\/\/www.cabrerolles.fr\/wp-content\/uploads\/2022\/08\/Formulaire-Inscription-ecole.pdf\" target=\"_blank\" rel=\"noopener\">Formulaire inscription \u00e9cole<\/a><\/span><\/strong><\/span><\/p><p><span style=\"color: #000000;\">Pour l\u2019inscrire \u00e0 l\u2019accueil et \u00e0 la cantine et payer en ligne, veuillez vous diriger par le lien suivant : <strong><span style=\"color: #8e1825;\"><a style=\"color: #8e1825;\" href=\"https:\/\/cabrerolles.argfamille.fr\" target=\"_blank\" rel=\"noopener\">https:\/\/cabrerolles.argfamille.fr<\/a><\/span><\/strong><\/span><\/p><\/div>\n\t\t\t\t<\/div>\n\t\t\t\t\t\t\t<div class=\"elementor-accordion-item\">\n\t\t\t\t\t<div id=\"elementor-tab-title-1912\" class=\"elementor-tab-title\" data-tab=\"2\" role=\"button\" aria-controls=\"elementor-tab-content-1912\" aria-expanded=\"false\">\n\t\t\t\t\t\t\t\t\t\t\t\t\t<span class=\"elementor-accordion-icon elementor-accordion-icon-left\" aria-hidden=\"true\">\n\t\t\t\t\t\t\t\t\t\t\t\t\t\t\t<span class=\"elementor-accordion-icon-closed\"><i class=\"fas fa-plus\"><\/i><\/span>\n\t\t\t\t\t\t\t\t<span class=\"elementor-accordion-icon-opened\"><i class=\"fas fa-minus\"><\/i><\/span>\n\t\t\t\t\t\t\t\t\t\t\t\t\t\t<\/span>\n\t\t\t\t\t\t\t\t\t\t\t\t<a class=\"elementor-accordion-title\" tabindex=\"0\">Horaires de l'\u00e9cole<\/a>\n\t\t\t\t\t<\/div>\n\t\t\t\t\t<div id=\"elementor-tab-content-1912\" class=\"elementor-tab-content elementor-clearfix\" data-tab=\"2\" role=\"region\" aria-labelledby=\"elementor-tab-title-1912\"><p><span style=\"color: #000000;\">Notre \u00e9cole est ouverte le lundi, mardi, jeudi et vendredi aux horaires suivants :<\/span><\/p><p><span style=\"color: #000000;\">8h50 \u2013 12h\u00a0 et\u00a0\u00a0<\/span><span style=\"color: #000000; font-family: var( --e-global-typography-text-font-family ), Sans-serif; font-weight: var( --e-global-typography-text-font-weight ); font-size: 1rem;\">13h20 \u2013 16h30<\/span><\/p><\/div>\n\t\t\t\t<\/div>\n\t\t\t\t\t\t\t<div class=\"elementor-accordion-item\">\n\t\t\t\t\t<div id=\"elementor-tab-title-1913\" class=\"elementor-tab-title\" data-tab=\"3\" role=\"button\" aria-controls=\"elementor-tab-content-1913\" aria-expanded=\"false\">\n\t\t\t\t\t\t\t\t\t\t\t\t\t<span class=\"elementor-accordion-icon elementor-accordion-icon-left\" aria-hidden=\"true\">\n\t\t\t\t\t\t\t\t\t\t\t\t\t\t\t<span class=\"elementor-accordion-icon-closed\"><i class=\"fas fa-plus\"><\/i><\/span>\n\t\t\t\t\t\t\t\t<span class=\"elementor-accordion-icon-opened\"><i class=\"fas fa-minus\"><\/i><\/span>\n\t\t\t\t\t\t\t\t\t\t\t\t\t\t<\/span>\n\t\t\t\t\t\t\t\t\t\t\t\t<a class=\"elementor-accordion-title\" tabindex=\"0\">Horaires de l'accueil p\u00e9riscolaire<\/a>\n\t\t\t\t\t<\/div>\n\t\t\t\t\t<div id=\"elementor-tab-content-1913\" class=\"elementor-tab-content elementor-clearfix\" data-tab=\"3\" role=\"region\" aria-labelledby=\"elementor-tab-title-1913\"><p><span style=\"color: #000000;\">Pour les journ\u00e9es de lundi, mardi, jeudi et vendredi :<\/span><\/p><p><span style=\"color: #000000;\">7h30 &#8211; 8h50 accueil matin \u00e9chelonn\u00e9<\/span><\/p><p><span style=\"color: #000000;\">12h00 &#8211; 13h20 restauration scolaire<\/span><\/p><p><span style=\"color: #000000;\">16h30 &#8211; 18h00 accueil soir \u00e9chelonn\u00e9<\/span><\/p><\/div>\n\t\t\t\t<\/div>\n\t\t\t\t\t\t\t<div class=\"elementor-accordion-item\">\n\t\t\t\t\t<div id=\"elementor-tab-title-1914\" class=\"elementor-tab-title\" data-tab=\"4\" role=\"button\" aria-controls=\"elementor-tab-content-1914\" aria-expanded=\"false\">\n\t\t\t\t\t\t\t\t\t\t\t\t\t<span class=\"elementor-accordion-icon elementor-accordion-icon-left\" aria-hidden=\"true\">\n\t\t\t\t\t\t\t\t\t\t\t\t\t\t\t<span class=\"elementor-accordion-icon-closed\"><i class=\"fas fa-plus\"><\/i><\/span>\n\t\t\t\t\t\t\t\t<span class=\"elementor-accordion-icon-opened\"><i class=\"fas fa-minus\"><\/i><\/span>\n\t\t\t\t\t\t\t\t\t\t\t\t\t\t<\/span>\n\t\t\t\t\t\t\t\t\t\t\t\t<a class=\"elementor-accordion-title\" tabindex=\"0\">Menus de la cantine<\/a>\n\t\t\t\t\t<\/div>\n\t\t\t\t\t<div id=\"elementor-tab-content-1914\" class=\"elementor-tab-content elementor-clearfix\" data-tab=\"4\" role=\"region\" aria-labelledby=\"elementor-tab-title-1914\"><p><span style=\"color: #000000;\">Le repas est pr\u00e9par\u00e9 par le traiteur SHCB sur B\u00e9ziers<\/span><\/p><p><em><strong><span style=\"color: #000000;\">Menus du <span style=\"color: #800000;\"><a style=\"color: #800000;\" href=\"https:\/\/www.cabrerolles.fr\/wp-content\/uploads\/2026\/04\/menu-classique-dejeuner-20260504-20260705.pdf\" target=\"_blank\" rel=\"noopener\">4 mai au 5 juillet 2026<\/a><\/span><\/span><\/strong><\/em><\/p><p><em><strong><span style=\"color: #000000;\">Menus du <a href=\"https:\/\/www.cabrerolles.fr\/wp-content\/uploads\/2026\/02\/menu-classique-dejeuner-20260309-20260419.pdf\" target=\"_blank\" rel=\"noopener\"><span style=\"color: #800000;\">9 mars au 19 avril 2026<\/span><\/a><\/span><\/strong><\/em><\/p><p><em><strong><span style=\"color: #000000;\">Menus du <a href=\"https:\/\/www.cabrerolles.fr\/wp-content\/uploads\/2025\/12\/menu-classique-dejeuner-20260105-20260222.pdf\" target=\"_blank\" rel=\"noopener\"><span style=\"color: #800000;\">5 janvier au 22 f\u00e9vrier 2026<\/span><\/a><\/span><\/strong><\/em><\/p><p><em><strong><span style=\"color: #000000;\">Menus du <a href=\"https:\/\/www.cabrerolles.fr\/wp-content\/uploads\/2025\/10\/menu-classique-dejeuner-20251103-20251221.pdf\" target=\"_blank\" rel=\"noopener\"><span style=\"color: #800000;\">3 novembre au 21 d\u00e9cembre 2025<\/span><\/a><\/span><\/strong><\/em><\/p><p><em><strong><span style=\"color: #000000;\">Menus du <a href=\"https:\/\/www.cabrerolles.fr\/wp-content\/uploads\/2025\/04\/Classique-5-composantes-mai-juin.pdf\" target=\"_blank\" rel=\"noopener\"><span style=\"color: #800000;\">28 avril au 6 juillet 2025<\/span><\/a><\/span><\/strong><\/em><\/p><p><em><strong><span style=\"color: #000000;\">Menus du <\/span><span style=\"color: #000000;\"><a href=\"https:\/\/www.cabrerolles.fr\/wp-content\/uploads\/2025\/02\/5-composantes-classique-mars-avril.pdf\" target=\"_blank\" rel=\"noopener\"><span style=\"color: #800000;\">3 mars au 13 avril 2025<\/span><\/a><\/span><\/strong><\/em><\/p><p><em><strong><span style=\"color: #000000;\">Menus du <span style=\"color: #800000;\"><a style=\"color: #800000;\" href=\"https:\/\/www.cabrerolles.fr\/wp-content\/uploads\/2024\/12\/5-composantes-1-bio-classique.pdf\" target=\"_blank\" rel=\"noopener\">6 janvier au 16 f\u00e9vrier 2025<\/a><\/span><\/span><\/strong><\/em><\/p><p><em><strong><span style=\"color: #000000;\">Menus du <a href=\"https:\/\/www.cabrerolles.fr\/wp-content\/uploads\/2024\/10\/Menu-classique-5-SANS-mercredi.pdf\" target=\"_blank\" rel=\"noopener\"><span style=\"color: #800000;\">4 novembre au 22 d\u00e9cembre 2024<\/span><\/a><\/span><\/strong><\/em><\/p><p><em><strong><span style=\"color: #000000;\">Menus du <a href=\"https:\/\/www.cabrerolles.fr\/wp-content\/uploads\/2024\/08\/5-composantes-classique-sans-mercredi.pdf\" target=\"_blank\" rel=\"noopener\"><span style=\"color: #800000;\">2 septembre au 20 octobre 2024<\/span>\u00a0<\/a><\/span><\/strong><\/em><\/p><p><em><strong><span style=\"color: #000000;\">Menus du <a href=\"https:\/\/www.cabrerolles.fr\/wp-content\/uploads\/2024\/04\/5-COMPOSANTES-CLASSIQUE-MAI-JUIN.pdf\" target=\"_blank\" rel=\"noopener\"><span style=\"color: #800000;\">22 avril au 7 juillet 2024<\/span><\/a><\/span><\/strong><\/em><\/p><p><em><strong><span style=\"color: #000000;\">Menus du <span style=\"color: #800000;\"><a style=\"color: #800000;\" href=\"https:\/\/www.cabrerolles.fr\/wp-content\/uploads\/2024\/02\/menu-classique-dejeuner-ref0015-20240226-20240407.pdf\" target=\"_blank\" rel=\"noopener\">26 f\u00e9vrier au 7 avril 2024<\/a><\/span><\/span><\/strong><\/em><\/p><p><em><strong><span style=\"color: #000000;\">Menus du <a href=\"https:\/\/www.cabrerolles.fr\/wp-content\/uploads\/2023\/12\/avant-mont-janvier-fevrier-classique.pdf\" target=\"_blank\" rel=\"noopener\"><span style=\"color: #800000;\">8 janvier au 11 f\u00e9vrier 2024<\/span><\/a><\/span><\/strong><\/em><\/p><p><em><strong><span style=\"color: #000000;\">Menus du <a href=\"https:\/\/www.cabrerolles.fr\/wp-content\/uploads\/2023\/10\/Novembre-decembre-1-bio-sans-mercredi.pdf\" target=\"_blank\" rel=\"noopener\"><span style=\"color: #800000;\">6 novembre au 24 d\u00e9cembre 2023<\/span><\/a><\/span><\/strong><\/em><\/p><p><em><strong><span style=\"color: #000000;\">Menus du <\/span><span style=\"color: #000000;\"><span style=\"color: #800000;\"><a style=\"color: #800000;\" href=\"https:\/\/www.cabrerolles.fr\/wp-content\/uploads\/2023\/08\/Les-avant-Monts-classique-septembre-ocotbre.pdf\" target=\"_blank\" rel=\"noopener\">4 septembre au 22 octobre 2023<\/a><\/span><\/span><\/strong><\/em><\/p><p><em><strong><span style=\"color: #000000;\">Menus du <span style=\"color: #800000;\"><a style=\"color: #800000;\" href=\"https:\/\/www.cabrerolles.fr\/wp-content\/uploads\/2023\/04\/MAI-JUIN-5-COMPOSANTES-SEMAINE.pdf\" target=\"_blank\" rel=\"noopener\">8 mai au 9 juillet 2023<\/a><\/span><\/span><\/strong><\/em><\/p><p><em><strong><span style=\"color: #000000;\">Menus du <a href=\"https:\/\/www.cabrerolles.fr\/wp-content\/uploads\/2023\/02\/5-composantes-mars-et-avril-sans-les-mercredi.pdf\" target=\"_blank\" rel=\"noopener\"><span style=\"color: #800000;\">6 mars au 23 avril 2023<\/span><\/a><\/span><\/strong><\/em><\/p><p><em><strong><span style=\"color: #000000;\">Menus du <a href=\"https:\/\/www.cabrerolles.fr\/wp-content\/uploads\/2022\/12\/1-bio-janvier-janvier-fevrier-v4-sans-les-mercredi.pdf\" target=\"_blank\" rel=\"noopener\"><span style=\"color: #800000;\">2 janvier au 19 f\u00e9vrier 2023<\/span><\/a><\/span><\/strong><\/em><\/p><p><em><strong><span style=\"color: #000000;\"><span style=\"color: #800000;\"><span style=\"color: #000000;\">Menus du<\/span> <a style=\"color: #800000;\" href=\"https:\/\/www.cabrerolles.fr\/wp-content\/uploads\/2022\/10\/Sco-1-bio-jour-novembre-et-decembre-lmjv.pdf\" target=\"_blank\" rel=\"noopener\">7 novembre au 18 d\u00e9cembre 2022<\/a><\/span><\/span><\/strong><\/em><\/p><p><em><strong><span style=\"color: #000000;\"><span style=\"color: #800000;\"><a href=\"https:\/\/www.cabrerolles.fr\/wp-content\/uploads\/2022\/08\/Menu-cantine-septembre-octobre-2022.pdf\" target=\"_blank\" rel=\"noopener\"><span style=\"color: #000000;\">Menus du<\/span> <span style=\"color: #800000;\">29 ao\u00fbt au 23 octobre 2022<\/span><\/a><\/span><\/span><\/strong><\/em><\/p><\/div>\n\t\t\t\t<\/div>\n\t\t\t\t\t\t\t<div class=\"elementor-accordion-item\">\n\t\t\t\t\t<div id=\"elementor-tab-title-1915\" class=\"elementor-tab-title\" data-tab=\"5\" role=\"button\" aria-controls=\"elementor-tab-content-1915\" aria-expanded=\"false\">\n\t\t\t\t\t\t\t\t\t\t\t\t\t<span class=\"elementor-accordion-icon elementor-accordion-icon-left\" aria-hidden=\"true\">\n\t\t\t\t\t\t\t\t\t\t\t\t\t\t\t<span class=\"elementor-accordion-icon-closed\"><i class=\"fas fa-plus\"><\/i><\/span>\n\t\t\t\t\t\t\t\t<span class=\"elementor-accordion-icon-opened\"><i class=\"fas fa-minus\"><\/i><\/span>\n\t\t\t\t\t\t\t\t\t\t\t\t\t\t<\/span>\n\t\t\t\t\t\t\t\t\t\t\t\t<a class=\"elementor-accordion-title\" tabindex=\"0\">Transports<\/a>\n\t\t\t\t\t<\/div>\n\t\t\t\t\t<div id=\"elementor-tab-content-1915\" class=\"elementor-tab-content elementor-clearfix\" data-tab=\"5\" role=\"region\" aria-labelledby=\"elementor-tab-title-1915\"><p><span style=\"color: #000000;\">Un ramassage scolaire est mis en place et accompagne les enfants depuis 4 hameaux de Cabrerolles et le village de\u00a0 <\/span><span style=\"color: #000000;\">Caussiniojouls et les raccompagne \u00e0 leur village apr\u00e8s la journ\u00e9e d\u2019\u00e9cole.<\/span><\/p><p><span style=\"color: #000000;\">Vous pouvez vous rediriger sur le site des transports par ce lien : <span style=\"color: #800000;\"><a style=\"color: #800000;\" href=\"https:\/\/www.herault-transport.fr\/\" target=\"_blank\" rel=\"noopener\">https:\/\/www.herault-transport.fr\/<\/a><\/span><\/span><\/p><\/div>\n\t\t\t\t<\/div>\n\t\t\t\t\t\t\t<div class=\"elementor-accordion-item\">\n\t\t\t\t\t<div id=\"elementor-tab-title-1916\" class=\"elementor-tab-title\" data-tab=\"6\" role=\"button\" aria-controls=\"elementor-tab-content-1916\" aria-expanded=\"false\">\n\t\t\t\t\t\t\t\t\t\t\t\t\t<span class=\"elementor-accordion-icon elementor-accordion-icon-left\" aria-hidden=\"true\">\n\t\t\t\t\t\t\t\t\t\t\t\t\t\t\t<span class=\"elementor-accordion-icon-closed\"><i class=\"fas fa-plus\"><\/i><\/span>\n\t\t\t\t\t\t\t\t<span class=\"elementor-accordion-icon-opened\"><i class=\"fas fa-minus\"><\/i><\/span>\n\t\t\t\t\t\t\t\t\t\t\t\t\t\t<\/span>\n\t\t\t\t\t\t\t\t\t\t\t\t<a class=\"elementor-accordion-title\" tabindex=\"0\">Contacts<\/a>\n\t\t\t\t\t<\/div>\n\t\t\t\t\t<div id=\"elementor-tab-content-1916\" class=\"elementor-tab-content elementor-clearfix\" data-tab=\"6\" role=\"region\" aria-labelledby=\"elementor-tab-title-1916\"><p><span style=\"color: #000000;\"><strong>Coordonn\u00e9es restaurant scolaire<\/strong>\u00a0<\/span><br \/><span style=\"color: #000000;\">T\u00e9l cantine : 04 67 39 15 72\u00a0<\/span><br \/><span style=\"color: #000000;\">T\u00e9l \u00e9cole : 04 67 94 31 76\u00a0<br \/><\/span><span style=\"color: #000000;\">Mail de l&#8217;\u00e9cole :\u00a0<span style=\"color: #800000;\"><a style=\"color: #800000;\" href=\"mailto:ce.0340251N@ac-montpellier.fr\">ce.0340251N@ac-montpellier.fr\u00a0<\/a><\/span><\/span><br \/><span style=\"color: #000000;\">Mail de la directrice ALP les Garriguettes :\u00a0<span style=\"color: #8e1825;\"><a style=\"color: #8e1825;\" href=\"mailto:gatimel.e@orange.fr\">gatimel.e@orange.fr<\/a><\/span><\/span><\/p><p><span style=\"color: #000000;\"><strong>Association des Parents d&#8217;\u00e9l\u00e8ves\u00a0<\/strong><\/span><br \/><span style=\"color: #000000;\">Pr\u00e9sidente : Melissa GATIMEL<\/span><br \/><span style=\"color: #000000;\">2 Route de la Chaudi\u00e8re &#8211; La Liqui\u00e8re &#8211; 34480 Cabrerolles\u00a0<\/span><br \/><span style=\"color: #000000;\">T\u00e9l\u00e9phone : 06 22 31 54 80<br \/>Mail : <span style=\"color: #800000;\"><a style=\"color: #800000;\" href=\"mailto:melissa.gatimel@gmail.com\">melissa.gatimel@gmail.com<\/a><\/span><\/span><\/p><\/div>\n\t\t\t\t<\/div>\n\t\t\t\t\t\t\t\t<\/div>\n\t\t\t\t\t\t<\/div>\n\t\t\t\t<\/div>\n\t\t\t\t<div class=\"elementor-element elementor-element-281b9f6 elementor-widget elementor-widget-spacer\" data-id=\"281b9f6\" data-element_type=\"widget\" data-e-type=\"widget\" data-widget_type=\"spacer.default\">\n\t\t\t\t<div class=\"elementor-widget-container\">\n\t\t\t\t\t\t\t<div class=\"elementor-spacer\">\n\t\t\t<div class=\"elementor-spacer-inner\"><\/div>\n\t\t<\/div>\n\t\t\t\t\t\t<\/div>\n\t\t\t\t<\/div>\n\t\t\t\t\t<\/div>\n\t\t<\/div>\n\t\t\t\t\t<\/div>\n\t\t<\/section>\n\t\t\t\t<section class=\"elementor-section elementor-top-section elementor-element elementor-element-a6a17e8 elementor-section-boxed elementor-section-height-default elementor-section-height-default\" data-id=\"a6a17e8\" data-element_type=\"section\" data-e-type=\"section\">\n\t\t\t\t\t\t<div class=\"elementor-container elementor-column-gap-default\">\n\t\t\t\t\t<div class=\"elementor-column elementor-col-100 elementor-top-column elementor-element elementor-element-fa87d29\" data-id=\"fa87d29\" data-element_type=\"column\" data-e-type=\"column\">\n\t\t\t<div class=\"elementor-widget-wrap elementor-element-populated\">\n\t\t\t\t\t\t<div class=\"elementor-element elementor-element-7638bc5 elementor-widget elementor-widget-text-editor\" data-id=\"7638bc5\" data-element_type=\"widget\" data-e-type=\"widget\" data-widget_type=\"text-editor.default\">\n\t\t\t\t<div class=\"elementor-widget-container\">\n\t\t\t\t\t\t\t\t\t<script> \njQuery(document).ready(function($) { \nvar delay = 100; setTimeout(function() { \n$('.elementor-tab-title').removeClass('elementor-active');\n $('.elementor-tab-content').css('display', 'none'); }, delay); \n}); \n<\/script>\t\t\t\t\t\t\t\t<\/div>\n\t\t\t\t<\/div>\n\t\t\t\t\t<\/div>\n\t\t<\/div>\n\t\t\t\t\t<\/div>\n\t\t<\/section>\n\t\t\t\t<\/div>\n\t\t","protected":false},"excerpt":{"rendered":"<p>\u00c9cole publique Jean Vidal \u00e0 La Liqui\u00e8re Pr\u00e9sentation L\u2019\u00e9cole Jean-Vidal \u00e0 La Liqui\u00e8re et l\u2019ALP (Accueil loisirs p\u00e9riscolaire) \u00ab Les Garriguettes \u00bb accueille les enfants de l\u2019\u00e9cole maternelle et primaire des 5 hameaux de Cabrerolles et du village de Caussiniojouls, \u00e0 partir de 2 ans (si les effectifs le permettent), jusqu\u2019\u00e0 11ans. Mme Marine Gerry &hellip; <\/p>\n<p class=\"link-more\"><a href=\"https:\/\/www.cabrerolles.fr\/?page_id=123\" class=\"more-link\">Continuer la lecture<span class=\"screen-reader-text\"> de &laquo;&nbsp;L&#8217;Ecole&nbsp;&raquo;<\/span><\/a><\/p>\n","protected":false},"author":1,"featured_media":0,"parent":0,"menu_order":0,"comment_status":"closed","ping_status":"closed","template":"elementor_header_footer","meta":{"advgb_blocks_editor_width":"","advgb_blocks_columns_visual_guide":"","footnotes":""},"class_list":["post-123","page","type-page","status-publish","hentry"],"coauthors":[],"author_meta":{"author_link":"https:\/\/www.cabrerolles.fr\/?author=1","display_name":"mairie"},"relative_dates":{"created":"Publi\u00e9 5 ans il y a","modified":"Mis \u00e0 jour 2 semaines il y a"},"absolute_dates":{"created":"Publi\u00e9 le 25 janvier 2021","modified":"Mise \u00e0 jour le 15 avril 2026"},"absolute_dates_time":{"created":"Publi\u00e9 le 25 janvier 2021 13h37","modified":"Mise \u00e0 jour le 15 avril 2026 8h49"},"featured_img_caption":"","featured_img":false,"series_order":"","_links":{"self":[{"href":"https:\/\/www.cabrerolles.fr\/index.php?rest_route=\/wp\/v2\/pages\/123","targetHints":{"allow":["GET"]}}],"collection":[{"href":"https:\/\/www.cabrerolles.fr\/index.php?rest_route=\/wp\/v2\/pages"}],"about":[{"href":"https:\/\/www.cabrerolles.fr\/index.php?rest_route=\/wp\/v2\/types\/page"}],"author":[{"embeddable":true,"href":"https:\/\/www.cabrerolles.fr\/index.php?rest_route=\/wp\/v2\/users\/1"}],"replies":[{"embeddable":true,"href":"https:\/\/www.cabrerolles.fr\/index.php?rest_route=%2Fwp%2Fv2%2Fcomments&post=123"}],"version-history":[{"count":288,"href":"https:\/\/www.cabrerolles.fr\/index.php?rest_route=\/wp\/v2\/pages\/123\/revisions"}],"predecessor-version":[{"id":5145,"href":"https:\/\/www.cabrerolles.fr\/index.php?rest_route=\/wp\/v2\/pages\/123\/revisions\/5145"}],"wp:attachment":[{"href":"https:\/\/www.cabrerolles.fr\/index.php?rest_route=%2Fwp%2Fv2%2Fmedia&parent=123"}],"curies":[{"name":"wp","href":"https:\/\/api.w.org\/{rel}","templated":true}]}}