{"id":343,"date":"2021-01-26T10:27:28","date_gmt":"2021-01-26T09:27:28","guid":{"rendered":"https:\/\/web-mmi.iutbeziers.fr\/marathonMMI2021\/mdwMMI2021_17\/wordpress\/?page_id=343"},"modified":"2021-07-20T13:48:11","modified_gmt":"2021-07-20T11:48:11","slug":"balades-randonnees","status":"publish","type":"page","link":"https:\/\/www.cabrerolles.fr\/?page_id=343","title":{"rendered":"Balades, Randonn\u00e9es et Sites"},"content":{"rendered":"\t\t<div data-elementor-type=\"wp-page\" data-elementor-id=\"343\" class=\"elementor elementor-343\">\n\t\t\t\t\t\t<section class=\"elementor-section elementor-top-section elementor-element elementor-element-c69ab01 elementor-section-full_width elementor-section-height-default elementor-section-height-default\" data-id=\"c69ab01\" data-element_type=\"section\" data-e-type=\"section\">\n\t\t\t\t\t\t<div class=\"elementor-container elementor-column-gap-default\">\n\t\t\t\t\t<div class=\"elementor-column elementor-col-100 elementor-top-column elementor-element elementor-element-105a85b\" data-id=\"105a85b\" data-element_type=\"column\" data-e-type=\"column\">\n\t\t\t<div class=\"elementor-widget-wrap elementor-element-populated\">\n\t\t\t\t\t\t<div class=\"elementor-element elementor-element-42da934 elementor-arrows-position-inside elementor-pagination-position-outside elementor-widget elementor-widget-image-carousel\" data-id=\"42da934\" data-element_type=\"widget\" data-e-type=\"widget\" data-settings=\"{&quot;slides_to_show&quot;:&quot;6&quot;,&quot;pause_on_hover&quot;:&quot;no&quot;,&quot;autoplay_speed&quot;:3000,&quot;speed&quot;:400,&quot;navigation&quot;:&quot;both&quot;,&quot;autoplay&quot;:&quot;yes&quot;,&quot;pause_on_interaction&quot;:&quot;yes&quot;,&quot;infinite&quot;:&quot;yes&quot;,&quot;image_spacing_custom&quot;:{&quot;unit&quot;:&quot;px&quot;,&quot;size&quot;:20,&quot;sizes&quot;:[]},&quot;image_spacing_custom_tablet&quot;:{&quot;unit&quot;:&quot;px&quot;,&quot;size&quot;:&quot;&quot;,&quot;sizes&quot;:[]},&quot;image_spacing_custom_mobile&quot;:{&quot;unit&quot;:&quot;px&quot;,&quot;size&quot;:&quot;&quot;,&quot;sizes&quot;:[]}}\" data-widget_type=\"image-carousel.default\">\n\t\t\t\t<div class=\"elementor-widget-container\">\n\t\t\t\t\t\t\t<div class=\"elementor-image-carousel-wrapper swiper\" role=\"region\" aria-roledescription=\"carousel\" aria-label=\"Carrousel d\u2019images\" dir=\"ltr\">\n\t\t\t<div class=\"elementor-image-carousel swiper-wrapper swiper-image-stretch\" aria-live=\"off\">\n\t\t\t\t\t\t\t\t<div class=\"swiper-slide\" role=\"group\" aria-roledescription=\"slide\" aria-label=\"1 sur 23\"><a data-elementor-open-lightbox=\"yes\" data-elementor-lightbox-slideshow=\"42da934\" data-elementor-lightbox-title=\"chemin \u00e0 la Borie nouvelle\" data-e-action-hash=\"#elementor-action%3Aaction%3Dlightbox%26settings%3DeyJpZCI6MTQzNiwidXJsIjoiaHR0cHM6XC9cL3d3dy5jYWJyZXJvbGxlcy5mclwvd3AtY29udGVudFwvdXBsb2Fkc1wvMjAyMVwvMDFcL1NhbnMtdGl0cmUtMS5qcGciLCJzbGlkZXNob3ciOiI0MmRhOTM0In0%3D\" href=\"https:\/\/www.cabrerolles.fr\/wp-content\/uploads\/2021\/01\/Sans-titre-1.jpg\"><figure class=\"swiper-slide-inner\"><img decoding=\"async\" class=\"swiper-slide-image\" src=\"https:\/\/www.cabrerolles.fr\/wp-content\/uploads\/2021\/01\/Sans-titre-1-225x300.jpg\" alt=\"Chemin \u00e0 La Borie nouvelle\" \/><figcaption class=\"elementor-image-carousel-caption\">Chemin \u00e0 La Borie nouvelle<\/figcaption><\/figure><\/a><\/div><div class=\"swiper-slide\" role=\"group\" aria-roledescription=\"slide\" aria-label=\"2 sur 23\"><a data-elementor-open-lightbox=\"yes\" data-elementor-lightbox-slideshow=\"42da934\" data-elementor-lightbox-title=\"Aigues-vives\" data-e-action-hash=\"#elementor-action%3Aaction%3Dlightbox%26settings%3DeyJpZCI6MTY2NCwidXJsIjoiaHR0cHM6XC9cL3d3dy5jYWJyZXJvbGxlcy5mclwvd3AtY29udGVudFwvdXBsb2Fkc1wvMjAyMVwvMDJcL2hlbGVuZV9kZS1icnV5bmUtMi5qcGciLCJzbGlkZXNob3ciOiI0MmRhOTM0In0%3D\" href=\"https:\/\/www.cabrerolles.fr\/wp-content\/uploads\/2021\/02\/helene_de-bruyne-2.jpg\"><figure class=\"swiper-slide-inner\"><img decoding=\"async\" class=\"swiper-slide-image\" src=\"https:\/\/www.cabrerolles.fr\/wp-content\/uploads\/2021\/02\/helene_de-bruyne-2-225x300.jpg\" alt=\"Les ruelles d&#039;Aigues-vives\" \/><figcaption class=\"elementor-image-carousel-caption\">Les ruelles d'Aigues-vives<\/figcaption><\/figure><\/a><\/div><div class=\"swiper-slide\" role=\"group\" aria-roledescription=\"slide\" aria-label=\"3 sur 23\"><a data-elementor-open-lightbox=\"yes\" data-elementor-lightbox-slideshow=\"42da934\" data-elementor-lightbox-title=\"Les chemins en for\u00eat\" data-e-action-hash=\"#elementor-action%3Aaction%3Dlightbox%26settings%3DeyJpZCI6MTQzNywidXJsIjoiaHR0cHM6XC9cL3d3dy5jYWJyZXJvbGxlcy5mclwvd3AtY29udGVudFwvdXBsb2Fkc1wvMjAyMVwvMDFcL1NhbnMtdGl0cmUtMi5qcGciLCJzbGlkZXNob3ciOiI0MmRhOTM0In0%3D\" href=\"https:\/\/www.cabrerolles.fr\/wp-content\/uploads\/2021\/01\/Sans-titre-2.jpg\"><figure class=\"swiper-slide-inner\"><img decoding=\"async\" class=\"swiper-slide-image\" src=\"https:\/\/www.cabrerolles.fr\/wp-content\/uploads\/2021\/01\/Sans-titre-2-225x300.jpg\" alt=\"Les chemins en for\u00eat\" \/><figcaption class=\"elementor-image-carousel-caption\">Les chemins en for\u00eat<\/figcaption><\/figure><\/a><\/div><div class=\"swiper-slide\" role=\"group\" aria-roledescription=\"slide\" aria-label=\"4 sur 23\"><a data-elementor-open-lightbox=\"yes\" data-elementor-lightbox-slideshow=\"42da934\" data-elementor-lightbox-title=\"Le Ch\u00e2teau de Cabrerolles\" data-e-action-hash=\"#elementor-action%3Aaction%3Dlightbox%26settings%3DeyJpZCI6MTY2OSwidXJsIjoiaHR0cHM6XC9cL3d3dy5jYWJyZXJvbGxlcy5mclwvd3AtY29udGVudFwvdXBsb2Fkc1wvMjAyMVwvMDJcL2Jlcm5hcmRfdmlkYWwtNDMuanBnIiwic2xpZGVzaG93IjoiNDJkYTkzNCJ9\" href=\"https:\/\/www.cabrerolles.fr\/wp-content\/uploads\/2021\/02\/bernard_vidal-43.jpg\"><figure class=\"swiper-slide-inner\"><img decoding=\"async\" class=\"swiper-slide-image\" src=\"https:\/\/www.cabrerolles.fr\/wp-content\/uploads\/2021\/02\/bernard_vidal-43-199x300.jpg\" alt=\"Le Ch\u00e2teau de Cabrerolles\" \/><figcaption class=\"elementor-image-carousel-caption\">Le Ch\u00e2teau de Cabrerolles<\/figcaption><\/figure><\/a><\/div><div class=\"swiper-slide\" role=\"group\" aria-roledescription=\"slide\" aria-label=\"5 sur 23\"><a data-elementor-open-lightbox=\"yes\" data-elementor-lightbox-slideshow=\"42da934\" data-elementor-lightbox-title=\"Au dessus de La Borie\" data-e-action-hash=\"#elementor-action%3Aaction%3Dlightbox%26settings%3DeyJpZCI6MTQzOCwidXJsIjoiaHR0cHM6XC9cL3d3dy5jYWJyZXJvbGxlcy5mclwvd3AtY29udGVudFwvdXBsb2Fkc1wvMjAyMVwvMDFcL1NhbnMtdGl0cmUtMy5qcGciLCJzbGlkZXNob3ciOiI0MmRhOTM0In0%3D\" href=\"https:\/\/www.cabrerolles.fr\/wp-content\/uploads\/2021\/01\/Sans-titre-3.jpg\"><figure class=\"swiper-slide-inner\"><img decoding=\"async\" class=\"swiper-slide-image\" src=\"https:\/\/www.cabrerolles.fr\/wp-content\/uploads\/2021\/01\/Sans-titre-3-225x300.jpg\" alt=\"Au dessus de La Borie\" \/><figcaption class=\"elementor-image-carousel-caption\">Au dessus de La Borie<\/figcaption><\/figure><\/a><\/div><div class=\"swiper-slide\" role=\"group\" aria-roledescription=\"slide\" aria-label=\"6 sur 23\"><a data-elementor-open-lightbox=\"yes\" data-elementor-lightbox-slideshow=\"42da934\" data-elementor-lightbox-title=\"Balades en famille\" data-e-action-hash=\"#elementor-action%3Aaction%3Dlightbox%26settings%3DeyJpZCI6MTQzOSwidXJsIjoiaHR0cHM6XC9cL3d3dy5jYWJyZXJvbGxlcy5mclwvd3AtY29udGVudFwvdXBsb2Fkc1wvMjAyMVwvMDFcL1NhbnMtdGl0cmUtNC5qcGciLCJzbGlkZXNob3ciOiI0MmRhOTM0In0%3D\" href=\"https:\/\/www.cabrerolles.fr\/wp-content\/uploads\/2021\/01\/Sans-titre-4.jpg\"><figure class=\"swiper-slide-inner\"><img decoding=\"async\" class=\"swiper-slide-image\" src=\"https:\/\/www.cabrerolles.fr\/wp-content\/uploads\/2021\/01\/Sans-titre-4-225x300.jpg\" alt=\"Balades en famille\" \/><figcaption class=\"elementor-image-carousel-caption\">Balades en famille<\/figcaption><\/figure><\/a><\/div><div class=\"swiper-slide\" role=\"group\" aria-roledescription=\"slide\" aria-label=\"7 sur 23\"><a data-elementor-open-lightbox=\"yes\" data-elementor-lightbox-slideshow=\"42da934\" data-elementor-lightbox-title=\"Chemins de promenades\" data-e-action-hash=\"#elementor-action%3Aaction%3Dlightbox%26settings%3DeyJpZCI6MTQ0MCwidXJsIjoiaHR0cHM6XC9cL3d3dy5jYWJyZXJvbGxlcy5mclwvd3AtY29udGVudFwvdXBsb2Fkc1wvMjAyMVwvMDFcL1NhbnMtdGl0cmUtNS5qcGciLCJzbGlkZXNob3ciOiI0MmRhOTM0In0%3D\" href=\"https:\/\/www.cabrerolles.fr\/wp-content\/uploads\/2021\/01\/Sans-titre-5.jpg\"><figure class=\"swiper-slide-inner\"><img decoding=\"async\" class=\"swiper-slide-image\" src=\"https:\/\/www.cabrerolles.fr\/wp-content\/uploads\/2021\/01\/Sans-titre-5-225x300.jpg\" alt=\"Chemins de promenades\" \/><figcaption class=\"elementor-image-carousel-caption\">Chemins de promenades<\/figcaption><\/figure><\/a><\/div><div class=\"swiper-slide\" role=\"group\" aria-roledescription=\"slide\" aria-label=\"8 sur 23\"><a data-elementor-open-lightbox=\"yes\" data-elementor-lightbox-slideshow=\"42da934\" data-elementor-lightbox-title=\"La mont\u00e9e vers le ch\u00e2teau\" data-e-action-hash=\"#elementor-action%3Aaction%3Dlightbox%26settings%3DeyJpZCI6MTY3MCwidXJsIjoiaHR0cHM6XC9cL3d3dy5jYWJyZXJvbGxlcy5mclwvd3AtY29udGVudFwvdXBsb2Fkc1wvMjAyMVwvMDJcL2x1ZG92aWNfYnJleS0yLmpwZyIsInNsaWRlc2hvdyI6IjQyZGE5MzQifQ%3D%3D\" href=\"https:\/\/www.cabrerolles.fr\/wp-content\/uploads\/2021\/02\/ludovic_brey-2.jpg\"><figure class=\"swiper-slide-inner\"><img decoding=\"async\" class=\"swiper-slide-image\" src=\"https:\/\/www.cabrerolles.fr\/wp-content\/uploads\/2021\/02\/ludovic_brey-2-225x300.jpg\" alt=\"La mont\u00e9e vers le ch\u00e2teau\" \/><figcaption class=\"elementor-image-carousel-caption\">La mont\u00e9e vers le ch\u00e2teau<\/figcaption><\/figure><\/a><\/div><div class=\"swiper-slide\" role=\"group\" aria-roledescription=\"slide\" aria-label=\"9 sur 23\"><a data-elementor-open-lightbox=\"yes\" data-elementor-lightbox-slideshow=\"42da934\" data-elementor-lightbox-title=\"Le donjon du ch\u00e2teau\" data-e-action-hash=\"#elementor-action%3Aaction%3Dlightbox%26settings%3DeyJpZCI6MTY3MSwidXJsIjoiaHR0cHM6XC9cL3d3dy5jYWJyZXJvbGxlcy5mclwvd3AtY29udGVudFwvdXBsb2Fkc1wvMjAyMVwvMDJcL29saXZpZXJfYm9udGVtcHMtMS5qcGciLCJzbGlkZXNob3ciOiI0MmRhOTM0In0%3D\" href=\"https:\/\/www.cabrerolles.fr\/wp-content\/uploads\/2021\/02\/olivier_bontemps-1.jpg\"><figure class=\"swiper-slide-inner\"><img decoding=\"async\" class=\"swiper-slide-image\" src=\"https:\/\/www.cabrerolles.fr\/wp-content\/uploads\/2021\/02\/olivier_bontemps-1-214x300.jpg\" alt=\"Le donjon du ch\u00e2teau\" \/><figcaption class=\"elementor-image-carousel-caption\">Le donjon du ch\u00e2teau<\/figcaption><\/figure><\/a><\/div><div class=\"swiper-slide\" role=\"group\" aria-roledescription=\"slide\" aria-label=\"10 sur 23\"><a data-elementor-open-lightbox=\"yes\" data-elementor-lightbox-slideshow=\"42da934\" data-elementor-lightbox-title=\"La Chapelle castrale\" data-e-action-hash=\"#elementor-action%3Aaction%3Dlightbox%26settings%3DeyJpZCI6MTY3MiwidXJsIjoiaHR0cHM6XC9cL3d3dy5jYWJyZXJvbGxlcy5mclwvd3AtY29udGVudFwvdXBsb2Fkc1wvMjAyMVwvMDJcL29saXZpZXJfYm9udGVtcHMtNC5qcGciLCJzbGlkZXNob3ciOiI0MmRhOTM0In0%3D\" href=\"https:\/\/www.cabrerolles.fr\/wp-content\/uploads\/2021\/02\/olivier_bontemps-4.jpg\"><figure class=\"swiper-slide-inner\"><img decoding=\"async\" class=\"swiper-slide-image\" src=\"https:\/\/www.cabrerolles.fr\/wp-content\/uploads\/2021\/02\/olivier_bontemps-4-214x300.jpg\" alt=\"La Chapelle castrale\" \/><figcaption class=\"elementor-image-carousel-caption\">La Chapelle castrale<\/figcaption><\/figure><\/a><\/div><div class=\"swiper-slide\" role=\"group\" aria-roledescription=\"slide\" aria-label=\"11 sur 23\"><a data-elementor-open-lightbox=\"yes\" data-elementor-lightbox-slideshow=\"42da934\" data-elementor-lightbox-title=\"Chemins en sous bois\" data-e-action-hash=\"#elementor-action%3Aaction%3Dlightbox%26settings%3DeyJpZCI6MTQ0MSwidXJsIjoiaHR0cHM6XC9cL3d3dy5jYWJyZXJvbGxlcy5mclwvd3AtY29udGVudFwvdXBsb2Fkc1wvMjAyMVwvMDFcL1NhbnMtdGl0cmUtNi5qcGciLCJzbGlkZXNob3ciOiI0MmRhOTM0In0%3D\" href=\"https:\/\/www.cabrerolles.fr\/wp-content\/uploads\/2021\/01\/Sans-titre-6.jpg\"><figure class=\"swiper-slide-inner\"><img decoding=\"async\" class=\"swiper-slide-image\" src=\"https:\/\/www.cabrerolles.fr\/wp-content\/uploads\/2021\/01\/Sans-titre-6-225x300.jpg\" alt=\"Chemins en sous bois\" \/><figcaption class=\"elementor-image-carousel-caption\">Chemins en sous bois<\/figcaption><\/figure><\/a><\/div><div class=\"swiper-slide\" role=\"group\" aria-roledescription=\"slide\" aria-label=\"12 sur 23\"><a data-elementor-open-lightbox=\"yes\" data-elementor-lightbox-slideshow=\"42da934\" data-elementor-lightbox-title=\"Les ruelles d&#039;Aigues-vives\" data-e-action-hash=\"#elementor-action%3Aaction%3Dlightbox%26settings%3DeyJpZCI6MTY2MSwidXJsIjoiaHR0cHM6XC9cL3d3dy5jYWJyZXJvbGxlcy5mclwvd3AtY29udGVudFwvdXBsb2Fkc1wvMjAyMVwvMDJcL2Jlcm5hcmRfdmlkYWwtMTkuanBnIiwic2xpZGVzaG93IjoiNDJkYTkzNCJ9\" href=\"https:\/\/www.cabrerolles.fr\/wp-content\/uploads\/2021\/02\/bernard_vidal-19.jpg\"><figure class=\"swiper-slide-inner\"><img decoding=\"async\" class=\"swiper-slide-image\" src=\"https:\/\/www.cabrerolles.fr\/wp-content\/uploads\/2021\/02\/bernard_vidal-19-199x300.jpg\" alt=\"Les ruelles d&#039;Aigues-vives\" \/><figcaption class=\"elementor-image-carousel-caption\">Les ruelles d'Aigues-vives<\/figcaption><\/figure><\/a><\/div><div class=\"swiper-slide\" role=\"group\" aria-roledescription=\"slide\" aria-label=\"13 sur 23\"><a data-elementor-open-lightbox=\"yes\" data-elementor-lightbox-slideshow=\"42da934\" data-elementor-lightbox-title=\"Les ruelles d&#039;Aigues-vives\" data-e-action-hash=\"#elementor-action%3Aaction%3Dlightbox%26settings%3DeyJpZCI6MTY2MiwidXJsIjoiaHR0cHM6XC9cL3d3dy5jYWJyZXJvbGxlcy5mclwvd3AtY29udGVudFwvdXBsb2Fkc1wvMjAyMVwvMDJcL2Jlcm5hcmRfdmlkYWwtNDAuanBnIiwic2xpZGVzaG93IjoiNDJkYTkzNCJ9\" href=\"https:\/\/www.cabrerolles.fr\/wp-content\/uploads\/2021\/02\/bernard_vidal-40.jpg\"><figure class=\"swiper-slide-inner\"><img decoding=\"async\" class=\"swiper-slide-image\" src=\"https:\/\/www.cabrerolles.fr\/wp-content\/uploads\/2021\/02\/bernard_vidal-40-199x300.jpg\" alt=\"Les ruelles d&#039;Aigues-vives\" \/><figcaption class=\"elementor-image-carousel-caption\">Les ruelles d'Aigues-vives<\/figcaption><\/figure><\/a><\/div><div class=\"swiper-slide\" role=\"group\" aria-roledescription=\"slide\" aria-label=\"14 sur 23\"><a data-elementor-open-lightbox=\"yes\" data-elementor-lightbox-slideshow=\"42da934\" data-elementor-lightbox-title=\"Cabrerolles le presbyt\u00e8re\" data-e-action-hash=\"#elementor-action%3Aaction%3Dlightbox%26settings%3DeyJpZCI6MTY2NywidXJsIjoiaHR0cHM6XC9cL3d3dy5jYWJyZXJvbGxlcy5mclwvd3AtY29udGVudFwvdXBsb2Fkc1wvMjAyMVwvMDJcL2F1ZHJleV9sYWVuY2luYS00LmpwZyIsInNsaWRlc2hvdyI6IjQyZGE5MzQifQ%3D%3D\" href=\"https:\/\/www.cabrerolles.fr\/wp-content\/uploads\/2021\/02\/audrey_laencina-4.jpg\"><figure class=\"swiper-slide-inner\"><img decoding=\"async\" class=\"swiper-slide-image\" src=\"https:\/\/www.cabrerolles.fr\/wp-content\/uploads\/2021\/02\/audrey_laencina-4-225x300.jpg\" alt=\"Cabrerolles le presbyt\u00e8re\" \/><figcaption class=\"elementor-image-carousel-caption\">Cabrerolles le presbyt\u00e8re<\/figcaption><\/figure><\/a><\/div><div class=\"swiper-slide\" role=\"group\" aria-roledescription=\"slide\" aria-label=\"15 sur 23\"><a data-elementor-open-lightbox=\"yes\" data-elementor-lightbox-slideshow=\"42da934\" data-elementor-lightbox-title=\"Les ruelles de Cabrerolles\" data-e-action-hash=\"#elementor-action%3Aaction%3Dlightbox%26settings%3DeyJpZCI6MTY2OCwidXJsIjoiaHR0cHM6XC9cL3d3dy5jYWJyZXJvbGxlcy5mclwvd3AtY29udGVudFwvdXBsb2Fkc1wvMjAyMVwvMDJcL2F1ZHJleV9sYWVuY2luYS01LmpwZyIsInNsaWRlc2hvdyI6IjQyZGE5MzQifQ%3D%3D\" href=\"https:\/\/www.cabrerolles.fr\/wp-content\/uploads\/2021\/02\/audrey_laencina-5.jpg\"><figure class=\"swiper-slide-inner\"><img decoding=\"async\" class=\"swiper-slide-image\" src=\"https:\/\/www.cabrerolles.fr\/wp-content\/uploads\/2021\/02\/audrey_laencina-5-225x300.jpg\" alt=\"Les ruelles de Cabrerolles\" \/><figcaption class=\"elementor-image-carousel-caption\">Les ruelles de Cabrerolles<\/figcaption><\/figure><\/a><\/div><div class=\"swiper-slide\" role=\"group\" aria-roledescription=\"slide\" aria-label=\"16 sur 23\"><a data-elementor-open-lightbox=\"yes\" data-elementor-lightbox-slideshow=\"42da934\" data-elementor-lightbox-title=\"Vue sur Lenth\u00e9ric\" data-e-action-hash=\"#elementor-action%3Aaction%3Dlightbox%26settings%3DeyJpZCI6MTY4MCwidXJsIjoiaHR0cHM6XC9cL3d3dy5jYWJyZXJvbGxlcy5mclwvd3AtY29udGVudFwvdXBsb2Fkc1wvMjAyMVwvMDJcL2dlbmV2aWV2ZV9wYWxhdS03LmpwZyIsInNsaWRlc2hvdyI6IjQyZGE5MzQifQ%3D%3D\" href=\"https:\/\/www.cabrerolles.fr\/wp-content\/uploads\/2021\/02\/genevieve_palau-7.jpg\"><figure class=\"swiper-slide-inner\"><img decoding=\"async\" class=\"swiper-slide-image\" src=\"https:\/\/www.cabrerolles.fr\/wp-content\/uploads\/2021\/02\/genevieve_palau-7-225x300.jpg\" alt=\"Vue sur Lenth\u00e9ric\" \/><figcaption class=\"elementor-image-carousel-caption\">Vue sur Lenth\u00e9ric<\/figcaption><\/figure><\/a><\/div><div class=\"swiper-slide\" role=\"group\" aria-roledescription=\"slide\" aria-label=\"17 sur 23\"><a data-elementor-open-lightbox=\"yes\" data-elementor-lightbox-slideshow=\"42da934\" data-elementor-lightbox-title=\"Les remparts du ch\u00e2teau et le cimeti\u00e8re\" data-e-action-hash=\"#elementor-action%3Aaction%3Dlightbox%26settings%3DeyJpZCI6MTY4MiwidXJsIjoiaHR0cHM6XC9cL3d3dy5jYWJyZXJvbGxlcy5mclwvd3AtY29udGVudFwvdXBsb2Fkc1wvMjAyMVwvMDJcL2Jlcm5hcmRfdmlkYWwtMTMuanBnIiwic2xpZGVzaG93IjoiNDJkYTkzNCJ9\" href=\"https:\/\/www.cabrerolles.fr\/wp-content\/uploads\/2021\/02\/bernard_vidal-13.jpg\"><figure class=\"swiper-slide-inner\"><img decoding=\"async\" class=\"swiper-slide-image\" src=\"https:\/\/www.cabrerolles.fr\/wp-content\/uploads\/2021\/02\/bernard_vidal-13-200x300.jpg\" alt=\"Les remparts du ch\u00e2teau et le cimeti\u00e8re\" \/><figcaption class=\"elementor-image-carousel-caption\">Les remparts du ch\u00e2teau et le cimeti\u00e8re<\/figcaption><\/figure><\/a><\/div><div class=\"swiper-slide\" role=\"group\" aria-roledescription=\"slide\" aria-label=\"18 sur 23\"><a data-elementor-open-lightbox=\"yes\" data-elementor-lightbox-slideshow=\"42da934\" data-elementor-lightbox-title=\"Chapelle de La Liqui\u00e8re\" data-e-action-hash=\"#elementor-action%3Aaction%3Dlightbox%26settings%3DeyJpZCI6MjM2OCwidXJsIjoiaHR0cHM6XC9cL3d3dy5jYWJyZXJvbGxlcy5mclwvd3AtY29udGVudFwvdXBsb2Fkc1wvMjAyMVwvMDJcL2Jlcm5hcmRfdmlkYWwtMzUuanBnIiwic2xpZGVzaG93IjoiNDJkYTkzNCJ9\" href=\"https:\/\/www.cabrerolles.fr\/wp-content\/uploads\/2021\/02\/bernard_vidal-35.jpg\"><figure class=\"swiper-slide-inner\"><img decoding=\"async\" class=\"swiper-slide-image\" src=\"https:\/\/www.cabrerolles.fr\/wp-content\/uploads\/2021\/02\/bernard_vidal-35-200x300.jpg\" alt=\"Chapelle de La Liqui\u00e8re\" \/><figcaption class=\"elementor-image-carousel-caption\">Chapelle de La Liqui\u00e8re<\/figcaption><\/figure><\/a><\/div><div class=\"swiper-slide\" role=\"group\" aria-roledescription=\"slide\" aria-label=\"19 sur 23\"><a data-elementor-open-lightbox=\"yes\" data-elementor-lightbox-slideshow=\"42da934\" data-elementor-lightbox-title=\"Chapelle d&#039;Aigues-vives\" data-e-action-hash=\"#elementor-action%3Aaction%3Dlightbox%26settings%3DeyJpZCI6MjM2OSwidXJsIjoiaHR0cHM6XC9cL3d3dy5jYWJyZXJvbGxlcy5mclwvd3AtY29udGVudFwvdXBsb2Fkc1wvMjAyMVwvMDJcL2Jlcm5hcmRfdmlkYWwtNDEuanBnIiwic2xpZGVzaG93IjoiNDJkYTkzNCJ9\" href=\"https:\/\/www.cabrerolles.fr\/wp-content\/uploads\/2021\/02\/bernard_vidal-41.jpg\"><figure class=\"swiper-slide-inner\"><img decoding=\"async\" class=\"swiper-slide-image\" src=\"https:\/\/www.cabrerolles.fr\/wp-content\/uploads\/2021\/02\/bernard_vidal-41-213x300.jpg\" alt=\"Chapelle d&#039;Aigues-vives\" \/><figcaption class=\"elementor-image-carousel-caption\">Chapelle d'Aigues-vives<\/figcaption><\/figure><\/a><\/div><div class=\"swiper-slide\" role=\"group\" aria-roledescription=\"slide\" aria-label=\"20 sur 23\"><a data-elementor-open-lightbox=\"yes\" data-elementor-lightbox-slideshow=\"42da934\" data-elementor-lightbox-title=\"Donjon du Ch\u00e2teau de Cabrerolles\" data-e-action-hash=\"#elementor-action%3Aaction%3Dlightbox%26settings%3DeyJpZCI6MjM3MCwidXJsIjoiaHR0cHM6XC9cL3d3dy5jYWJyZXJvbGxlcy5mclwvd3AtY29udGVudFwvdXBsb2Fkc1wvMjAyMVwvMDJcL2xhdXJhX21hdXJ5LTcuanBnIiwic2xpZGVzaG93IjoiNDJkYTkzNCJ9\" href=\"https:\/\/www.cabrerolles.fr\/wp-content\/uploads\/2021\/02\/laura_maury-7.jpg\"><figure class=\"swiper-slide-inner\"><img decoding=\"async\" class=\"swiper-slide-image\" src=\"https:\/\/www.cabrerolles.fr\/wp-content\/uploads\/2021\/02\/laura_maury-7-200x300.jpg\" alt=\"Donjon du Ch\u00e2teau de Cabrerolles\" \/><figcaption class=\"elementor-image-carousel-caption\">Donjon du Ch\u00e2teau de Cabrerolles<\/figcaption><\/figure><\/a><\/div><div class=\"swiper-slide\" role=\"group\" aria-roledescription=\"slide\" aria-label=\"21 sur 23\"><a data-elementor-open-lightbox=\"yes\" data-elementor-lightbox-slideshow=\"42da934\" data-elementor-lightbox-title=\"Chapelle de Montc\u00e8ze\" data-e-action-hash=\"#elementor-action%3Aaction%3Dlightbox%26settings%3DeyJpZCI6MjQyOCwidXJsIjoiaHR0cHM6XC9cL3d3dy5jYWJyZXJvbGxlcy5mclwvd3AtY29udGVudFwvdXBsb2Fkc1wvMjAyMVwvMDJcL29saXZpZXJfYW5kcmlldS5qcGciLCJzbGlkZXNob3ciOiI0MmRhOTM0In0%3D\" href=\"https:\/\/www.cabrerolles.fr\/wp-content\/uploads\/2021\/02\/olivier_andrieu.jpg\"><figure class=\"swiper-slide-inner\"><img decoding=\"async\" class=\"swiper-slide-image\" src=\"https:\/\/www.cabrerolles.fr\/wp-content\/uploads\/2021\/02\/olivier_andrieu-226x300.jpg\" alt=\"Chapelle de Montc\u00e8ze\" \/><figcaption class=\"elementor-image-carousel-caption\">Chapelle de Montc\u00e8ze<\/figcaption><\/figure><\/a><\/div><div class=\"swiper-slide\" role=\"group\" aria-roledescription=\"slide\" aria-label=\"22 sur 23\"><a data-elementor-open-lightbox=\"yes\" data-elementor-lightbox-slideshow=\"42da934\" data-elementor-lightbox-title=\"Chapelle de Montc\u00e8ze\" data-e-action-hash=\"#elementor-action%3Aaction%3Dlightbox%26settings%3DeyJpZCI6MjQyNywidXJsIjoiaHR0cHM6XC9cL3d3dy5jYWJyZXJvbGxlcy5mclwvd3AtY29udGVudFwvdXBsb2Fkc1wvMjAyMVwvMDJcL29saXZpZXJfYm9udGVtcHMtNi5qcGciLCJzbGlkZXNob3ciOiI0MmRhOTM0In0%3D\" href=\"https:\/\/www.cabrerolles.fr\/wp-content\/uploads\/2021\/02\/olivier_bontemps-6.jpg\"><figure class=\"swiper-slide-inner\"><img decoding=\"async\" class=\"swiper-slide-image\" src=\"https:\/\/www.cabrerolles.fr\/wp-content\/uploads\/2021\/02\/olivier_bontemps-6-200x300.jpg\" alt=\"Chapelle de Montc\u00e8ze\" \/><figcaption class=\"elementor-image-carousel-caption\">Chapelle de Montc\u00e8ze<\/figcaption><\/figure><\/a><\/div><div class=\"swiper-slide\" role=\"group\" aria-roledescription=\"slide\" aria-label=\"23 sur 23\"><a data-elementor-open-lightbox=\"yes\" data-elementor-lightbox-slideshow=\"42da934\" data-elementor-lightbox-title=\"Chapelle de Montc\u00e8ze\" data-e-action-hash=\"#elementor-action%3Aaction%3Dlightbox%26settings%3DeyJpZCI6MjQyNiwidXJsIjoiaHR0cHM6XC9cL3d3dy5jYWJyZXJvbGxlcy5mclwvd3AtY29udGVudFwvdXBsb2Fkc1wvMjAyMVwvMDJcL2Jlcm5hcmRfdmlkYWwtMTcuanBnIiwic2xpZGVzaG93IjoiNDJkYTkzNCJ9\" href=\"https:\/\/www.cabrerolles.fr\/wp-content\/uploads\/2021\/02\/bernard_vidal-17.jpg\"><figure class=\"swiper-slide-inner\"><img decoding=\"async\" class=\"swiper-slide-image\" src=\"https:\/\/www.cabrerolles.fr\/wp-content\/uploads\/2021\/02\/bernard_vidal-17-199x300.jpg\" alt=\"Chapelle de Montc\u00e8ze\" \/><figcaption class=\"elementor-image-carousel-caption\">Chapelle de Montc\u00e8ze<\/figcaption><\/figure><\/a><\/div>\t\t\t<\/div>\n\t\t\t\t\t\t\t\t\t\t\t\t<div class=\"elementor-swiper-button elementor-swiper-button-prev\" role=\"button\" tabindex=\"0\">\n\t\t\t\t\t\t<i aria-hidden=\"true\" class=\"eicon-chevron-left\"><\/i>\t\t\t\t\t<\/div>\n\t\t\t\t\t<div class=\"elementor-swiper-button elementor-swiper-button-next\" role=\"button\" tabindex=\"0\">\n\t\t\t\t\t\t<i aria-hidden=\"true\" class=\"eicon-chevron-right\"><\/i>\t\t\t\t\t<\/div>\n\t\t\t\t\n\t\t\t\t\t\t\t\t\t<div class=\"swiper-pagination\"><\/div>\n\t\t\t\t\t\t\t\t\t<\/div>\n\t\t\t\t\t\t<\/div>\n\t\t\t\t<\/div>\n\t\t\t\t\t<\/div>\n\t\t<\/div>\n\t\t\t\t\t<\/div>\n\t\t<\/section>\n\t\t\t\t<section class=\"elementor-section elementor-top-section elementor-element elementor-element-4bfc57d elementor-section-boxed elementor-section-height-default elementor-section-height-default\" data-id=\"4bfc57d\" data-element_type=\"section\" data-e-type=\"section\">\n\t\t\t\t\t\t<div class=\"elementor-container elementor-column-gap-default\">\n\t\t\t\t\t<div class=\"elementor-column elementor-col-50 elementor-top-column elementor-element elementor-element-591edb1\" data-id=\"591edb1\" data-element_type=\"column\" data-e-type=\"column\">\n\t\t\t<div class=\"elementor-widget-wrap elementor-element-populated\">\n\t\t\t\t\t\t<div class=\"elementor-element elementor-element-f9bff2d elementor-widget elementor-widget-heading\" data-id=\"f9bff2d\" data-element_type=\"widget\" data-e-type=\"widget\" data-widget_type=\"heading.default\">\n\t\t\t\t<div class=\"elementor-widget-container\">\n\t\t\t\t\t<h2 class=\"elementor-heading-title elementor-size-default\">Visiter nos sites<\/h2>\t\t\t\t<\/div>\n\t\t\t\t<\/div>\n\t\t\t\t\t<\/div>\n\t\t<\/div>\n\t\t\t\t<div class=\"elementor-column elementor-col-50 elementor-top-column elementor-element elementor-element-c60045a\" data-id=\"c60045a\" data-element_type=\"column\" data-e-type=\"column\">\n\t\t\t<div class=\"elementor-widget-wrap elementor-element-populated\">\n\t\t\t\t\t\t<div class=\"elementor-element elementor-element-e5879c6 elementor-widget elementor-widget-heading\" data-id=\"e5879c6\" data-element_type=\"widget\" data-e-type=\"widget\" data-widget_type=\"heading.default\">\n\t\t\t\t<div class=\"elementor-widget-container\">\n\t\t\t\t\t<h2 class=\"elementor-heading-title elementor-size-default\">Les randonn\u00e9es<\/h2>\t\t\t\t<\/div>\n\t\t\t\t<\/div>\n\t\t\t\t\t<\/div>\n\t\t<\/div>\n\t\t\t\t\t<\/div>\n\t\t<\/section>\n\t\t\t\t<section class=\"elementor-section elementor-top-section elementor-element elementor-element-3d3d4e2 elementor-section-boxed elementor-section-height-default elementor-section-height-default\" data-id=\"3d3d4e2\" data-element_type=\"section\" data-e-type=\"section\">\n\t\t\t\t\t\t<div class=\"elementor-container elementor-column-gap-default\">\n\t\t\t\t\t<div class=\"elementor-column elementor-col-50 elementor-top-column elementor-element elementor-element-842cf26\" data-id=\"842cf26\" data-element_type=\"column\" data-e-type=\"column\">\n\t\t\t<div class=\"elementor-widget-wrap elementor-element-populated\">\n\t\t\t\t\t\t<div class=\"elementor-element elementor-element-e23858b elementor-widget elementor-widget-accordion\" data-id=\"e23858b\" data-element_type=\"widget\" data-e-type=\"widget\" data-widget_type=\"accordion.default\">\n\t\t\t\t<div class=\"elementor-widget-container\">\n\t\t\t\t\t\t\t<div class=\"elementor-accordion\">\n\t\t\t\t\t\t\t<div class=\"elementor-accordion-item\">\n\t\t\t\t\t<div id=\"elementor-tab-title-2371\" class=\"elementor-tab-title\" data-tab=\"1\" role=\"button\" aria-controls=\"elementor-tab-content-2371\" aria-expanded=\"false\">\n\t\t\t\t\t\t\t\t\t\t\t\t\t<span class=\"elementor-accordion-icon elementor-accordion-icon-left\" aria-hidden=\"true\">\n\t\t\t\t\t\t\t\t\t\t\t\t\t\t\t<span class=\"elementor-accordion-icon-closed\"><i class=\"fas fa-plus\"><\/i><\/span>\n\t\t\t\t\t\t\t\t<span class=\"elementor-accordion-icon-opened\"><i class=\"fas fa-minus\"><\/i><\/span>\n\t\t\t\t\t\t\t\t\t\t\t\t\t\t<\/span>\n\t\t\t\t\t\t\t\t\t\t\t\t<a class=\"elementor-accordion-title\" tabindex=\"0\">La Chapelle castrale de Cabrerolles<\/a>\n\t\t\t\t\t<\/div>\n\t\t\t\t\t<div id=\"elementor-tab-content-2371\" class=\"elementor-tab-content elementor-clearfix\" data-tab=\"1\" role=\"region\" aria-labelledby=\"elementor-tab-title-2371\"><p><span style=\"color: #000000;\"><strong><img fetchpriority=\"high\" decoding=\"async\" class=\"size-medium wp-image-1588 aligncenter\" src=\"https:\/\/web-mmi.iutbeziers.fr\/marathonMMI2021\/mdwMMI2021_17\/wordpress\/wp-content\/uploads\/2021\/01\/chateau-chabrerolles-300x212.png\" alt=\"\" width=\"300\" height=\"212\" srcset=\"https:\/\/www.cabrerolles.fr\/wp-content\/uploads\/2021\/01\/chateau-chabrerolles-300x212.png 300w, https:\/\/www.cabrerolles.fr\/wp-content\/uploads\/2021\/01\/chateau-chabrerolles-1024x723.png 1024w, https:\/\/www.cabrerolles.fr\/wp-content\/uploads\/2021\/01\/chateau-chabrerolles-768x542.png 768w, https:\/\/www.cabrerolles.fr\/wp-content\/uploads\/2021\/01\/chateau-chabrerolles-1536x1085.png 1536w, https:\/\/www.cabrerolles.fr\/wp-content\/uploads\/2021\/01\/chateau-chabrerolles-2048x1447.png 2048w\" sizes=\"(max-width: 300px) 100vw, 300px\" \/><br \/>La Chapelle castrale de Cabrerolles<\/strong><\/span><\/p><p><span style=\"color: #000000;\">Cabrerolles est le hameau qui donne son nom au village. On y trouve la mairie et l\u2019\u00e9glise actuelle de l\u2019Assomption de Notre Dame.<\/span><\/p><p><span style=\"color: #000000;\">En haut du village, on peut grimper par un chemin longeant un jardin m\u00e9diterran\u00e9en, et acc\u00e9der \u00e0 la Chapelle castrale fortifi\u00e9e construite vers le X\u00e8me si\u00e8cle. Celle-ci est d\u00e9di\u00e9e \u00e0 Notre Dame de la Roque et surplombe un ensemble m\u00e9di\u00e9val fortifi\u00e9 du X\u00e8me si\u00e8cle (les ruines de l&#8217;ancien ch\u00e2teau) dont il reste en partie un donjon et les murs d&#8217;enceinte.<\/span><\/p><p><span style=\"color: #000000;\">C\u2019est aussi le point de d\u00e9part de la randonn\u00e9e qui monte au Pic de la Coquillade et rejoint la Chapelle Saint Michel de l\u2019autre c\u00f4t\u00e9 de la montagne au-dessus<\/span><br \/><span style=\"color: #000000;\">de Lamalou.<\/span><\/p><p><span style=\"color: #000000;\"><span style=\"text-decoration: underline;\">Lien vers le site du Haut Languedoc et vignobles<\/span> :<span style=\"color: #8e1825;\">\u00a0<a style=\"color: #8e1825;\" href=\"https:\/\/www.haut-languedoc-vignobles.com\/vignobles-et-decouvertes\/chapelle-castrale-notre-dame-de-la-roque-2976842\" target=\"_blank\" rel=\"noopener\">https:\/\/www.haut-languedoc-vignobles.com\/vignobles-et-decouvertes\/chapelle-castrale-notre-dame-de-la-roque-2976842<\/a><\/span><\/span><\/p><\/div>\n\t\t\t\t<\/div>\n\t\t\t\t\t\t\t<div class=\"elementor-accordion-item\">\n\t\t\t\t\t<div id=\"elementor-tab-title-2372\" class=\"elementor-tab-title\" data-tab=\"2\" role=\"button\" aria-controls=\"elementor-tab-content-2372\" aria-expanded=\"false\">\n\t\t\t\t\t\t\t\t\t\t\t\t\t<span class=\"elementor-accordion-icon elementor-accordion-icon-left\" aria-hidden=\"true\">\n\t\t\t\t\t\t\t\t\t\t\t\t\t\t\t<span class=\"elementor-accordion-icon-closed\"><i class=\"fas fa-plus\"><\/i><\/span>\n\t\t\t\t\t\t\t\t<span class=\"elementor-accordion-icon-opened\"><i class=\"fas fa-minus\"><\/i><\/span>\n\t\t\t\t\t\t\t\t\t\t\t\t\t\t<\/span>\n\t\t\t\t\t\t\t\t\t\t\t\t<a class=\"elementor-accordion-title\" tabindex=\"0\">Le four \u00e0 la Borie nouvelle<\/a>\n\t\t\t\t\t<\/div>\n\t\t\t\t\t<div id=\"elementor-tab-content-2372\" class=\"elementor-tab-content elementor-clearfix\" data-tab=\"2\" role=\"region\" aria-labelledby=\"elementor-tab-title-2372\"><p><span style=\"color: #000000;\"><strong><img decoding=\"async\" class=\"size-medium wp-image-1590 aligncenter\" src=\"https:\/\/web-mmi.iutbeziers.fr\/marathonMMI2021\/mdwMMI2021_17\/wordpress\/wp-content\/uploads\/2021\/01\/four-1-300x212.png\" alt=\"\" width=\"300\" height=\"212\" srcset=\"https:\/\/www.cabrerolles.fr\/wp-content\/uploads\/2021\/01\/four-1-300x212.png 300w, https:\/\/www.cabrerolles.fr\/wp-content\/uploads\/2021\/01\/four-1-1024x723.png 1024w, https:\/\/www.cabrerolles.fr\/wp-content\/uploads\/2021\/01\/four-1-768x542.png 768w, https:\/\/www.cabrerolles.fr\/wp-content\/uploads\/2021\/01\/four-1-1536x1085.png 1536w, https:\/\/www.cabrerolles.fr\/wp-content\/uploads\/2021\/01\/four-1-2048x1447.png 2048w\" sizes=\"(max-width: 300px) 100vw, 300px\" \/>Le pountil du Muratel et le four \u00e0 pain \u00e0 La Borie nouvelle<br \/><\/strong><\/span><br \/><span style=\"color: #000000;\">Le hameau de la Borie nouvelle est travers\u00e9 par le chemin de randonn\u00e9e qui va vers le Pic de la Coquillade. Enfoui dans la for\u00eat de ch\u00eanes verts, les quelques maisons de pierres ont une vue imprenable sur la plaine biterroise jusqu\u2019\u00e0 la mer.<\/span><\/p><p><span style=\"color: #000000;\">A l\u2019origine, l\u2019acc\u00e8s au village se faisait par un gu\u00e9 sur le ruisseau du Muratel. Cet acc\u00e8s \u00e9tait ardu \u00e0 cause d\u2019une pente importante (travers\u00e9e de la combe). Le pont a \u00e9t\u00e9 b\u00e2ti pour supprimer cette difficult\u00e9. Cette voie \u00e9tait tr\u00e8s fr\u00e9quent\u00e9e, c\u2019est l\u2019ancien chemin d\u2019H\u00e9r\u00e9pian.<\/span><\/p><p><span style=\"color: #000000;\">Le four \u00e0 pain a \u00e9t\u00e9 install\u00e9 \u00e0 l\u2019entr\u00e9e du village (aujourd\u2019hui au milieu), au croisement des chemins de Cabrerolles, d\u2019Aigues-vives et de Caussiniojouls. Il a \u00e9t\u00e9 b\u00e2ti pour que les habitants de La Borie nouvelle puissent faire cuire leur pain sur place sans descendre \u00e0 Cabrerolles. Il a \u00e9t\u00e9 restaur\u00e9 en 2012.<\/span><\/p><\/div>\n\t\t\t\t<\/div>\n\t\t\t\t\t\t\t<div class=\"elementor-accordion-item\">\n\t\t\t\t\t<div id=\"elementor-tab-title-2373\" class=\"elementor-tab-title\" data-tab=\"3\" role=\"button\" aria-controls=\"elementor-tab-content-2373\" aria-expanded=\"false\">\n\t\t\t\t\t\t\t\t\t\t\t\t\t<span class=\"elementor-accordion-icon elementor-accordion-icon-left\" aria-hidden=\"true\">\n\t\t\t\t\t\t\t\t\t\t\t\t\t\t\t<span class=\"elementor-accordion-icon-closed\"><i class=\"fas fa-plus\"><\/i><\/span>\n\t\t\t\t\t\t\t\t<span class=\"elementor-accordion-icon-opened\"><i class=\"fas fa-minus\"><\/i><\/span>\n\t\t\t\t\t\t\t\t\t\t\t\t\t\t<\/span>\n\t\t\t\t\t\t\t\t\t\t\t\t<a class=\"elementor-accordion-title\" tabindex=\"0\">L'ancienne \u00e9cole d'Aigues-vives<\/a>\n\t\t\t\t\t<\/div>\n\t\t\t\t\t<div id=\"elementor-tab-content-2373\" class=\"elementor-tab-content elementor-clearfix\" data-tab=\"3\" role=\"region\" aria-labelledby=\"elementor-tab-title-2373\"><p><span style=\"color: #000000;\"><strong><img decoding=\"async\" class=\"size-medium wp-image-1589 aligncenter\" src=\"https:\/\/web-mmi.iutbeziers.fr\/marathonMMI2021\/mdwMMI2021_17\/wordpress\/wp-content\/uploads\/2021\/01\/ecole-2-300x212.png\" alt=\"\" width=\"300\" height=\"212\" srcset=\"https:\/\/www.cabrerolles.fr\/wp-content\/uploads\/2021\/01\/ecole-2-300x212.png 300w, https:\/\/www.cabrerolles.fr\/wp-content\/uploads\/2021\/01\/ecole-2-1024x723.png 1024w, https:\/\/www.cabrerolles.fr\/wp-content\/uploads\/2021\/01\/ecole-2-768x542.png 768w, https:\/\/www.cabrerolles.fr\/wp-content\/uploads\/2021\/01\/ecole-2-1536x1085.png 1536w, https:\/\/www.cabrerolles.fr\/wp-content\/uploads\/2021\/01\/ecole-2-2048x1447.png 2048w\" sizes=\"(max-width: 300px) 100vw, 300px\" \/>L\u2019ancienne \u00e9cole \u00e0 Aigues-vives<\/strong><\/span><br \/><span style=\"color: #000000;\"><br \/>L\u2019\u00e9cole d&#8217;Aigues-vives a \u00e9t\u00e9 construite en 1936, en m\u00eame temps que les \u00e9coles de La Liqui\u00e8re et de Lenth\u00e9ric \u2026. Auparavant seule l&#8217;\u00e9cole de Cabrerolles recevait les \u00e9l\u00e8ves de la commune, et bien souvent les enfants des hameaux montaient \u00e0 pieds \u00e0 Cabrerolles\u2026<\/span><br \/><span style=\"color: #000000;\">Chaque hameau de la commune avait donc son \u00e9cole. D\u00e8s 1950, les \u00e9coles de Cabrerolles, Aigues-vives et Lenth\u00e9ric ont ferm\u00e9 par manque d&#8217;effectifs, seule l&#8217;\u00e9cole de La Liqui\u00e8re a re\u00e7u les enfants de la commune.<\/span><\/p><p><span style=\"color: #000000;\">L&#8217;\u00e9cole d&#8217;Aigues-vives a \u00e9t\u00e9 restaur\u00e9e en 2014\/15 : toiture, fa\u00e7ades, WC ext\u00e9rieurs, cour de r\u00e9cr\u00e9ation et salle de classe \u00e0 l&#8217;identique, un petit logement \u00e0 l&#8217;\u00e9tage reste \u00e0 faire. Les travaux ont \u00e9t\u00e9 r\u00e9alis\u00e9s par l&#8217;Association du patrimoine de Cabrerolles et de nombreux b\u00e9n\u00e9voles, avec l\u2019aide de la mairie, de la Communaut\u00e9 de communes, et du D\u00e9partement.<\/span><\/p><\/div>\n\t\t\t\t<\/div>\n\t\t\t\t\t\t\t<div class=\"elementor-accordion-item\">\n\t\t\t\t\t<div id=\"elementor-tab-title-2374\" class=\"elementor-tab-title\" data-tab=\"4\" role=\"button\" aria-controls=\"elementor-tab-content-2374\" aria-expanded=\"false\">\n\t\t\t\t\t\t\t\t\t\t\t\t\t<span class=\"elementor-accordion-icon elementor-accordion-icon-left\" aria-hidden=\"true\">\n\t\t\t\t\t\t\t\t\t\t\t\t\t\t\t<span class=\"elementor-accordion-icon-closed\"><i class=\"fas fa-plus\"><\/i><\/span>\n\t\t\t\t\t\t\t\t<span class=\"elementor-accordion-icon-opened\"><i class=\"fas fa-minus\"><\/i><\/span>\n\t\t\t\t\t\t\t\t\t\t\t\t\t\t<\/span>\n\t\t\t\t\t\t\t\t\t\t\t\t<a class=\"elementor-accordion-title\" tabindex=\"0\">La Chapelle de la Liqui\u00e8re<\/a>\n\t\t\t\t\t<\/div>\n\t\t\t\t\t<div id=\"elementor-tab-content-2374\" class=\"elementor-tab-content elementor-clearfix\" data-tab=\"4\" role=\"region\" aria-labelledby=\"elementor-tab-title-2374\"><p><span style=\"color: #000000;\"><strong><img loading=\"lazy\" decoding=\"async\" class=\"size-medium wp-image-1587 aligncenter\" src=\"https:\/\/web-mmi.iutbeziers.fr\/marathonMMI2021\/mdwMMI2021_17\/wordpress\/wp-content\/uploads\/2021\/01\/chapelle-liquiere-300x212.png\" alt=\"\" width=\"300\" height=\"212\" srcset=\"https:\/\/www.cabrerolles.fr\/wp-content\/uploads\/2021\/01\/chapelle-liquiere-300x212.png 300w, https:\/\/www.cabrerolles.fr\/wp-content\/uploads\/2021\/01\/chapelle-liquiere-1024x723.png 1024w, https:\/\/www.cabrerolles.fr\/wp-content\/uploads\/2021\/01\/chapelle-liquiere-768x542.png 768w, https:\/\/www.cabrerolles.fr\/wp-content\/uploads\/2021\/01\/chapelle-liquiere-1536x1085.png 1536w, https:\/\/www.cabrerolles.fr\/wp-content\/uploads\/2021\/01\/chapelle-liquiere-2048x1447.png 2048w\" sizes=\"(max-width: 300px) 100vw, 300px\" \/>La Chapelle de la Liqui\u00e8re<\/strong><\/span><br \/><span style=\"color: #000000;\"><br \/>La Liqui\u00e8re est le hameau le plus peupl\u00e9 de Cabrerolles. On y trouve l\u2019\u00e9cole et la Salle des rencontres.<\/span><\/p><p><span style=\"color: #000000;\">Au centre du village, on trouve la Chapelle de La Liqui\u00e8re d\u00e9di\u00e9e \u00e0 Saint Joseph. M\u00eame si celle-ci existait d\u00e9j\u00e0 au XVII\u00e8me si\u00e8cle, sa configuration actuelle en nef unique \u00e0 vo\u00fbte en carreaux de terre cuite semble plus tardive. D&#8217;architecture modeste, son int\u00e9r\u00eat r\u00e9side en la conservation de ses objets d&#8217;origine dont un calice r\u00e9alis\u00e9 par le ma\u00eetre orf\u00e8vre biterrois Andr\u00e9 Tudier \u00e0 la fin du XVIII\u00e8me si\u00e8cle.<\/span><\/p><\/div>\n\t\t\t\t<\/div>\n\t\t\t\t\t\t\t<div class=\"elementor-accordion-item\">\n\t\t\t\t\t<div id=\"elementor-tab-title-2375\" class=\"elementor-tab-title\" data-tab=\"5\" role=\"button\" aria-controls=\"elementor-tab-content-2375\" aria-expanded=\"false\">\n\t\t\t\t\t\t\t\t\t\t\t\t\t<span class=\"elementor-accordion-icon elementor-accordion-icon-left\" aria-hidden=\"true\">\n\t\t\t\t\t\t\t\t\t\t\t\t\t\t\t<span class=\"elementor-accordion-icon-closed\"><i class=\"fas fa-plus\"><\/i><\/span>\n\t\t\t\t\t\t\t\t<span class=\"elementor-accordion-icon-opened\"><i class=\"fas fa-minus\"><\/i><\/span>\n\t\t\t\t\t\t\t\t\t\t\t\t\t\t<\/span>\n\t\t\t\t\t\t\t\t\t\t\t\t<a class=\"elementor-accordion-title\" tabindex=\"0\">Les moulins de Lenth\u00e9ric et la Chapelle de Montc\u00e8ze<\/a>\n\t\t\t\t\t<\/div>\n\t\t\t\t\t<div id=\"elementor-tab-content-2375\" class=\"elementor-tab-content elementor-clearfix\" data-tab=\"5\" role=\"region\" aria-labelledby=\"elementor-tab-title-2375\"><p><span style=\"color: #000000;\"><strong><img loading=\"lazy\" decoding=\"async\" class=\"size-medium wp-image-1591 aligncenter\" src=\"https:\/\/web-mmi.iutbeziers.fr\/marathonMMI2021\/mdwMMI2021_17\/wordpress\/wp-content\/uploads\/2021\/01\/moulin-2-300x212.png\" alt=\"\" width=\"300\" height=\"212\" srcset=\"https:\/\/www.cabrerolles.fr\/wp-content\/uploads\/2021\/01\/moulin-2-300x212.png 300w, https:\/\/www.cabrerolles.fr\/wp-content\/uploads\/2021\/01\/moulin-2-1024x723.png 1024w, https:\/\/www.cabrerolles.fr\/wp-content\/uploads\/2021\/01\/moulin-2-768x542.png 768w, https:\/\/www.cabrerolles.fr\/wp-content\/uploads\/2021\/01\/moulin-2-1536x1085.png 1536w, https:\/\/www.cabrerolles.fr\/wp-content\/uploads\/2021\/01\/moulin-2-2048x1447.png 2048w\" sizes=\"(max-width: 300px) 100vw, 300px\" \/><br \/>La Chapelle de Montc\u00e8ze et les moulins \u00e0 Lenth\u00e9ric<\/strong><\/span><\/p><p><span style=\"color: #000000;\">Lenth\u00e9ric compte deux sites importants actuellement en cours de r\u00e9novation.<\/span><\/p><p><span style=\"color: #000000;\">La chapelle de Montc\u00e8ze, juste au-dessus du village est un petit \u00e9difice perch\u00e9 avec une belle vue sur les vignobles et la plaine. Cette chapelle est d\u00e9di\u00e9e \u00e0 Notre Dame de la Mis\u00e9ricorde. Construite durant le dernier quart du XIX\u00e8me si\u00e8cle, elle \u00e9tait fr\u00e9quent\u00e9e par les habitants du hameau de Lenth\u00e9ric. Elle se compose d&#8217;une nef unique prolong\u00e9e d&#8217;une abside de plan semi circulaire. De par sa position dominante au sommet de la colline son clocher a \u00e9t\u00e9 d\u00e9truit par la foudre \u00e0 plusieurs reprises. Entour\u00e9e de ch\u00eanes verts, arbousiers et autres bruy\u00e8res, b\u00e2tie sur un piton rocheux avec une vue imprenable sur la mer M\u00e9diterran\u00e9e et la cha\u00eene des Pyr\u00e9n\u00e9es, ce lieu d\u00e9gage une grande spiritualit\u00e9.<\/span><\/p><p><span style=\"color: #000000;\">Plus bas, au bord du ruisseau de Montgros, un moulin rarissime puisqu\u2019il est au fond d\u2019une vall\u00e9e et fonctionne uniquement gr\u00e2ce \u00e0 un courant d\u2019air qui passe entre les vall\u00e9es. Le deuxi\u00e8me, probablement du XVI\u00e8me, est un moulin \u00e0 eau situ\u00e9 en dessous du moulin \u00e0 vent. Il est fait de pierre de schiste, on peut y voir ses meules et l\u2019arriv\u00e9e d\u2019eau. Ce moulin \u00e9tait aliment\u00e9 par un lac de retenue. Le site n\u2019est pas encore accessible.<\/span><\/p><\/div>\n\t\t\t\t<\/div>\n\t\t\t\t\t\t\t\t<\/div>\n\t\t\t\t\t\t<\/div>\n\t\t\t\t<\/div>\n\t\t\t\t\t<\/div>\n\t\t<\/div>\n\t\t\t\t<div class=\"elementor-column elementor-col-50 elementor-top-column elementor-element elementor-element-4cff3fe\" data-id=\"4cff3fe\" data-element_type=\"column\" data-e-type=\"column\">\n\t\t\t<div class=\"elementor-widget-wrap elementor-element-populated\">\n\t\t\t\t\t\t<div class=\"elementor-element elementor-element-7b585ff elementor-widget elementor-widget-accordion\" data-id=\"7b585ff\" data-element_type=\"widget\" data-e-type=\"widget\" data-widget_type=\"accordion.default\">\n\t\t\t\t<div class=\"elementor-widget-container\">\n\t\t\t\t\t\t\t<div class=\"elementor-accordion\">\n\t\t\t\t\t\t\t<div class=\"elementor-accordion-item\">\n\t\t\t\t\t<div id=\"elementor-tab-title-1291\" class=\"elementor-tab-title\" data-tab=\"1\" role=\"button\" aria-controls=\"elementor-tab-content-1291\" aria-expanded=\"false\">\n\t\t\t\t\t\t\t\t\t\t\t\t\t<span class=\"elementor-accordion-icon elementor-accordion-icon-left\" aria-hidden=\"true\">\n\t\t\t\t\t\t\t\t\t\t\t\t\t\t\t<span class=\"elementor-accordion-icon-closed\"><i class=\"fas fa-plus\"><\/i><\/span>\n\t\t\t\t\t\t\t\t<span class=\"elementor-accordion-icon-opened\"><i class=\"fas fa-minus\"><\/i><\/span>\n\t\t\t\t\t\t\t\t\t\t\t\t\t\t<\/span>\n\t\t\t\t\t\t\t\t\t\t\t\t<a class=\"elementor-accordion-title\" tabindex=\"0\">La voie romaine<\/a>\n\t\t\t\t\t<\/div>\n\t\t\t\t\t<div id=\"elementor-tab-content-1291\" class=\"elementor-tab-content elementor-clearfix\" data-tab=\"1\" role=\"region\" aria-labelledby=\"elementor-tab-title-1291\"><p><span style=\"color: #000000;\"><strong>Cabrerolles, la voie romaine<\/strong><\/span><br \/><span style=\"color: #000000;\">Parcours sportif qui m\u00e8ne \u00e0 la Voie Romaine, aux orni\u00e8res encore bien visibles. Cette route antique reliait B\u00e9ziers \u00e0 Cahors et portait le nom de \u201cDraye\u201d au\u00a0niveau d\u2019Aigues-Vives, t\u00e9moignage d\u2019une fr\u00e9quentation par les transhumants.<\/span><\/p><p><span style=\"color: #000000;\"><span style=\"text-decoration: underline;\">Lien vers le site du tourisme des Avant-monts<\/span> :\u00a0<span style=\"color: #8e1825;\"><a style=\"color: #8e1825;\" href=\"https:\/\/tourisme-avant-monts.fr\/bouger\/randonnee-cabrerolles-la-voie-romaine\/\" target=\"_blank\" rel=\"noopener\">https:\/\/tourisme-avant-monts.fr\/bouger\/randonnee-cabrerolles-la-voie-romaine\/<\/a><\/span><\/span><\/p><p><span style=\"color: #000000;\"><span style=\"text-decoration: underline;\">Lien vers le site H\u00e9rault tourisme<\/span> :<a style=\"color: #000000;\" href=\"http:\/\/www.herault-tourisme.com\/itineraires-touristiques\/cabrerolles\/randonnee-cabrerolles-la-voie-romaine\/tourisme-ITILAR034V51G36R-1.html\" target=\"_blank\" rel=\"noopener\">\u00a0<span style=\"color: #8e1825;\">http:\/\/www.herault-tourisme.com\/itineraires-touristiques\/cabrerolles\/randonnee-cabrerolles-la-voie-romaine\/tourisme-ITILAR034V51G36R-1.html<\/span><\/a><\/span><\/p><\/div>\n\t\t\t\t<\/div>\n\t\t\t\t\t\t\t<div class=\"elementor-accordion-item\">\n\t\t\t\t\t<div id=\"elementor-tab-title-1292\" class=\"elementor-tab-title\" data-tab=\"2\" role=\"button\" aria-controls=\"elementor-tab-content-1292\" aria-expanded=\"false\">\n\t\t\t\t\t\t\t\t\t\t\t\t\t<span class=\"elementor-accordion-icon elementor-accordion-icon-left\" aria-hidden=\"true\">\n\t\t\t\t\t\t\t\t\t\t\t\t\t\t\t<span class=\"elementor-accordion-icon-closed\"><i class=\"fas fa-plus\"><\/i><\/span>\n\t\t\t\t\t\t\t\t<span class=\"elementor-accordion-icon-opened\"><i class=\"fas fa-minus\"><\/i><\/span>\n\t\t\t\t\t\t\t\t\t\t\t\t\t\t<\/span>\n\t\t\t\t\t\t\t\t\t\t\t\t<a class=\"elementor-accordion-title\" tabindex=\"0\">Le pic de la Coquillade<\/a>\n\t\t\t\t\t<\/div>\n\t\t\t\t\t<div id=\"elementor-tab-content-1292\" class=\"elementor-tab-content elementor-clearfix\" data-tab=\"2\" role=\"region\" aria-labelledby=\"elementor-tab-title-1292\"><p><span style=\"color: #000000;\"><strong>Cabrerolles le Pic de la Coquillade<\/strong><\/span><br \/><span style=\"color: #000000;\">Au d\u00e9part de cet itin\u00e9raire, le village de Cabrerolles d\u00e9voile son patrimoine b\u00e2ti avec son ch\u00e2teau du XIIe si\u00e8cle et sa chapelle d\u00e9di\u00e9e \u00e0 Notre-Dame-de-la- Roque. En parcourant sentiers et chemins, \u00e0 l\u2019abri des ch\u00eanes verts, d\u00e9couvrez la plaine biterroise, la vall\u00e9e de l\u2019Orb et le plateau du Caroux qui s\u2019\u00e9talent\u00a0devant vous en une mosa\u00efque de paysages et de couleurs.<\/span><\/p><p><span style=\"color: #000000;\"><span style=\"text-decoration: underline;\">Lien vers le site du tourisme des Avant-monts<\/span> :\u00a0<span style=\"color: #8e1825;\"><a style=\"color: #8e1825;\" href=\"https:\/\/tourisme-avant-monts.fr\/bouger\/randonnee-cabrerolles-le-pic-de-la-coquillade\/\" target=\"_blank\" rel=\"noopener\">https:\/\/tourisme-avant-monts.fr\/bouger\/randonnee-cabrerolles-le-pic-de-la-coquillade\/<\/a><\/span><\/span><\/p><p><span style=\"color: #000000;\"><span style=\"text-decoration: underline;\">Lien vers le site H\u00e9rault tourisme<\/span> :\u00a0<span style=\"color: #8e1825;\"><a style=\"color: #8e1825;\" href=\"http:\/\/m.herault-tourisme.com\/itineraires-touristiques\/cabrerolles\/randonnee-cabrerolles-le-pic-de-la-coquillade\/tourisme-ITILAR034V51G689-1.html\" target=\"_blank\" rel=\"noopener\">http:\/\/m.herault-tourisme.com\/itineraires-touristiques\/cabrerolles\/randonnee-cabrerolles-le-pic-de-la-coquillade\/tourisme-ITILAR034V51G689-1.html<\/a><\/span><\/span><\/p><p><span style=\"color: #000000;\"><span style=\"text-decoration: underline;\">Lien vers le site du Pays Haut Languedoc et vignobles<\/span> :\u00a0<span style=\"color: #8e1825;\"><a style=\"color: #8e1825;\" href=\"https:\/\/www.haut-languedoc-vignobles.com\/vignobles-et-decouvertes\/randonnee-cabrerolles-le-pic-de-la-coquillade-1949490\" target=\"_blank\" rel=\"noopener\">https:\/\/www.haut-languedoc-vignobles.com\/vignobles-et-decouvertes\/randonnee-cabrerolles-le-pic-de-la-coquillade-1949490<\/a><\/span><\/span><\/p><\/div>\n\t\t\t\t<\/div>\n\t\t\t\t\t\t\t<div class=\"elementor-accordion-item\">\n\t\t\t\t\t<div id=\"elementor-tab-title-1293\" class=\"elementor-tab-title\" data-tab=\"3\" role=\"button\" aria-controls=\"elementor-tab-content-1293\" aria-expanded=\"false\">\n\t\t\t\t\t\t\t\t\t\t\t\t\t<span class=\"elementor-accordion-icon elementor-accordion-icon-left\" aria-hidden=\"true\">\n\t\t\t\t\t\t\t\t\t\t\t\t\t\t\t<span class=\"elementor-accordion-icon-closed\"><i class=\"fas fa-plus\"><\/i><\/span>\n\t\t\t\t\t\t\t\t<span class=\"elementor-accordion-icon-opened\"><i class=\"fas fa-minus\"><\/i><\/span>\n\t\t\t\t\t\t\t\t\t\t\t\t\t\t<\/span>\n\t\t\t\t\t\t\t\t\t\t\t\t<a class=\"elementor-accordion-title\" tabindex=\"0\">Grande travers\u00e9e de l'H\u00e9rault<\/a>\n\t\t\t\t\t<\/div>\n\t\t\t\t\t<div id=\"elementor-tab-content-1293\" class=\"elementor-tab-content elementor-clearfix\" data-tab=\"3\" role=\"region\" aria-labelledby=\"elementor-tab-title-1293\"><p><strong><span style=\"color: #000000;\">Grande travers\u00e9e de l\u2019H\u00e9rault \u2013 Cabrerolles\/Pont de Ceps (itin\u00e9raire sud)<\/span><\/strong><br \/><span style=\"color: #000000;\">Entre les vignobles de Faug\u00e8res et de Saint-Chinian, ce tron\u00e7on n\u2019est pas de tout repos. Mont\u00e9es exigeantes et descentes accident\u00e9es se succ\u00e8dent. Laissez<\/span><br \/><span style=\"color: #000000;\">tout de m\u00eame vagabonder votre regard jusqu\u2019aux massifs du Caroux et de l\u2019Espinouse. \u00c0 l\u2019issue d\u2019une ultime descente, le randonneur retrouve l\u2019Orb dans ses<\/span><br \/><span style=\"color: #000000;\">gorges, au pont de pierre de Ceps, gage d\u2019un frais ressourcement.<\/span><\/p><p><span style=\"color: #000000;\"><strong>Attention<\/strong> : mont\u00e9es physiques avec poussettes entre le d\u00e9part et le point 2. Descentes<\/span><br \/><span style=\"color: #000000;\">courtes mais pentues sur rocher avant le point 1, caillouteuse et avec virage serr\u00e9 avant le point 4.<\/span><\/p><p><span style=\"text-decoration: underline;\"><span style=\"color: #000000; text-decoration: underline;\">Lien vers le site du tourisme des Avant-monts<\/span><\/span><br \/><span style=\"color: #8e1825;\">https:\/\/tourisme-avant-monts.fr\/bouger\/grande-traversee-de-lherault-cabrerolles-pont-de-ceps-itineraire-sud-2\/<\/span><\/p><p><span style=\"color: #000000;\"><span style=\"text-decoration: underline;\">Lien vers le site du Pays Haut Languedoc et vignobles<\/span> :<\/span><br \/><span style=\"color: #8e1825;\">https:\/\/www.haut-languedoc-vignobles.com\/vignobles-et-decouvertes\/grande-traversee-de-l-herault-cabrerolles-pont-de-ceps-itineraire-sud-1785686<\/span><\/p><\/div>\n\t\t\t\t<\/div>\n\t\t\t\t\t\t\t<div class=\"elementor-accordion-item\">\n\t\t\t\t\t<div id=\"elementor-tab-title-1294\" class=\"elementor-tab-title\" data-tab=\"4\" role=\"button\" aria-controls=\"elementor-tab-content-1294\" aria-expanded=\"false\">\n\t\t\t\t\t\t\t\t\t\t\t\t\t<span class=\"elementor-accordion-icon elementor-accordion-icon-left\" aria-hidden=\"true\">\n\t\t\t\t\t\t\t\t\t\t\t\t\t\t\t<span class=\"elementor-accordion-icon-closed\"><i class=\"fas fa-plus\"><\/i><\/span>\n\t\t\t\t\t\t\t\t<span class=\"elementor-accordion-icon-opened\"><i class=\"fas fa-minus\"><\/i><\/span>\n\t\t\t\t\t\t\t\t\t\t\t\t\t\t<\/span>\n\t\t\t\t\t\t\t\t\t\t\t\t<a class=\"elementor-accordion-title\" tabindex=\"0\">Les balades<\/a>\n\t\t\t\t\t<\/div>\n\t\t\t\t\t<div id=\"elementor-tab-content-1294\" class=\"elementor-tab-content elementor-clearfix\" data-tab=\"4\" role=\"region\" aria-labelledby=\"elementor-tab-title-1294\"><p class=\"wp-block-quote\"><span style=\"color: #000000;\">En dehors des sentiers de randonn\u00e9e balis\u00e9s et des routes, les 5 hameaux offrent de petits sentiers de balades, faciles d\u2019acc\u00e8s pour tous. Il suffit d\u2019emprunter<\/span><br \/><span style=\"color: #000000;\">un sentier ou une petite route et de partir \u00e0 l\u2019aventure, les paysages de vignes s\u2019ouvrent \u00e0 vous&#8230;<\/span><\/p><p class=\"wp-block-quote\"><span style=\"color: #000000;\"><strong>Le jardin des schistes<\/strong><\/span><br \/><span style=\"color: #000000;\">Tout pr\u00e8s de La Liqui\u00e8re, le Jardin des schistes vous accueille pour une petite balade bucolique, champ\u00eatre, paisible et sauvage.<\/span><\/p><\/div>\n\t\t\t\t<\/div>\n\t\t\t\t\t\t\t\t<\/div>\n\t\t\t\t\t\t<\/div>\n\t\t\t\t<\/div>\n\t\t\t\t\t<\/div>\n\t\t<\/div>\n\t\t\t\t\t<\/div>\n\t\t<\/section>\n\t\t\t\t<section class=\"elementor-section elementor-top-section elementor-element elementor-element-8c3f9bd elementor-section-boxed elementor-section-height-default elementor-section-height-default\" data-id=\"8c3f9bd\" data-element_type=\"section\" data-e-type=\"section\">\n\t\t\t\t\t\t<div class=\"elementor-container elementor-column-gap-default\">\n\t\t\t\t\t<div class=\"elementor-column elementor-col-100 elementor-top-column elementor-element elementor-element-5db5278\" data-id=\"5db5278\" data-element_type=\"column\" data-e-type=\"column\">\n\t\t\t<div class=\"elementor-widget-wrap elementor-element-populated\">\n\t\t\t\t\t\t<div class=\"elementor-element elementor-element-4e8296f elementor-widget elementor-widget-spacer\" data-id=\"4e8296f\" data-element_type=\"widget\" data-e-type=\"widget\" data-widget_type=\"spacer.default\">\n\t\t\t\t<div class=\"elementor-widget-container\">\n\t\t\t\t\t\t\t<div class=\"elementor-spacer\">\n\t\t\t<div class=\"elementor-spacer-inner\"><\/div>\n\t\t<\/div>\n\t\t\t\t\t\t<\/div>\n\t\t\t\t<\/div>\n\t\t\t\t<div class=\"elementor-element elementor-element-78e9ed5 elementor-widget elementor-widget-text-editor\" data-id=\"78e9ed5\" data-element_type=\"widget\" data-e-type=\"widget\" data-widget_type=\"text-editor.default\">\n\t\t\t\t<div class=\"elementor-widget-container\">\n\t\t\t\t\t\t\t\t\t<script> \njQuery(document).ready(function($) { \nvar delay = 100; setTimeout(function() { \n$('.elementor-tab-title').removeClass('elementor-active');\n $('.elementor-tab-content').css('display', 'none'); }, delay); \n}); \n<\/script>\t\t\t\t\t\t\t\t<\/div>\n\t\t\t\t<\/div>\n\t\t\t\t\t<\/div>\n\t\t<\/div>\n\t\t\t\t\t<\/div>\n\t\t<\/section>\n\t\t\t\t<section class=\"elementor-section elementor-top-section elementor-element elementor-element-b4aacd0 elementor-section-boxed elementor-section-height-default elementor-section-height-default\" data-id=\"b4aacd0\" data-element_type=\"section\" data-e-type=\"section\">\n\t\t\t\t\t\t<div class=\"elementor-container elementor-column-gap-default\">\n\t\t\t\t\t<div class=\"elementor-column elementor-col-100 elementor-top-column elementor-element elementor-element-65d746d\" data-id=\"65d746d\" data-element_type=\"column\" data-e-type=\"column\">\n\t\t\t<div class=\"elementor-widget-wrap elementor-element-populated\">\n\t\t\t\t\t\t<div class=\"elementor-element elementor-element-035af7a elementor-widget elementor-widget-heading\" data-id=\"035af7a\" data-element_type=\"widget\" data-e-type=\"widget\" data-widget_type=\"heading.default\">\n\t\t\t\t<div class=\"elementor-widget-container\">\n\t\t\t\t\t<h2 class=\"elementor-heading-title elementor-size-default\">La restauration des moulins de Lenth\u00e9ric<\/h2>\t\t\t\t<\/div>\n\t\t\t\t<\/div>\n\t\t\t\t<div class=\"elementor-element elementor-element-e4ef968 elementor-widget elementor-widget-spacer\" data-id=\"e4ef968\" data-element_type=\"widget\" data-e-type=\"widget\" data-widget_type=\"spacer.default\">\n\t\t\t\t<div class=\"elementor-widget-container\">\n\t\t\t\t\t\t\t<div class=\"elementor-spacer\">\n\t\t\t<div class=\"elementor-spacer-inner\"><\/div>\n\t\t<\/div>\n\t\t\t\t\t\t<\/div>\n\t\t\t\t<\/div>\n\t\t\t\t<div class=\"elementor-element elementor-element-77606f8 elementor-arrows-position-inside elementor-pagination-position-outside elementor-widget elementor-widget-image-carousel\" data-id=\"77606f8\" data-element_type=\"widget\" data-e-type=\"widget\" data-settings=\"{&quot;slides_to_show&quot;:&quot;1&quot;,&quot;autoplay_speed&quot;:2000,&quot;navigation&quot;:&quot;both&quot;,&quot;autoplay&quot;:&quot;yes&quot;,&quot;pause_on_hover&quot;:&quot;yes&quot;,&quot;pause_on_interaction&quot;:&quot;yes&quot;,&quot;infinite&quot;:&quot;yes&quot;,&quot;effect&quot;:&quot;slide&quot;,&quot;speed&quot;:500}\" data-widget_type=\"image-carousel.default\">\n\t\t\t\t<div class=\"elementor-widget-container\">\n\t\t\t\t\t\t\t<div class=\"elementor-image-carousel-wrapper swiper\" role=\"region\" aria-roledescription=\"carousel\" aria-label=\"Carrousel d\u2019images\" dir=\"ltr\">\n\t\t\t<div class=\"elementor-image-carousel swiper-wrapper swiper-image-stretch\" aria-live=\"off\">\n\t\t\t\t\t\t\t\t<div class=\"swiper-slide\" role=\"group\" aria-roledescription=\"slide\" aria-label=\"1 sur 2\"><figure class=\"swiper-slide-inner\"><img decoding=\"async\" class=\"swiper-slide-image\" src=\"https:\/\/www.cabrerolles.fr\/wp-content\/uploads\/2021\/07\/Avant-travaux-768x438.jpg\" alt=\"Avant travaux.jpg\" \/><\/figure><\/div><div class=\"swiper-slide\" role=\"group\" aria-roledescription=\"slide\" aria-label=\"2 sur 2\"><figure class=\"swiper-slide-inner\"><img decoding=\"async\" class=\"swiper-slide-image\" src=\"https:\/\/www.cabrerolles.fr\/wp-content\/uploads\/2021\/07\/Apre\u0300s-travaux-768x437.jpg\" alt=\"Apr\u00e8s travaux.jpg\" \/><\/figure><\/div>\t\t\t<\/div>\n\t\t\t\t\t\t\t\t\t\t\t\t<div class=\"elementor-swiper-button elementor-swiper-button-prev\" role=\"button\" tabindex=\"0\">\n\t\t\t\t\t\t<i aria-hidden=\"true\" class=\"eicon-chevron-left\"><\/i>\t\t\t\t\t<\/div>\n\t\t\t\t\t<div class=\"elementor-swiper-button elementor-swiper-button-next\" role=\"button\" tabindex=\"0\">\n\t\t\t\t\t\t<i aria-hidden=\"true\" class=\"eicon-chevron-right\"><\/i>\t\t\t\t\t<\/div>\n\t\t\t\t\n\t\t\t\t\t\t\t\t\t<div class=\"swiper-pagination\"><\/div>\n\t\t\t\t\t\t\t\t\t<\/div>\n\t\t\t\t\t\t<\/div>\n\t\t\t\t<\/div>\n\t\t\t\t<section class=\"elementor-section elementor-inner-section elementor-element elementor-element-a5debba elementor-section-boxed elementor-section-height-default elementor-section-height-default\" data-id=\"a5debba\" data-element_type=\"section\" data-e-type=\"section\">\n\t\t\t\t\t\t<div class=\"elementor-container elementor-column-gap-default\">\n\t\t\t\t\t<div class=\"elementor-column elementor-col-50 elementor-inner-column elementor-element elementor-element-75681e1\" data-id=\"75681e1\" data-element_type=\"column\" data-e-type=\"column\">\n\t\t\t<div class=\"elementor-widget-wrap elementor-element-populated\">\n\t\t\t\t\t\t<div class=\"elementor-element elementor-element-bd3511b elementor-widget elementor-widget-text-editor\" data-id=\"bd3511b\" data-element_type=\"widget\" data-e-type=\"widget\" data-widget_type=\"text-editor.default\">\n\t\t\t\t<div class=\"elementor-widget-container\">\n\t\t\t\t\t\t\t\t\t<p><span style=\"color: #000000;\">Explications de<\/span> <strong><span style=\"color: #000000;\">Michel Dupin, architecte urbaniste<\/span><\/strong><\/p><p><span style=\"color: #000000;\">Initi\u00e9 par le Commune de Cabrerolles, le projet de restauration et d&#8217;am\u00e9nagement du complexe hydraulique des moulins de Lenth\u00e9ric a fait l&#8217;objet d&#8217;une \u00e9tude pr\u00e9alable en 2018. La restauration des moulins, men\u00e9e sous la ma\u00eetrise d&#8217;ouvrage de la Communaut\u00e9 de Communes Les Avant-Monts, constitue la premi\u00e8re tranche de cette op\u00e9ration d&#8217;ensemble.<\/span><\/p><h1><strong><span style=\"color: #800000;\">LE SITE<\/span><\/strong><\/h1><p><span style=\"color: #000000;\">Situ\u00e9 \u00e0 huit cents m\u00e8tres \u00e0 l&#8217;Ouest du hameau de Lenth\u00e9ric, le site des Moulins rassemble en un m\u00eame lieu les vestiges d\u2019un moulin \u00e0 eau et d\u2019un moulin \u00e0 vent \u00e9difi\u00e9s en aval du confluent des ruisseaux de Valigni\u00e8res et de Montgros.<\/span><\/p><p><span style=\"color: #000000;\">Selon les documents de l&#8217;\u00e9poque, le moulin \u00e0 eau et son dispositif hydraulique ont \u00e9t\u00e9 \u00e9difi\u00e9s \u00e0 la fin du XVI\u00b0 si\u00e8cle. La ressource en eau \u00e9tait canalis\u00e9e depuis un barrage sur le ruisseau de Montgros et stock\u00e9e dans un r\u00e9servoir (la &#8220;pansi\u00e8re&#8221;) adoss\u00e9 au moulin.<\/span><\/p><p><span style=\"color: #000000;\">A la fin du XVIII\u00b0 si\u00e8cle, l&#8217;installation a \u00e9t\u00e9 compl\u00e8tement r\u00e9am\u00e9nag\u00e9e avec\u00a0 la cr\u00e9ation d&#8217;un nouveau barrage en aval du confluent, l&#8217;endiguement du ruisseau de Valigni\u00e8res, la cr\u00e9ation d&#8217;un nouveau b\u00e9al et d&#8217;une nouvelle pansi\u00e8re nettement plus volumineuse. L&#8217;ensemble est compl\u00e9t\u00e9 par l&#8217;\u00e9dification d&#8217;un moulin \u00e0 vent, contre la digue de la pansi\u00e8re, \u00e0 20m du moulin \u00e0 eau. Ce complexe hydro-\u00e9olien constitue un \u00e9quipement industriel tout \u00e0 fait exceptionnel.<\/span><\/p><p><span style=\"color: #000000;\">Cependant, cette innovation visant \u00e0 une optimisation des ressources naturelles n&#8217;a pas \u00e9t\u00e9 tr\u00e8s concluante puisque le moulin \u00e0 vent est d\u00e9crit, vers 1830, en \u00e9tat de ruine. Le moulin \u00e0 eau aurait, lui, fonctionn\u00e9 jusque dans l&#8217;entre deux guerres.<\/span><\/p><p><span style=\"color: #000000;\">Aujourd&#8217;hui, les deux constructions conservent globalement leurs enveloppes b\u00e2ties mais elles ont perdu leurs couvertures et subi des outrages du temps, particuli\u00e8rement le moulin \u00e0 eau.<\/span><\/p>\t\t\t\t\t\t\t\t<\/div>\n\t\t\t\t<\/div>\n\t\t\t\t\t<\/div>\n\t\t<\/div>\n\t\t\t\t<div class=\"elementor-column elementor-col-50 elementor-inner-column elementor-element elementor-element-1346258\" data-id=\"1346258\" data-element_type=\"column\" data-e-type=\"column\">\n\t\t\t<div class=\"elementor-widget-wrap elementor-element-populated\">\n\t\t\t\t\t\t<div class=\"elementor-element elementor-element-67dbf99 elementor-widget elementor-widget-text-editor\" data-id=\"67dbf99\" data-element_type=\"widget\" data-e-type=\"widget\" data-widget_type=\"text-editor.default\">\n\t\t\t\t<div class=\"elementor-widget-container\">\n\t\t\t\t\t\t\t\t\t<h4><span style=\"color: #800000;\">LES MOULINS<\/span><\/h4><p><span style=\"color: #000000;\"><strong>Le Moulin \u00e0 eau :<br \/><\/strong><\/span><span style=\"color: #000000;\">C&#8217;est un b\u00e2timent quadrangulaire d&#8217;une trentaine de m2 constitu\u00e9 d&#8217;un sous-sol vo\u00fbt\u00e9 qui abritait la force motrice (les deux &#8220;rouets&#8221;), d&#8217;un rez de chauss\u00e9e \u00e9galement vo\u00fbt\u00e9 occup\u00e9 par deux meules et d&#8217;un comble aujourd&#8217;hui en ruine.<\/span><\/p><p><span style=\"color: #000000;\"><strong>Le Moulin \u00e0 vent :<br \/><\/strong><\/span><span style=\"color: #000000;\">C&#8217;est une construction tronconique d&#8217;environ 6 m de haut, d&#8217;un diam\u00e8tre de 6m \u00e0 la base et de 5m au sommet. Le b\u00e2timent comporte un sous sol vo\u00fbt\u00e9, un rez de chauss\u00e9e \u00e9galement vo\u00fbt\u00e9 qui accueillait les meules et une tr\u00e9mie donnant acc\u00e8s \u00e0 l&#8217;\u00e9tage qui abritait le m\u00e9canisme. La charpente et la couverture conique du moulin ont totalement disparu.<\/span><\/p><h4><span style=\"color: #800000;\">LES TRAVAUX<\/span><\/h4><p><span style=\"color: #000000;\">Le projet a pour objet la restauration et la mise en s\u00e9curit\u00e9 des constructions historiques, le nettoyage et la remise en \u00e9tat des abords : chemin d&#8217;acc\u00e8s, murettes, digue de la pansi\u00e8re et tertre du moulin \u00e0 vent. Il s&#8217;agit de travaux de stricte conservation du patrimoine historique.<\/span><\/p><p><span style=\"color: #000000;\">\u00c0 ce titre, les travaux qui devraient d\u00e9marrer au mois de septembre seront les suivants :<br \/><\/span><span style=\"color: #000000;\">&gt; l&#8217;\u00e9limination de la v\u00e9g\u00e9tation ayant envahi les ouvrages b\u00e2tis,<br \/><\/span><span style=\"color: #000000;\">&gt; le d\u00e9gagement du sentier d&#8217;acc\u00e8s, la r\u00e9paration de son muret et la reconstitution du tertre en pierres s\u00e8ches, sous le moulin \u00e0 vent,<br \/><\/span><span style=\"color: #000000;\">&gt; la restauration du moulin \u00e0 eau comprenant r\u00e9tablissement du comble selon sa disposition d&#8217;origine, une toiture neuve avec g\u00e9noise, le r\u00e9tablissement du linteau Renaissance de la porte d\u2019entr\u00e9e et le rejointoiement des parements d\u00e9grad\u00e9s,<br \/><\/span><span style=\"color: #000000;\">&gt; la restauration du moulin \u00e0 vent comportant la restitution de la baie d\u2019\u00e9tage, le chainage des arases le rejointoiement des parements d\u00e9grad\u00e9s, enfin la reconstruction de la charpente et de sa couverture conique en planches,<br \/><\/span><span style=\"color: #000000; font-size: 1rem;\">&gt; divers ouvrages de serrurerie : portes barreaud\u00e9es, grilles de protection et garde-corps.<\/span><\/p>\t\t\t\t\t\t\t\t<\/div>\n\t\t\t\t<\/div>\n\t\t\t\t\t<\/div>\n\t\t<\/div>\n\t\t\t\t\t<\/div>\n\t\t<\/section>\n\t\t\t\t<div class=\"elementor-element elementor-element-8a380ad elementor-widget elementor-widget-image\" data-id=\"8a380ad\" data-element_type=\"widget\" data-e-type=\"widget\" data-widget_type=\"image.default\">\n\t\t\t\t<div class=\"elementor-widget-container\">\n\t\t\t\t\t\t\t\t\t\t\t\t\t\t\t<img loading=\"lazy\" decoding=\"async\" width=\"2000\" height=\"1380\" src=\"https:\/\/www.cabrerolles.fr\/wp-content\/uploads\/2021\/07\/Plan-densemble.jpg\" class=\"attachment-full size-full wp-image-3067\" alt=\"\" srcset=\"https:\/\/www.cabrerolles.fr\/wp-content\/uploads\/2021\/07\/Plan-densemble.jpg 2000w, https:\/\/www.cabrerolles.fr\/wp-content\/uploads\/2021\/07\/Plan-densemble-300x207.jpg 300w, https:\/\/www.cabrerolles.fr\/wp-content\/uploads\/2021\/07\/Plan-densemble-1024x707.jpg 1024w, https:\/\/www.cabrerolles.fr\/wp-content\/uploads\/2021\/07\/Plan-densemble-768x530.jpg 768w, https:\/\/www.cabrerolles.fr\/wp-content\/uploads\/2021\/07\/Plan-densemble-1536x1060.jpg 1536w\" sizes=\"100vw\" \/>\t\t\t\t\t\t\t\t\t\t\t\t\t\t\t<\/div>\n\t\t\t\t<\/div>\n\t\t\t\t\t<\/div>\n\t\t<\/div>\n\t\t\t\t\t<\/div>\n\t\t<\/section>\n\t\t\t\t<section class=\"elementor-section elementor-top-section elementor-element elementor-element-4e5d933 elementor-section-boxed elementor-section-height-default elementor-section-height-default\" data-id=\"4e5d933\" data-element_type=\"section\" data-e-type=\"section\">\n\t\t\t\t\t\t<div class=\"elementor-container elementor-column-gap-default\">\n\t\t\t\t\t<div class=\"elementor-column elementor-col-100 elementor-top-column elementor-element elementor-element-86269ca\" data-id=\"86269ca\" data-element_type=\"column\" data-e-type=\"column\">\n\t\t\t<div class=\"elementor-widget-wrap elementor-element-populated\">\n\t\t\t\t\t\t<div class=\"elementor-element elementor-element-8bf037e elementor-widget-divider--view-line elementor-widget elementor-widget-divider\" data-id=\"8bf037e\" data-element_type=\"widget\" data-e-type=\"widget\" data-widget_type=\"divider.default\">\n\t\t\t\t<div class=\"elementor-widget-container\">\n\t\t\t\t\t\t\t<div class=\"elementor-divider\">\n\t\t\t<span class=\"elementor-divider-separator\">\n\t\t\t\t\t\t<\/span>\n\t\t<\/div>\n\t\t\t\t\t\t<\/div>\n\t\t\t\t<\/div>\n\t\t\t\t<div class=\"elementor-element elementor-element-66480ed elementor-widget elementor-widget-spacer\" data-id=\"66480ed\" data-element_type=\"widget\" data-e-type=\"widget\" data-widget_type=\"spacer.default\">\n\t\t\t\t<div class=\"elementor-widget-container\">\n\t\t\t\t\t\t\t<div class=\"elementor-spacer\">\n\t\t\t<div class=\"elementor-spacer-inner\"><\/div>\n\t\t<\/div>\n\t\t\t\t\t\t<\/div>\n\t\t\t\t<\/div>\n\t\t\t\t<div class=\"elementor-element elementor-element-9be0eca elementor-widget elementor-widget-text-editor\" data-id=\"9be0eca\" data-element_type=\"widget\" data-e-type=\"widget\" data-widget_type=\"text-editor.default\">\n\t\t\t\t<div class=\"elementor-widget-container\">\n\t\t\t\t\t\t\t\t\t<h4><span style=\"color: #800000;\">AUC\u00c8L N\u00d2STRA, et le Pic de la Coquillade<\/span><\/h4><p><img loading=\"lazy\" decoding=\"async\" class=\"alignnone wp-image-2744\" src=\"https:\/\/www.cabrerolles.fr\/wp-content\/uploads\/2021\/04\/galerida-cristata-300x270.png\" alt=\"\" width=\"280\" height=\"252\" srcset=\"https:\/\/www.cabrerolles.fr\/wp-content\/uploads\/2021\/04\/galerida-cristata-300x270.png 300w, https:\/\/www.cabrerolles.fr\/wp-content\/uploads\/2021\/04\/galerida-cristata.png 600w\" sizes=\"(max-width: 280px) 100vw, 280px\" \/><img loading=\"lazy\" decoding=\"async\" class=\"alignleft wp-image-2745\" src=\"https:\/\/www.cabrerolles.fr\/wp-content\/uploads\/2021\/04\/olivier_bontemps-7-1024x461.jpg\" alt=\"\" width=\"600\" height=\"270\" srcset=\"https:\/\/www.cabrerolles.fr\/wp-content\/uploads\/2021\/04\/olivier_bontemps-7-1024x461.jpg 1024w, https:\/\/www.cabrerolles.fr\/wp-content\/uploads\/2021\/04\/olivier_bontemps-7-300x135.jpg 300w, https:\/\/www.cabrerolles.fr\/wp-content\/uploads\/2021\/04\/olivier_bontemps-7-768x346.jpg 768w, https:\/\/www.cabrerolles.fr\/wp-content\/uploads\/2021\/04\/olivier_bontemps-7-1536x691.jpg 1536w, https:\/\/www.cabrerolles.fr\/wp-content\/uploads\/2021\/04\/olivier_bontemps-7.jpg 1600w\" sizes=\"(max-width: 600px) 100vw, 600px\" \/><\/p><p><span style=\"color: #000000;\">En plus de son patrimoine b\u00e2ti remarquable, notre commune rec\u00e8le plusieurs sites naturels d\u2019exception. Le Pic de la Coquillade (690 m) en fait partie. Connu de tout le Languedoc et pouvant \u00eatre admir\u00e9 du Montpelli\u00e9rain jusqu\u2019\u00e0 l\u2019Aude, voire de plus loin, il fait la fiert\u00e9 de notre territoire. <\/span><br \/><span style=\"color: #000000;\">La \u201cCauquilhada\u201d en occitan languedocien d\u00e9signe le cochevis hupp\u00e9, commun\u00e9ment appel\u00e9e alouette hupp\u00e9e (Gal\u00e9rida cristata). Ce passereau s\u00e9dentaire de taille moyenne est tr\u00e8s semblable \u00e0 l\u2019alouette des champs mais s\u2019en distingue par une huppe qu\u2019il porte au sommet du cr\u00e2ne. La silhouette pointue de notre pic rappelle \u00e9trangement la huppe de l\u2019alouette hupp\u00e9e ; nous tenons l\u00e0 certainement l\u2019origine de son appellation m\u00eame si toutes les hypoth\u00e8ses sont permises. <\/span><br \/><span style=\"color: #000000;\">Facilement identifiable entre toutes les montagnes, le pic de la Coquillade ou la huppe de la \u201cCauquilhada\u201d a guid\u00e9 voyageurs et marchands depuis des temps imm\u00e9moriaux. Lequel d\u2019entre nous n\u2019a pas dit fi\u00e8rement, en traversant le Minervois ou en longeant le littoral, \u00ab j\u2019habite l\u00e0-bas au pied du Pic \u00bb ? <\/span><br \/><span style=\"color: #000000;\">Ce rep\u00e8re visuel et mn\u00e9motechnique, \u00e0 l\u2019instar d\u2019un phare pour les marins, fait de notre commune, et plus g\u00e9n\u00e9ralement de tout le Faug\u00e9rois, un lieu de passage privil\u00e9gi\u00e9 entre plaine et montagne. De nos jours, m\u00eame si nous n\u2019avons plus besoin de notre bon vieux pic pour nous guider, il rayonne encore dans tout le Bas Languedoc.<\/span><\/p><p><span style=\"color: #000000;\">Alors, saurez-vous retrouver le Pic de la Coquillade sur cette photo ?<\/span><\/p>\t\t\t\t\t\t\t\t<\/div>\n\t\t\t\t<\/div>\n\t\t\t\t\t<\/div>\n\t\t<\/div>\n\t\t\t\t\t<\/div>\n\t\t<\/section>\n\t\t\t\t<\/div>\n\t\t","protected":false},"excerpt":{"rendered":"<p>Chemin \u00e0 La Borie nouvelle Les ruelles d&#8217;Aigues-vives Les chemins en for\u00eat Le Ch\u00e2teau de Cabrerolles Au dessus de La Borie Balades en famille Chemins de promenades La mont\u00e9e vers le ch\u00e2teau Le donjon du ch\u00e2teau La Chapelle castrale Chemins en sous bois Les ruelles d&#8217;Aigues-vives Les ruelles d&#8217;Aigues-vives Cabrerolles le presbyt\u00e8re Les ruelles de &hellip; <\/p>\n<p class=\"link-more\"><a href=\"https:\/\/www.cabrerolles.fr\/?page_id=343\" class=\"more-link\">Continuer la lecture<span class=\"screen-reader-text\"> de &laquo;&nbsp;Balades, Randonn\u00e9es et Sites&nbsp;&raquo;<\/span><\/a><\/p>\n","protected":false},"author":1,"featured_media":0,"parent":0,"menu_order":0,"comment_status":"closed","ping_status":"closed","template":"","meta":{"advgb_blocks_editor_width":"","advgb_blocks_columns_visual_guide":"","footnotes":""},"class_list":["post-343","page","type-page","status-publish","hentry"],"coauthors":[],"author_meta":{"author_link":"https:\/\/www.cabrerolles.fr\/?author=1","display_name":"mairie"},"relative_dates":{"created":"Publi\u00e9 5 ans il y a","modified":"Mis \u00e0 jour 5 ans il y a"},"absolute_dates":{"created":"Publi\u00e9 le 26 janvier 2021","modified":"Mise \u00e0 jour le 20 juillet 2021"},"absolute_dates_time":{"created":"Publi\u00e9 le 26 janvier 2021 10h27","modified":"Mise \u00e0 jour le 20 juillet 2021 13h48"},"featured_img_caption":"","featured_img":false,"series_order":"","_links":{"self":[{"href":"https:\/\/www.cabrerolles.fr\/index.php?rest_route=\/wp\/v2\/pages\/343","targetHints":{"allow":["GET"]}}],"collection":[{"href":"https:\/\/www.cabrerolles.fr\/index.php?rest_route=\/wp\/v2\/pages"}],"about":[{"href":"https:\/\/www.cabrerolles.fr\/index.php?rest_route=\/wp\/v2\/types\/page"}],"author":[{"embeddable":true,"href":"https:\/\/www.cabrerolles.fr\/index.php?rest_route=\/wp\/v2\/users\/1"}],"replies":[{"embeddable":true,"href":"https:\/\/www.cabrerolles.fr\/index.php?rest_route=%2Fwp%2Fv2%2Fcomments&post=343"}],"version-history":[{"count":161,"href":"https:\/\/www.cabrerolles.fr\/index.php?rest_route=\/wp\/v2\/pages\/343\/revisions"}],"predecessor-version":[{"id":3076,"href":"https:\/\/www.cabrerolles.fr\/index.php?rest_route=\/wp\/v2\/pages\/343\/revisions\/3076"}],"wp:attachment":[{"href":"https:\/\/www.cabrerolles.fr\/index.php?rest_route=%2Fwp%2Fv2%2Fmedia&parent=343"}],"curies":[{"name":"wp","href":"https:\/\/api.w.org\/{rel}","templated":true}]}}