{"id":50,"date":"2021-01-25T12:13:45","date_gmt":"2021-01-25T11:13:45","guid":{"rendered":"https:\/\/web-mmi.iutbeziers.fr\/marathonMMI2021\/mdwMMI2021_17\/wordpress\/?page_id=50"},"modified":"2024-02-12T10:29:04","modified_gmt":"2024-02-12T09:29:04","slug":"les-elus","status":"publish","type":"page","link":"https:\/\/www.cabrerolles.fr\/?page_id=50","title":{"rendered":"Les \u00e9lu.e.s"},"content":{"rendered":"\t\t<div data-elementor-type=\"wp-page\" data-elementor-id=\"50\" class=\"elementor elementor-50\">\n\t\t\t\t\t\t<section class=\"elementor-section elementor-top-section elementor-element elementor-element-66abd3a elementor-section-boxed elementor-section-height-default elementor-section-height-default\" data-id=\"66abd3a\" data-element_type=\"section\" data-e-type=\"section\">\n\t\t\t\t\t\t<div class=\"elementor-container elementor-column-gap-default\">\n\t\t\t\t\t<div class=\"elementor-column elementor-col-50 elementor-top-column elementor-element elementor-element-010d546\" data-id=\"010d546\" data-element_type=\"column\" data-e-type=\"column\">\n\t\t\t<div class=\"elementor-widget-wrap elementor-element-populated\">\n\t\t\t\t\t\t<div class=\"elementor-element elementor-element-c005e58 elementor-widget elementor-widget-heading\" data-id=\"c005e58\" data-element_type=\"widget\" data-e-type=\"widget\" data-widget_type=\"heading.default\">\n\t\t\t\t<div class=\"elementor-widget-container\">\n\t\t\t\t\t<h2 class=\"elementor-heading-title elementor-size-default\"><b>L'\u00e9quipe municipale de Cabrerolles<\/b><\/h2>\t\t\t\t<\/div>\n\t\t\t\t<\/div>\n\t\t\t\t<div class=\"elementor-element elementor-element-12fdfd1 elementor-widget elementor-widget-spacer\" data-id=\"12fdfd1\" data-element_type=\"widget\" data-e-type=\"widget\" data-widget_type=\"spacer.default\">\n\t\t\t\t<div class=\"elementor-widget-container\">\n\t\t\t\t\t\t\t<div class=\"elementor-spacer\">\n\t\t\t<div class=\"elementor-spacer-inner\"><\/div>\n\t\t<\/div>\n\t\t\t\t\t\t<\/div>\n\t\t\t\t<\/div>\n\t\t\t\t<div class=\"elementor-element elementor-element-1116d0a gallery-spacing-custom elementor-widget elementor-widget-image-gallery\" data-id=\"1116d0a\" data-element_type=\"widget\" data-e-type=\"widget\" data-widget_type=\"image-gallery.default\">\n\t\t\t\t<div class=\"elementor-widget-container\">\n\t\t\t\t\t\t\t<div class=\"elementor-image-gallery\">\n\t\t\t<div id='gallery-1' class='gallery galleryid-50 gallery-columns-1 gallery-size-1536x1536'><figure class='gallery-item'>\n\t\t\t<div class='gallery-icon landscape'>\n\t\t\t\t<a data-elementor-open-lightbox=\"yes\" data-elementor-lightbox-slideshow=\"1116d0a\" data-elementor-lightbox-title=\"L&#039;\u00e9quipe Municipale\" data-e-action-hash=\"#elementor-action%3Aaction%3Dlightbox%26settings%3DeyJpZCI6MTA2OSwidXJsIjoiaHR0cHM6XC9cL3d3dy5jYWJyZXJvbGxlcy5mclwvd3AtY29udGVudFwvdXBsb2Fkc1wvMjAyMVwvMDFcL2VxdWlwZV9tdW5pY2lwYWxlLmpwZyIsInNsaWRlc2hvdyI6IjExMTZkMGEifQ%3D%3D\" href='https:\/\/www.cabrerolles.fr\/wp-content\/uploads\/2021\/01\/equipe_municipale.jpg'><img fetchpriority=\"high\" decoding=\"async\" width=\"1024\" height=\"576\" src=\"https:\/\/www.cabrerolles.fr\/wp-content\/uploads\/2021\/01\/equipe_municipale.jpg\" class=\"attachment-1536x1536 size-1536x1536\" alt=\"\" srcset=\"https:\/\/www.cabrerolles.fr\/wp-content\/uploads\/2021\/01\/equipe_municipale.jpg 1024w, https:\/\/www.cabrerolles.fr\/wp-content\/uploads\/2021\/01\/equipe_municipale-300x169.jpg 300w, https:\/\/www.cabrerolles.fr\/wp-content\/uploads\/2021\/01\/equipe_municipale-768x432.jpg 768w\" sizes=\"100vw\" \/><\/a>\n\t\t\t<\/div><\/figure>\n\t\t<\/div>\n\t\t<\/div>\n\t\t\t\t\t\t<\/div>\n\t\t\t\t<\/div>\n\t\t\t\t<div class=\"elementor-element elementor-element-ef37761 elementor-widget elementor-widget-spacer\" data-id=\"ef37761\" data-element_type=\"widget\" data-e-type=\"widget\" data-widget_type=\"spacer.default\">\n\t\t\t\t<div class=\"elementor-widget-container\">\n\t\t\t\t\t\t\t<div class=\"elementor-spacer\">\n\t\t\t<div class=\"elementor-spacer-inner\"><\/div>\n\t\t<\/div>\n\t\t\t\t\t\t<\/div>\n\t\t\t\t<\/div>\n\t\t\t\t\t<\/div>\n\t\t<\/div>\n\t\t\t\t<div class=\"elementor-column elementor-col-50 elementor-top-column elementor-element elementor-element-52ae066\" data-id=\"52ae066\" data-element_type=\"column\" data-e-type=\"column\">\n\t\t\t<div class=\"elementor-widget-wrap elementor-element-populated\">\n\t\t\t\t\t\t\t<\/div>\n\t\t<\/div>\n\t\t\t\t\t<\/div>\n\t\t<\/section>\n\t\t\t\t<section class=\"elementor-section elementor-top-section elementor-element elementor-element-518b7ed elementor-section-boxed elementor-section-height-default elementor-section-height-default\" data-id=\"518b7ed\" data-element_type=\"section\" data-e-type=\"section\">\n\t\t\t\t\t\t<div class=\"elementor-container elementor-column-gap-default\">\n\t\t\t\t\t<div class=\"elementor-column elementor-col-100 elementor-top-column elementor-element elementor-element-a9c0e42\" data-id=\"a9c0e42\" data-element_type=\"column\" data-e-type=\"column\">\n\t\t\t<div class=\"elementor-widget-wrap elementor-element-populated\">\n\t\t\t\t\t\t<div class=\"elementor-element elementor-element-be6140d elementor-widget elementor-widget-heading\" data-id=\"be6140d\" data-element_type=\"widget\" data-e-type=\"widget\" data-widget_type=\"heading.default\">\n\t\t\t\t<div class=\"elementor-widget-container\">\n\t\t\t\t\t<h2 class=\"elementor-heading-title elementor-size-default\">La Maire de Cabrerolles<\/h2>\t\t\t\t<\/div>\n\t\t\t\t<\/div>\n\t\t\t\t<div class=\"elementor-element elementor-element-1074ea5 elementor-widget elementor-widget-spacer\" data-id=\"1074ea5\" data-element_type=\"widget\" data-e-type=\"widget\" data-widget_type=\"spacer.default\">\n\t\t\t\t<div class=\"elementor-widget-container\">\n\t\t\t\t\t\t\t<div class=\"elementor-spacer\">\n\t\t\t<div class=\"elementor-spacer-inner\"><\/div>\n\t\t<\/div>\n\t\t\t\t\t\t<\/div>\n\t\t\t\t<\/div>\n\t\t\t\t<div class=\"elementor-element elementor-element-8e09d5f elementor-widget elementor-widget-image-gallery\" data-id=\"8e09d5f\" data-element_type=\"widget\" data-e-type=\"widget\" data-widget_type=\"image-gallery.default\">\n\t\t\t\t<div class=\"elementor-widget-container\">\n\t\t\t\t\t\t\t<div class=\"elementor-image-gallery\">\n\t\t\t<div id='gallery-2' class='gallery galleryid-50 gallery-columns-1 gallery-size-medium'><figure class='gallery-item'>\n\t\t\t<div class='gallery-icon portrait'>\n\t\t\t\t<a data-elementor-open-lightbox=\"yes\" data-elementor-lightbox-slideshow=\"8e09d5f\" data-elementor-lightbox-title=\"S\u00e9verine SAUR\" data-e-action-hash=\"#elementor-action%3Aaction%3Dlightbox%26settings%3DeyJpZCI6MTAzMiwidXJsIjoiaHR0cHM6XC9cL3d3dy5jYWJyZXJvbGxlcy5mclwvd3AtY29udGVudFwvdXBsb2Fkc1wvMjAyMVwvMDFcL3NldmVyaW5lX3NhdXIuanBnLnBuZyIsInNsaWRlc2hvdyI6IjhlMDlkNWYifQ%3D%3D\" href='https:\/\/www.cabrerolles.fr\/wp-content\/uploads\/2021\/01\/severine_saur.jpg.png'><img decoding=\"async\" width=\"211\" height=\"300\" src=\"https:\/\/www.cabrerolles.fr\/wp-content\/uploads\/2021\/01\/severine_saur.jpg-211x300.png\" class=\"attachment-medium size-medium\" alt=\"\" aria-describedby=\"gallery-2-1032\" srcset=\"https:\/\/www.cabrerolles.fr\/wp-content\/uploads\/2021\/01\/severine_saur.jpg-211x300.png 211w, https:\/\/www.cabrerolles.fr\/wp-content\/uploads\/2021\/01\/severine_saur.jpg.png 634w\" sizes=\"100vw\" \/><\/a>\n\t\t\t<\/div>\n\t\t\t\t<figcaption class='wp-caption-text gallery-caption' id='gallery-2-1032'>\n\t\t\t\tS\u00e9verine Saur, Maire\n\t\t\t\t<\/figcaption><\/figure>\n\t\t<\/div>\n\t\t<\/div>\n\t\t\t\t\t\t<\/div>\n\t\t\t\t<\/div>\n\t\t\t\t<div class=\"elementor-element elementor-element-2216c46 elementor-widget elementor-widget-spacer\" data-id=\"2216c46\" data-element_type=\"widget\" data-e-type=\"widget\" data-widget_type=\"spacer.default\">\n\t\t\t\t<div class=\"elementor-widget-container\">\n\t\t\t\t\t\t\t<div class=\"elementor-spacer\">\n\t\t\t<div class=\"elementor-spacer-inner\"><\/div>\n\t\t<\/div>\n\t\t\t\t\t\t<\/div>\n\t\t\t\t<\/div>\n\t\t\t\t<div class=\"elementor-element elementor-element-b578a89 elementor-widget elementor-widget-heading\" data-id=\"b578a89\" data-element_type=\"widget\" data-e-type=\"widget\" data-widget_type=\"heading.default\">\n\t\t\t\t<div class=\"elementor-widget-container\">\n\t\t\t\t\t<h2 class=\"elementor-heading-title elementor-size-default\">Les adjoint\u00b7e\u00b7s<\/h2>\t\t\t\t<\/div>\n\t\t\t\t<\/div>\n\t\t\t\t<div class=\"elementor-element elementor-element-7a23c0d elementor-widget elementor-widget-spacer\" data-id=\"7a23c0d\" data-element_type=\"widget\" data-e-type=\"widget\" data-widget_type=\"spacer.default\">\n\t\t\t\t<div class=\"elementor-widget-container\">\n\t\t\t\t\t\t\t<div class=\"elementor-spacer\">\n\t\t\t<div class=\"elementor-spacer-inner\"><\/div>\n\t\t<\/div>\n\t\t\t\t\t\t<\/div>\n\t\t\t\t<\/div>\n\t\t\t\t<div class=\"elementor-element elementor-element-643ecf1 elementor-widget elementor-widget-image-gallery\" data-id=\"643ecf1\" data-element_type=\"widget\" data-e-type=\"widget\" data-widget_type=\"image-gallery.default\">\n\t\t\t\t<div class=\"elementor-widget-container\">\n\t\t\t\t\t\t\t<div class=\"elementor-image-gallery\">\n\t\t\t<div id='gallery-3' class='gallery galleryid-50 gallery-columns-4 gallery-size-medium'><figure class='gallery-item'>\n\t\t\t<div class='gallery-icon portrait'>\n\t\t\t\t<a data-elementor-open-lightbox=\"yes\" data-elementor-lightbox-slideshow=\"643ecf1\" data-elementor-lightbox-title=\"Olivier ANDRIEU\" data-e-action-hash=\"#elementor-action%3Aaction%3Dlightbox%26settings%3DeyJpZCI6MTAzMCwidXJsIjoiaHR0cHM6XC9cL3d3dy5jYWJyZXJvbGxlcy5mclwvd3AtY29udGVudFwvdXBsb2Fkc1wvMjAyMVwvMDFcL29saXZpZXJfYW5kcmlldS5qcGcucG5nIiwic2xpZGVzaG93IjoiNjQzZWNmMSJ9\" href='https:\/\/www.cabrerolles.fr\/wp-content\/uploads\/2021\/01\/olivier_andrieu.jpg.png'><img decoding=\"async\" width=\"211\" height=\"300\" src=\"https:\/\/www.cabrerolles.fr\/wp-content\/uploads\/2021\/01\/olivier_andrieu.jpg-211x300.png\" class=\"attachment-medium size-medium\" alt=\"\" aria-describedby=\"gallery-3-1030\" srcset=\"https:\/\/www.cabrerolles.fr\/wp-content\/uploads\/2021\/01\/olivier_andrieu.jpg-211x300.png 211w, https:\/\/www.cabrerolles.fr\/wp-content\/uploads\/2021\/01\/olivier_andrieu.jpg.png 634w\" sizes=\"100vw\" \/><\/a>\n\t\t\t<\/div>\n\t\t\t\t<figcaption class='wp-caption-text gallery-caption' id='gallery-3-1030'>\n\t\t\t\tOlivier Andrieu, 1er adjoint\n\t\t\t\t<\/figcaption><\/figure><figure class='gallery-item'>\n\t\t\t<div class='gallery-icon portrait'>\n\t\t\t\t<a data-elementor-open-lightbox=\"yes\" data-elementor-lightbox-slideshow=\"643ecf1\" data-elementor-lightbox-title=\"Genevi\u00e8ve PALAU\" data-e-action-hash=\"#elementor-action%3Aaction%3Dlightbox%26settings%3DeyJpZCI6MTAyNywidXJsIjoiaHR0cHM6XC9cL3d3dy5jYWJyZXJvbGxlcy5mclwvd3AtY29udGVudFwvdXBsb2Fkc1wvMjAyMVwvMDFcL2dlbnZpZXZlX3BhbGF1LmpwZy5wbmciLCJzbGlkZXNob3ciOiI2NDNlY2YxIn0%3D\" href='https:\/\/www.cabrerolles.fr\/wp-content\/uploads\/2021\/01\/genvieve_palau.jpg.png'><img loading=\"lazy\" decoding=\"async\" width=\"211\" height=\"300\" src=\"https:\/\/www.cabrerolles.fr\/wp-content\/uploads\/2021\/01\/genvieve_palau.jpg-211x300.png\" class=\"attachment-medium size-medium\" alt=\"\" aria-describedby=\"gallery-3-1027\" srcset=\"https:\/\/www.cabrerolles.fr\/wp-content\/uploads\/2021\/01\/genvieve_palau.jpg-211x300.png 211w, https:\/\/www.cabrerolles.fr\/wp-content\/uploads\/2021\/01\/genvieve_palau.jpg.png 634w\" sizes=\"100vw\" \/><\/a>\n\t\t\t<\/div>\n\t\t\t\t<figcaption class='wp-caption-text gallery-caption' id='gallery-3-1027'>\n\t\t\t\tGenevi\u00e8ve Palau, 2\u00e8 adjointe\n\t\t\t\t<\/figcaption><\/figure><figure class='gallery-item'>\n\t\t\t<div class='gallery-icon portrait'>\n\t\t\t\t<a data-elementor-open-lightbox=\"yes\" data-elementor-lightbox-slideshow=\"643ecf1\" data-elementor-lightbox-title=\"emmanuelle_jamme.jpg-e1611827808656\" data-e-action-hash=\"#elementor-action%3Aaction%3Dlightbox%26settings%3DeyJpZCI6NDYxMiwidXJsIjoiaHR0cHM6XC9cL3d3dy5jYWJyZXJvbGxlcy5mclwvd3AtY29udGVudFwvdXBsb2Fkc1wvMjAyNFwvMDJcL2VtbWFudWVsbGVfamFtbWUuanBnLWUxNjExODI3ODA4NjU2LnBuZyIsInNsaWRlc2hvdyI6IjY0M2VjZjEifQ%3D%3D\" href='https:\/\/www.cabrerolles.fr\/wp-content\/uploads\/2024\/02\/emmanuelle_jamme.jpg-e1611827808656.png'><img loading=\"lazy\" decoding=\"async\" width=\"221\" height=\"300\" src=\"https:\/\/www.cabrerolles.fr\/wp-content\/uploads\/2024\/02\/emmanuelle_jamme.jpg-e1611827808656-221x300.png\" class=\"attachment-medium size-medium\" alt=\"\" aria-describedby=\"gallery-3-4612\" srcset=\"https:\/\/www.cabrerolles.fr\/wp-content\/uploads\/2024\/02\/emmanuelle_jamme.jpg-e1611827808656-221x300.png 221w, https:\/\/www.cabrerolles.fr\/wp-content\/uploads\/2024\/02\/emmanuelle_jamme.jpg-e1611827808656.png 634w\" sizes=\"100vw\" \/><\/a>\n\t\t\t<\/div>\n\t\t\t\t<figcaption class='wp-caption-text gallery-caption' id='gallery-3-4612'>\n\t\t\t\tEmmanuelle Jamme, 3\u00e8 adjointe\n\t\t\t\t<\/figcaption><\/figure><figure class='gallery-item'>\n\t\t\t<div class='gallery-icon portrait'>\n\t\t\t\t<a data-elementor-open-lightbox=\"yes\" data-elementor-lightbox-slideshow=\"643ecf1\" data-elementor-lightbox-title=\"Laurent RUBERT (d\u00e9l\u00e9gu\u00e9 adjoint)\" data-e-action-hash=\"#elementor-action%3Aaction%3Dlightbox%26settings%3DeyJpZCI6MTA0MSwidXJsIjoiaHR0cHM6XC9cL3d3dy5jYWJyZXJvbGxlcy5mclwvd3AtY29udGVudFwvdXBsb2Fkc1wvMjAyMVwvMDFcL2xhdXJlbnRfcnViZXJ0LmpwZy0xLnBuZyIsInNsaWRlc2hvdyI6IjY0M2VjZjEifQ%3D%3D\" href='https:\/\/www.cabrerolles.fr\/wp-content\/uploads\/2021\/01\/laurent_rubert.jpg-1.png'><img loading=\"lazy\" decoding=\"async\" width=\"211\" height=\"300\" src=\"https:\/\/www.cabrerolles.fr\/wp-content\/uploads\/2021\/01\/laurent_rubert.jpg-1-211x300.png\" class=\"attachment-medium size-medium\" alt=\"\" aria-describedby=\"gallery-3-1041\" srcset=\"https:\/\/www.cabrerolles.fr\/wp-content\/uploads\/2021\/01\/laurent_rubert.jpg-1-211x300.png 211w, https:\/\/www.cabrerolles.fr\/wp-content\/uploads\/2021\/01\/laurent_rubert.jpg-1.png 634w\" sizes=\"100vw\" \/><\/a>\n\t\t\t<\/div>\n\t\t\t\t<figcaption class='wp-caption-text gallery-caption' id='gallery-3-1041'>\n\t\t\t\tLaurent Rubert, d\u00e9l\u00e9gu\u00e9 adjoint\n\t\t\t\t<\/figcaption><\/figure>\n\t\t<\/div>\n\t\t<\/div>\n\t\t\t\t\t\t<\/div>\n\t\t\t\t<\/div>\n\t\t\t\t<div class=\"elementor-element elementor-element-361351b elementor-widget elementor-widget-spacer\" data-id=\"361351b\" data-element_type=\"widget\" data-e-type=\"widget\" data-widget_type=\"spacer.default\">\n\t\t\t\t<div class=\"elementor-widget-container\">\n\t\t\t\t\t\t\t<div class=\"elementor-spacer\">\n\t\t\t<div class=\"elementor-spacer-inner\"><\/div>\n\t\t<\/div>\n\t\t\t\t\t\t<\/div>\n\t\t\t\t<\/div>\n\t\t\t\t\t<\/div>\n\t\t<\/div>\n\t\t\t\t\t<\/div>\n\t\t<\/section>\n\t\t\t\t<section class=\"elementor-section elementor-top-section elementor-element elementor-element-c1db81b elementor-section-boxed elementor-section-height-default elementor-section-height-default\" data-id=\"c1db81b\" data-element_type=\"section\" data-e-type=\"section\">\n\t\t\t\t\t\t<div class=\"elementor-container elementor-column-gap-default\">\n\t\t\t\t\t<div class=\"elementor-column elementor-col-100 elementor-top-column elementor-element elementor-element-797329e\" data-id=\"797329e\" data-element_type=\"column\" data-e-type=\"column\">\n\t\t\t<div class=\"elementor-widget-wrap elementor-element-populated\">\n\t\t\t\t\t\t<div class=\"elementor-element elementor-element-6e37d0c elementor-widget elementor-widget-heading\" data-id=\"6e37d0c\" data-element_type=\"widget\" data-e-type=\"widget\" data-widget_type=\"heading.default\">\n\t\t\t\t<div class=\"elementor-widget-container\">\n\t\t\t\t\t<h2 class=\"elementor-heading-title elementor-size-default\">Les \u00e9lu\u00b7e\u00b7s<\/h2>\t\t\t\t<\/div>\n\t\t\t\t<\/div>\n\t\t\t\t\t<\/div>\n\t\t<\/div>\n\t\t\t\t\t<\/div>\n\t\t<\/section>\n\t\t\t\t<section class=\"elementor-section elementor-top-section elementor-element elementor-element-786098e elementor-section-height-min-height elementor-section-items-stretch elementor-section-content-space-between elementor-section-boxed elementor-section-height-default\" data-id=\"786098e\" data-element_type=\"section\" data-e-type=\"section\">\n\t\t\t\t\t\t<div class=\"elementor-container elementor-column-gap-wider\">\n\t\t\t\t\t<div class=\"elementor-column elementor-col-100 elementor-top-column elementor-element elementor-element-9fb6398\" data-id=\"9fb6398\" data-element_type=\"column\" data-e-type=\"column\">\n\t\t\t<div class=\"elementor-widget-wrap elementor-element-populated\">\n\t\t\t\t\t\t<div class=\"elementor-element elementor-element-9bf756f gallery-spacing-custom elementor-widget elementor-widget-image-gallery\" data-id=\"9bf756f\" data-element_type=\"widget\" data-e-type=\"widget\" data-widget_type=\"image-gallery.default\">\n\t\t\t\t<div class=\"elementor-widget-container\">\n\t\t\t\t\t\t\t<div class=\"elementor-image-gallery\">\n\t\t\t<div id='gallery-4' class='gallery galleryid-50 gallery-columns-3 gallery-size-medium_large'><figure class='gallery-item'>\n\t\t\t<div class='gallery-icon portrait'>\n\t\t\t\t<a data-elementor-open-lightbox=\"yes\" data-elementor-lightbox-slideshow=\"9bf756f\" data-elementor-lightbox-title=\"Florent BARRAL\" data-e-action-hash=\"#elementor-action%3Aaction%3Dlightbox%26settings%3DeyJpZCI6MTAzNSwidXJsIjoiaHR0cHM6XC9cL3d3dy5jYWJyZXJvbGxlcy5mclwvd3AtY29udGVudFwvdXBsb2Fkc1wvMjAyMVwvMDFcL2Zsb3JlbnRfYmFycmFsLWUxNjExODI3OTY5NTU5LmpwZyIsInNsaWRlc2hvdyI6IjliZjc1NmYifQ%3D%3D\" href='https:\/\/www.cabrerolles.fr\/wp-content\/uploads\/2021\/01\/florent_barral-e1611827969559.jpg'><img loading=\"lazy\" decoding=\"async\" width=\"634\" height=\"859\" src=\"https:\/\/www.cabrerolles.fr\/wp-content\/uploads\/2021\/01\/florent_barral-e1611827969559.jpg\" class=\"attachment-medium_large size-medium_large\" alt=\"\" aria-describedby=\"gallery-4-1035\" srcset=\"https:\/\/www.cabrerolles.fr\/wp-content\/uploads\/2021\/01\/florent_barral-e1611827969559.jpg 634w, https:\/\/www.cabrerolles.fr\/wp-content\/uploads\/2021\/01\/florent_barral-e1611827969559-221x300.jpg 221w\" sizes=\"100vw\" \/><\/a>\n\t\t\t<\/div>\n\t\t\t\t<figcaption class='wp-caption-text gallery-caption' id='gallery-4-1035'>\n\t\t\t\tFlorent Barral\n\t\t\t\t<\/figcaption><\/figure><figure class='gallery-item'>\n\t\t\t<div class='gallery-icon portrait'>\n\t\t\t\t<a data-elementor-open-lightbox=\"yes\" data-elementor-lightbox-slideshow=\"9bf756f\" data-elementor-lightbox-title=\"Oliver BONTEMPS\" data-e-action-hash=\"#elementor-action%3Aaction%3Dlightbox%26settings%3DeyJpZCI6MTA0NywidXJsIjoiaHR0cHM6XC9cL3d3dy5jYWJyZXJvbGxlcy5mclwvd3AtY29udGVudFwvdXBsb2Fkc1wvMjAyMVwvMDFcL09saXZlci1CT05URU1QUy1lMTYxMTgyODE3NDk0NS5wbmciLCJzbGlkZXNob3ciOiI5YmY3NTZmIn0%3D\" href='https:\/\/www.cabrerolles.fr\/wp-content\/uploads\/2021\/01\/Oliver-BONTEMPS-e1611828174945.png'><img loading=\"lazy\" decoding=\"async\" width=\"634\" height=\"859\" src=\"https:\/\/www.cabrerolles.fr\/wp-content\/uploads\/2021\/01\/Oliver-BONTEMPS-e1611828174945.png\" class=\"attachment-medium_large size-medium_large\" alt=\"\" aria-describedby=\"gallery-4-1047\" srcset=\"https:\/\/www.cabrerolles.fr\/wp-content\/uploads\/2021\/01\/Oliver-BONTEMPS-e1611828174945.png 634w, https:\/\/www.cabrerolles.fr\/wp-content\/uploads\/2021\/01\/Oliver-BONTEMPS-e1611828174945-221x300.png 221w\" sizes=\"100vw\" \/><\/a>\n\t\t\t<\/div>\n\t\t\t\t<figcaption class='wp-caption-text gallery-caption' id='gallery-4-1047'>\n\t\t\t\tOlivier Bontemps\n\t\t\t\t<\/figcaption><\/figure><figure class='gallery-item'>\n\t\t\t<div class='gallery-icon portrait'>\n\t\t\t\t<a data-elementor-open-lightbox=\"yes\" data-elementor-lightbox-slideshow=\"9bf756f\" data-elementor-lightbox-title=\"Christian COSTE\" data-e-action-hash=\"#elementor-action%3Aaction%3Dlightbox%26settings%3DeyJpZCI6MjkwOSwidXJsIjoiaHR0cHM6XC9cL3d3dy5jYWJyZXJvbGxlcy5mclwvd3AtY29udGVudFwvdXBsb2Fkc1wvMjAyMVwvMDVcL2NocmlzdGlhbl9jb3N0ZTIuanBnIiwic2xpZGVzaG93IjoiOWJmNzU2ZiJ9\" href='https:\/\/www.cabrerolles.fr\/wp-content\/uploads\/2021\/05\/christian_coste2.jpg'><img loading=\"lazy\" decoding=\"async\" width=\"634\" height=\"859\" src=\"https:\/\/www.cabrerolles.fr\/wp-content\/uploads\/2021\/05\/christian_coste2.jpg\" class=\"attachment-medium_large size-medium_large\" alt=\"\" aria-describedby=\"gallery-4-2909\" srcset=\"https:\/\/www.cabrerolles.fr\/wp-content\/uploads\/2021\/05\/christian_coste2.jpg 634w, https:\/\/www.cabrerolles.fr\/wp-content\/uploads\/2021\/05\/christian_coste2-221x300.jpg 221w\" sizes=\"100vw\" \/><\/a>\n\t\t\t<\/div>\n\t\t\t\t<figcaption class='wp-caption-text gallery-caption' id='gallery-4-2909'>\n\t\t\t\tChristian Coste\n\t\t\t\t<\/figcaption><\/figure><figure class='gallery-item'>\n\t\t\t<div class='gallery-icon portrait'>\n\t\t\t\t<a data-elementor-open-lightbox=\"yes\" data-elementor-lightbox-slideshow=\"9bf756f\" data-elementor-lightbox-title=\"Ameni DEROUICH\" data-e-action-hash=\"#elementor-action%3Aaction%3Dlightbox%26settings%3DeyJpZCI6MTAyNCwidXJsIjoiaHR0cHM6XC9cL3d3dy5jYWJyZXJvbGxlcy5mclwvd3AtY29udGVudFwvdXBsb2Fkc1wvMjAyMVwvMDFcL2FtZW5pX2Rlcm91aWNoLWUxNjExODI3ODc4Njg1LnBuZyIsInNsaWRlc2hvdyI6IjliZjc1NmYifQ%3D%3D\" href='https:\/\/www.cabrerolles.fr\/wp-content\/uploads\/2021\/01\/ameni_derouich-e1611827878685.png'><img loading=\"lazy\" decoding=\"async\" width=\"634\" height=\"859\" src=\"https:\/\/www.cabrerolles.fr\/wp-content\/uploads\/2021\/01\/ameni_derouich-e1611827878685.png\" class=\"attachment-medium_large size-medium_large\" alt=\"\" aria-describedby=\"gallery-4-1024\" srcset=\"https:\/\/www.cabrerolles.fr\/wp-content\/uploads\/2021\/01\/ameni_derouich-e1611827878685.png 634w, https:\/\/www.cabrerolles.fr\/wp-content\/uploads\/2021\/01\/ameni_derouich-e1611827878685-221x300.png 221w\" sizes=\"100vw\" \/><\/a>\n\t\t\t<\/div>\n\t\t\t\t<figcaption class='wp-caption-text gallery-caption' id='gallery-4-1024'>\n\t\t\t\tAm\u00e9ni Derouich\n\t\t\t\t<\/figcaption><\/figure><figure class='gallery-item'>\n\t\t\t<div class='gallery-icon portrait'>\n\t\t\t\t<a data-elementor-open-lightbox=\"yes\" data-elementor-lightbox-slideshow=\"9bf756f\" data-elementor-lightbox-title=\"Yannick MARTIN\" data-e-action-hash=\"#elementor-action%3Aaction%3Dlightbox%26settings%3DeyJpZCI6MTAzMywidXJsIjoiaHR0cHM6XC9cL3d3dy5jYWJyZXJvbGxlcy5mclwvd3AtY29udGVudFwvdXBsb2Fkc1wvMjAyMVwvMDFcL1lhbm5pY2stTWFydGluLWUxNjExODI3ODQ0OTMxLnBuZyIsInNsaWRlc2hvdyI6IjliZjc1NmYifQ%3D%3D\" href='https:\/\/www.cabrerolles.fr\/wp-content\/uploads\/2021\/01\/Yannick-Martin-e1611827844931.png'><img loading=\"lazy\" decoding=\"async\" width=\"634\" height=\"859\" src=\"https:\/\/www.cabrerolles.fr\/wp-content\/uploads\/2021\/01\/Yannick-Martin-e1611827844931.png\" class=\"attachment-medium_large size-medium_large\" alt=\"\" aria-describedby=\"gallery-4-1033\" srcset=\"https:\/\/www.cabrerolles.fr\/wp-content\/uploads\/2021\/01\/Yannick-Martin-e1611827844931.png 634w, https:\/\/www.cabrerolles.fr\/wp-content\/uploads\/2021\/01\/Yannick-Martin-e1611827844931-221x300.png 221w\" sizes=\"100vw\" \/><\/a>\n\t\t\t<\/div>\n\t\t\t\t<figcaption class='wp-caption-text gallery-caption' id='gallery-4-1033'>\n\t\t\t\tYannick Martin\n\t\t\t\t<\/figcaption><\/figure><figure class='gallery-item'>\n\t\t\t<div class='gallery-icon portrait'>\n\t\t\t\t<a data-elementor-open-lightbox=\"yes\" data-elementor-lightbox-slideshow=\"9bf756f\" data-elementor-lightbox-title=\"julien_seydoux.jpg\" data-e-action-hash=\"#elementor-action%3Aaction%3Dlightbox%26settings%3DeyJpZCI6NDYxNCwidXJsIjoiaHR0cHM6XC9cL3d3dy5jYWJyZXJvbGxlcy5mclwvd3AtY29udGVudFwvdXBsb2Fkc1wvMjAyNFwvMDJcL2p1bGllbl9zZXlkb3V4LmpwZy5wbmciLCJzbGlkZXNob3ciOiI5YmY3NTZmIn0%3D\" href='https:\/\/www.cabrerolles.fr\/wp-content\/uploads\/2024\/02\/julien_seydoux.jpg.png'><img loading=\"lazy\" decoding=\"async\" width=\"634\" height=\"900\" src=\"https:\/\/www.cabrerolles.fr\/wp-content\/uploads\/2024\/02\/julien_seydoux.jpg.png\" class=\"attachment-medium_large size-medium_large\" alt=\"\" aria-describedby=\"gallery-4-4614\" srcset=\"https:\/\/www.cabrerolles.fr\/wp-content\/uploads\/2024\/02\/julien_seydoux.jpg.png 634w, https:\/\/www.cabrerolles.fr\/wp-content\/uploads\/2024\/02\/julien_seydoux.jpg-211x300.png 211w\" sizes=\"100vw\" \/><\/a>\n\t\t\t<\/div>\n\t\t\t\t<figcaption class='wp-caption-text gallery-caption' id='gallery-4-4614'>\n\t\t\t\tJulien Seydoux\n\t\t\t\t<\/figcaption><\/figure>\n\t\t<\/div>\n\t\t<\/div>\n\t\t\t\t\t\t<\/div>\n\t\t\t\t<\/div>\n\t\t\t\t\t<\/div>\n\t\t<\/div>\n\t\t\t\t\t<\/div>\n\t\t<\/section>\n\t\t\t\t<\/div>\n\t\t","protected":false},"excerpt":{"rendered":"<p>L&#8217;\u00e9quipe municipale de Cabrerolles La Maire de Cabrerolles S\u00e9verine Saur, Maire Les adjoint\u00b7e\u00b7s Olivier Andrieu, 1er adjoint Genevi\u00e8ve Palau, 2\u00e8 adjointe Emmanuelle Jamme, 3\u00e8 adjointe Laurent Rubert, d\u00e9l\u00e9gu\u00e9 adjoint Les \u00e9lu\u00b7e\u00b7s Florent Barral Olivier Bontemps Christian Coste Am\u00e9ni Derouich Yannick Martin Julien Seydoux<\/p>\n","protected":false},"author":1,"featured_media":0,"parent":0,"menu_order":0,"comment_status":"closed","ping_status":"closed","template":"","meta":{"advgb_blocks_editor_width":"","advgb_blocks_columns_visual_guide":"","footnotes":""},"class_list":["post-50","page","type-page","status-publish","hentry"],"coauthors":[],"author_meta":{"author_link":"https:\/\/www.cabrerolles.fr\/?author=1","display_name":"mairie"},"relative_dates":{"created":"Publi\u00e9 5 ans il y a","modified":"Mis \u00e0 jour 2 ans il y a"},"absolute_dates":{"created":"Publi\u00e9 le 25 janvier 2021","modified":"Mise \u00e0 jour le 12 f\u00e9vrier 2024"},"absolute_dates_time":{"created":"Publi\u00e9 le 25 janvier 2021 12h13","modified":"Mise \u00e0 jour le 12 f\u00e9vrier 2024 10h29"},"featured_img_caption":"","featured_img":false,"series_order":"","_links":{"self":[{"href":"https:\/\/www.cabrerolles.fr\/index.php?rest_route=\/wp\/v2\/pages\/50","targetHints":{"allow":["GET"]}}],"collection":[{"href":"https:\/\/www.cabrerolles.fr\/index.php?rest_route=\/wp\/v2\/pages"}],"about":[{"href":"https:\/\/www.cabrerolles.fr\/index.php?rest_route=\/wp\/v2\/types\/page"}],"author":[{"embeddable":true,"href":"https:\/\/www.cabrerolles.fr\/index.php?rest_route=\/wp\/v2\/users\/1"}],"replies":[{"embeddable":true,"href":"https:\/\/www.cabrerolles.fr\/index.php?rest_route=%2Fwp%2Fv2%2Fcomments&post=50"}],"version-history":[{"count":118,"href":"https:\/\/www.cabrerolles.fr\/index.php?rest_route=\/wp\/v2\/pages\/50\/revisions"}],"predecessor-version":[{"id":4617,"href":"https:\/\/www.cabrerolles.fr\/index.php?rest_route=\/wp\/v2\/pages\/50\/revisions\/4617"}],"wp:attachment":[{"href":"https:\/\/www.cabrerolles.fr\/index.php?rest_route=%2Fwp%2Fv2%2Fmedia&parent=50"}],"curies":[{"name":"wp","href":"https:\/\/api.w.org\/{rel}","templated":true}]}}