{"id":54,"date":"2021-01-25T12:15:21","date_gmt":"2021-01-25T11:15:21","guid":{"rendered":"https:\/\/web-mmi.iutbeziers.fr\/marathonMMI2021\/mdwMMI2021_17\/wordpress\/?page_id=54"},"modified":"2026-03-31T10:52:31","modified_gmt":"2026-03-31T08:52:31","slug":"employes-de-la-commune","status":"publish","type":"page","link":"https:\/\/www.cabrerolles.fr\/?page_id=54","title":{"rendered":"Employ\u00e9.e.s de la commune"},"content":{"rendered":"\t\t<div data-elementor-type=\"wp-page\" data-elementor-id=\"54\" class=\"elementor elementor-54\">\n\t\t\t\t\t\t<section class=\"elementor-section elementor-top-section elementor-element elementor-element-7bd2c40 elementor-section-boxed elementor-section-height-default elementor-section-height-default\" data-id=\"7bd2c40\" data-element_type=\"section\" data-e-type=\"section\">\n\t\t\t\t\t\t<div class=\"elementor-container elementor-column-gap-default\">\n\t\t\t\t\t<div class=\"elementor-column elementor-col-100 elementor-top-column elementor-element elementor-element-4d8268f\" data-id=\"4d8268f\" data-element_type=\"column\" data-e-type=\"column\">\n\t\t\t<div class=\"elementor-widget-wrap elementor-element-populated\">\n\t\t\t\t\t\t<div class=\"elementor-element elementor-element-9827a95 elementor-widget elementor-widget-heading\" data-id=\"9827a95\" data-element_type=\"widget\" data-e-type=\"widget\" data-widget_type=\"heading.default\">\n\t\t\t\t<div class=\"elementor-widget-container\">\n\t\t\t\t\t<h2 class=\"elementor-heading-title elementor-size-default\">Les employ\u00e9\u00b7e\u00b7s de la commune<\/h2>\t\t\t\t<\/div>\n\t\t\t\t<\/div>\n\t\t\t\t\t<\/div>\n\t\t<\/div>\n\t\t\t\t\t<\/div>\n\t\t<\/section>\n\t\t\t\t<section class=\"elementor-section elementor-top-section elementor-element elementor-element-20bb3283 elementor-section-boxed elementor-section-height-default elementor-section-height-default\" data-id=\"20bb3283\" data-element_type=\"section\" data-e-type=\"section\">\n\t\t\t\t\t\t<div class=\"elementor-container elementor-column-gap-default\">\n\t\t\t\t\t<div class=\"elementor-column elementor-col-100 elementor-top-column elementor-element elementor-element-f6362ae\" data-id=\"f6362ae\" data-element_type=\"column\" data-e-type=\"column\">\n\t\t\t<div class=\"elementor-widget-wrap elementor-element-populated\">\n\t\t\t\t\t\t<div class=\"elementor-element elementor-element-25233f5f elementor-widget elementor-widget-text-editor\" data-id=\"25233f5f\" data-element_type=\"widget\" data-e-type=\"widget\" data-widget_type=\"text-editor.default\">\n\t\t\t\t<div class=\"elementor-widget-container\">\n\t\t\t\t\t\t\t\t\t<p><strong><span style=\"color: #000000;\">A la Mairie :<\/span><\/strong><br \/><span style=\"color: #000000;\">Bruno Laulh\u00e9, secr\u00e9taire<\/span><br \/><span style=\"color: #000000;\">Rodolphe Alonso, agent technique<br \/><\/span><span style=\"color: #000000;\">Eric Daude, agent technique<\/span><\/p><p><strong><span style=\"color: #000000;\">A l\u2019\u00e9cole :<\/span><\/strong><br \/><span style=\"color: #000000;\">Emma Gatimel, ATSEM<\/span><br \/><span style=\"color: #000000;\">Caroline Jeay, animation accueil et cantine, entretien des locaux<\/span><br \/><span style=\"color: #000000;\">Chorouk Navarro, animation accueil et cantine, entretien des<\/span> <span style=\"color: #000000;\">locaux<\/span><\/p>\t\t\t\t\t\t\t\t<\/div>\n\t\t\t\t<\/div>\n\t\t\t\t\t<\/div>\n\t\t<\/div>\n\t\t\t\t\t<\/div>\n\t\t<\/section>\n\t\t\t\t<\/div>\n\t\t","protected":false},"excerpt":{"rendered":"<p>Les employ\u00e9\u00b7e\u00b7s de la commune A la Mairie :Bruno Laulh\u00e9, secr\u00e9taireRodolphe Alonso, agent techniqueEric Daude, agent technique A l\u2019\u00e9cole :Emma Gatimel, ATSEMCaroline Jeay, animation accueil et cantine, entretien des locauxChorouk Navarro, animation accueil et cantine, entretien des locaux<\/p>\n","protected":false},"author":1,"featured_media":0,"parent":0,"menu_order":0,"comment_status":"closed","ping_status":"closed","template":"","meta":{"advgb_blocks_editor_width":"","advgb_blocks_columns_visual_guide":"","footnotes":""},"class_list":["post-54","page","type-page","status-publish","hentry"],"coauthors":[],"author_meta":{"author_link":"https:\/\/www.cabrerolles.fr\/?author=1","display_name":"mairie"},"relative_dates":{"created":"Publi\u00e9 5 ans il y a","modified":"Mis \u00e0 jour 4 semaines il y a"},"absolute_dates":{"created":"Publi\u00e9 le 25 janvier 2021","modified":"Mise \u00e0 jour le 31 mars 2026"},"absolute_dates_time":{"created":"Publi\u00e9 le 25 janvier 2021 12h15","modified":"Mise \u00e0 jour le 31 mars 2026 10h52"},"featured_img_caption":"","featured_img":false,"series_order":"","_links":{"self":[{"href":"https:\/\/www.cabrerolles.fr\/index.php?rest_route=\/wp\/v2\/pages\/54","targetHints":{"allow":["GET"]}}],"collection":[{"href":"https:\/\/www.cabrerolles.fr\/index.php?rest_route=\/wp\/v2\/pages"}],"about":[{"href":"https:\/\/www.cabrerolles.fr\/index.php?rest_route=\/wp\/v2\/types\/page"}],"author":[{"embeddable":true,"href":"https:\/\/www.cabrerolles.fr\/index.php?rest_route=\/wp\/v2\/users\/1"}],"replies":[{"embeddable":true,"href":"https:\/\/www.cabrerolles.fr\/index.php?rest_route=%2Fwp%2Fv2%2Fcomments&post=54"}],"version-history":[{"count":38,"href":"https:\/\/www.cabrerolles.fr\/index.php?rest_route=\/wp\/v2\/pages\/54\/revisions"}],"predecessor-version":[{"id":5125,"href":"https:\/\/www.cabrerolles.fr\/index.php?rest_route=\/wp\/v2\/pages\/54\/revisions\/5125"}],"wp:attachment":[{"href":"https:\/\/www.cabrerolles.fr\/index.php?rest_route=%2Fwp%2Fv2%2Fmedia&parent=54"}],"curies":[{"name":"wp","href":"https:\/\/api.w.org\/{rel}","templated":true}]}}