{"id":58,"date":"2021-01-25T12:17:15","date_gmt":"2021-01-25T11:17:15","guid":{"rendered":"https:\/\/web-mmi.iutbeziers.fr\/marathonMMI2021\/mdwMMI2021_17\/wordpress\/?page_id=58"},"modified":"2026-04-22T11:31:35","modified_gmt":"2026-04-22T09:31:35","slug":"conseils-municipaux","status":"publish","type":"page","link":"https:\/\/www.cabrerolles.fr\/?page_id=58","title":{"rendered":"Conseils municipaux"},"content":{"rendered":"\t\t<div data-elementor-type=\"wp-page\" data-elementor-id=\"58\" class=\"elementor elementor-58\">\n\t\t\t\t\t\t<section class=\"elementor-section elementor-top-section elementor-element elementor-element-39b8e3c elementor-section-boxed elementor-section-height-default elementor-section-height-default\" data-id=\"39b8e3c\" data-element_type=\"section\" data-e-type=\"section\">\n\t\t\t\t\t\t<div class=\"elementor-container elementor-column-gap-default\">\n\t\t\t\t\t<div class=\"elementor-column elementor-col-100 elementor-top-column elementor-element elementor-element-38c3578\" data-id=\"38c3578\" data-element_type=\"column\" data-e-type=\"column\">\n\t\t\t<div class=\"elementor-widget-wrap elementor-element-populated\">\n\t\t\t\t\t\t<div class=\"elementor-element elementor-element-68f5bcd elementor-widget elementor-widget-menu-anchor\" data-id=\"68f5bcd\" data-element_type=\"widget\" data-e-type=\"widget\" data-widget_type=\"menu-anchor.default\">\n\t\t\t\t<div class=\"elementor-widget-container\">\n\t\t\t\t\t\t\t<div class=\"elementor-menu-anchor\" id=\"PV_conseils\"><\/div>\n\t\t\t\t\t\t<\/div>\n\t\t\t\t<\/div>\n\t\t\t\t<div class=\"elementor-element elementor-element-7a8b4ef elementor-widget elementor-widget-heading\" data-id=\"7a8b4ef\" data-element_type=\"widget\" data-e-type=\"widget\" data-widget_type=\"heading.default\">\n\t\t\t\t<div class=\"elementor-widget-container\">\n\t\t\t\t\t<h2 class=\"elementor-heading-title elementor-size-default\">Les conseils municipaux<\/h2>\t\t\t\t<\/div>\n\t\t\t\t<\/div>\n\t\t\t\t\t<\/div>\n\t\t<\/div>\n\t\t\t\t\t<\/div>\n\t\t<\/section>\n\t\t\t\t<section class=\"elementor-section elementor-top-section elementor-element elementor-element-305d464 elementor-section-boxed elementor-section-height-default elementor-section-height-default\" data-id=\"305d464\" data-element_type=\"section\" data-e-type=\"section\">\n\t\t\t\t\t\t<div class=\"elementor-container elementor-column-gap-default\">\n\t\t\t\t\t<div class=\"elementor-column elementor-col-100 elementor-top-column elementor-element elementor-element-8798f3b\" data-id=\"8798f3b\" data-element_type=\"column\" data-e-type=\"column\">\n\t\t\t<div class=\"elementor-widget-wrap elementor-element-populated\">\n\t\t\t\t\t\t<div class=\"elementor-element elementor-element-cc673c0 elementor-widget elementor-widget-text-editor\" data-id=\"cc673c0\" data-element_type=\"widget\" data-e-type=\"widget\" data-widget_type=\"text-editor.default\">\n\t\t\t\t<div class=\"elementor-widget-container\">\n\t\t\t\t\t\t\t\t\t<p><span style=\"font-weight: 400; color: #000000;\">Vous trouverez class\u00e9s par ann\u00e9e civile depuis juillet 2020, l&#8217;ensemble des proc\u00e8s verbaux des conseils municipaux.<br \/>D\u00e9roulez l&#8217;ann\u00e9e et cliquez sur les liens pour les t\u00e9l\u00e9charger en format pdf.<\/span><br \/><br \/><\/p>\t\t\t\t\t\t\t\t<\/div>\n\t\t\t\t<\/div>\n\t\t\t\t\t<\/div>\n\t\t<\/div>\n\t\t\t\t\t<\/div>\n\t\t<\/section>\n\t\t\t\t<section class=\"elementor-section elementor-top-section elementor-element elementor-element-d05b7e2 elementor-section-boxed elementor-section-height-default elementor-section-height-default\" data-id=\"d05b7e2\" data-element_type=\"section\" data-e-type=\"section\">\n\t\t\t\t\t\t<div class=\"elementor-container elementor-column-gap-default\">\n\t\t\t\t\t<div class=\"elementor-column elementor-col-100 elementor-top-column elementor-element elementor-element-a2b7460\" data-id=\"a2b7460\" data-element_type=\"column\" data-e-type=\"column\">\n\t\t\t<div class=\"elementor-widget-wrap elementor-element-populated\">\n\t\t\t\t\t\t<div class=\"elementor-element elementor-element-f66c7d0 elementor-widget elementor-widget-accordion\" data-id=\"f66c7d0\" data-element_type=\"widget\" data-e-type=\"widget\" data-widget_type=\"accordion.default\">\n\t\t\t\t<div class=\"elementor-widget-container\">\n\t\t\t\t\t\t\t<div class=\"elementor-accordion\">\n\t\t\t\t\t\t\t<div class=\"elementor-accordion-item\">\n\t\t\t\t\t<div id=\"elementor-tab-title-2581\" class=\"elementor-tab-title\" data-tab=\"1\" role=\"button\" aria-controls=\"elementor-tab-content-2581\" aria-expanded=\"false\">\n\t\t\t\t\t\t\t\t\t\t\t\t\t<span class=\"elementor-accordion-icon elementor-accordion-icon-left\" aria-hidden=\"true\">\n\t\t\t\t\t\t\t\t\t\t\t\t\t\t\t<span class=\"elementor-accordion-icon-closed\"><i class=\"fas fa-plus\"><\/i><\/span>\n\t\t\t\t\t\t\t\t<span class=\"elementor-accordion-icon-opened\"><i class=\"fas fa-minus\"><\/i><\/span>\n\t\t\t\t\t\t\t\t\t\t\t\t\t\t<\/span>\n\t\t\t\t\t\t\t\t\t\t\t\t<a class=\"elementor-accordion-title\" tabindex=\"0\">Ann\u00e9e 2026<\/a>\n\t\t\t\t\t<\/div>\n\t\t\t\t\t<div id=\"elementor-tab-content-2581\" class=\"elementor-tab-content elementor-clearfix\" data-tab=\"1\" role=\"region\" aria-labelledby=\"elementor-tab-title-2581\"><h4><span style=\"color: #800000;\">Avril 2026<\/span><\/h4><p><span style=\"color: #000000;\">Ouvrir et t\u00e9l\u00e9charger le <span style=\"color: #800000;\"><a style=\"color: #800000;\" href=\"https:\/\/www.cabrerolles.fr\/wp-content\/uploads\/2026\/04\/PV-conseil-du-8-avril-2026.pdf\" target=\"_blank\" rel=\"noopener\">PV du\u00a0 conseil du 8 avril 2026<\/a><\/span><\/span><\/p><h4><span style=\"color: #800000;\">Mars 2026<\/span><\/h4><p><span style=\"color: #000000;\">Ouvrir et t\u00e9l\u00e9charger le <span style=\"color: #800000;\"><a style=\"color: #800000;\" href=\"https:\/\/www.cabrerolles.fr\/wp-content\/uploads\/2026\/04\/PV-conseil-du-21-mars-2026.pdf\" target=\"_blank\" rel=\"noopener\">PV du conseil du 21 mars 2026<\/a><\/span><\/span><\/p><h4><span style=\"color: #800000;\">F\u00e9vrier 2026<\/span><\/h4><p><span style=\"color: #000000;\">Ouvrir et t\u00e9l\u00e9charger le <a href=\"https:\/\/www.cabrerolles.fr\/wp-content\/uploads\/2026\/02\/PV-conseil-du-10-fevrier-2026.pdf\" target=\"_blank\" rel=\"noopener\"><span style=\"color: #800000;\">PV du conseil du 10 f\u00e9vrier 2026<\/span><\/a><\/span><\/p><h4><span style=\"color: #800000;\">Janvier 2026<\/span><\/h4><p><span style=\"color: #000000;\">Ouvrir et t\u00e9l\u00e9charger le <a href=\"https:\/\/www.cabrerolles.fr\/wp-content\/uploads\/2026\/01\/PV-conseil-du-13-janvier-2026.pdf\" target=\"_blank\" rel=\"noopener\"><span style=\"color: #800000;\">PV du conseil du 13 janvier 2026<\/span><\/a><\/span><\/p><\/div>\n\t\t\t\t<\/div>\n\t\t\t\t\t\t\t<div class=\"elementor-accordion-item\">\n\t\t\t\t\t<div id=\"elementor-tab-title-2582\" class=\"elementor-tab-title\" data-tab=\"2\" role=\"button\" aria-controls=\"elementor-tab-content-2582\" aria-expanded=\"false\">\n\t\t\t\t\t\t\t\t\t\t\t\t\t<span class=\"elementor-accordion-icon elementor-accordion-icon-left\" aria-hidden=\"true\">\n\t\t\t\t\t\t\t\t\t\t\t\t\t\t\t<span class=\"elementor-accordion-icon-closed\"><i class=\"fas fa-plus\"><\/i><\/span>\n\t\t\t\t\t\t\t\t<span class=\"elementor-accordion-icon-opened\"><i class=\"fas fa-minus\"><\/i><\/span>\n\t\t\t\t\t\t\t\t\t\t\t\t\t\t<\/span>\n\t\t\t\t\t\t\t\t\t\t\t\t<a class=\"elementor-accordion-title\" tabindex=\"0\">Ann\u00e9e 2025<\/a>\n\t\t\t\t\t<\/div>\n\t\t\t\t\t<div id=\"elementor-tab-content-2582\" class=\"elementor-tab-content elementor-clearfix\" data-tab=\"2\" role=\"region\" aria-labelledby=\"elementor-tab-title-2582\"><h4><span style=\"color: #800000;\">D\u00e9cembre 2025<\/span><\/h4><p><span style=\"color: #000000;\">Ouvrir et t\u00e9l\u00e9charger le <span style=\"color: #800000;\"><a style=\"color: #800000;\" href=\"https:\/\/www.cabrerolles.fr\/wp-content\/uploads\/2026\/01\/PV-conseil-du-9-decembre-2025.pdf\" target=\"_blank\" rel=\"noopener\">PV du conseil du 9 d\u00e9cembre 2025<\/a><\/span><\/span><\/p><h4><span style=\"color: #800000;\">Novembre 2025<\/span><\/h4><p><span style=\"color: #000000;\">Ouvrir et t\u00e9l\u00e9charger le <span style=\"color: #800000;\"><a style=\"color: #800000;\" href=\"https:\/\/www.cabrerolles.fr\/wp-content\/uploads\/2025\/11\/PV-conseil-du-12-novembre-2025-1.pdf\" target=\"_blank\" rel=\"noopener\">PV du conseil du 12 novembre 2025<\/a><\/span><\/span><\/p><h4><span style=\"color: #800000;\">Octobre 2025<\/span><\/h4><p><span style=\"color: #000000;\">Ouvrir et t\u00e9l\u00e9charger le <span style=\"color: #800000;\"><a style=\"color: #800000;\" href=\"https:\/\/www.cabrerolles.fr\/wp-content\/uploads\/2025\/10\/PV-conseil-du-14-octobre-2025.pdf\" target=\"_blank\" rel=\"noopener\">PV du conseil du 14 octobre 2025<\/a><\/span><\/span><\/p><h4><span style=\"color: #800000;\">Septembre 2025<\/span><\/h4><p><span style=\"color: #000000;\">Ouvrir et t\u00e9l\u00e9charger le <span style=\"color: #800000;\"><a style=\"color: #800000;\" href=\"https:\/\/www.cabrerolles.fr\/wp-content\/uploads\/2025\/09\/PV-conseil-du-9-septembre-2025.pdf\" target=\"_blank\" rel=\"noopener\">PV du conseil du 9 septembre 2025<\/a><\/span><\/span><\/p><h4><span style=\"color: #800000;\">Juillet 2025<\/span><\/h4><p><span style=\"color: #000000;\">Ouvrir et t\u00e9l\u00e9charger le <span style=\"color: #800000;\"><a style=\"color: #800000;\" href=\"https:\/\/www.cabrerolles.fr\/wp-content\/uploads\/2025\/07\/PV-conseil-du-8-juillet-2025.pdf\" target=\"_blank\" rel=\"noopener\">PV du conseil du 8 juillet 2025<\/a><\/span><\/span><\/p><h4><span style=\"color: #800000;\">Juin 2025<\/span><\/h4><p><span style=\"color: #000000;\">Ouvrir et<span style=\"color: #800000;\"><span style=\"color: #000000;\"> t\u00e9l\u00e9charger<\/span> le <a style=\"color: #800000;\" href=\"https:\/\/www.cabrerolles.fr\/wp-content\/uploads\/2025\/06\/PV-conseil-du-10-juin-2025.pdf\" target=\"_blank\" rel=\"noopener\">PV du conseil du 10 juin 2025<\/a><\/span><\/span><\/p><h4><span style=\"color: #800000;\">Mai 2025<\/span><\/h4><p><span style=\"color: #000000;\">Ouvrir et t\u00e9l\u00e9charger le <span style=\"color: #800000;\"><a style=\"color: #800000;\" href=\"https:\/\/www.cabrerolles.fr\/wp-content\/uploads\/2025\/05\/PV-conseil-du-13-mai-2025.pdf\" target=\"_blank\" rel=\"noopener\">PV du conseil du 13 mai 2025<\/a><\/span><\/span><\/p><h4><span style=\"color: #800000;\">Avril 2025<\/span><\/h4><p><span style=\"color: #000000;\">Ouvrir et t\u00e9l\u00e9charger le <a href=\"https:\/\/www.cabrerolles.fr\/wp-content\/uploads\/2025\/04\/PV-conseil-du-08-avril-2025-2.pdf\" target=\"_blank\" rel=\"noopener\"><span style=\"color: #800000;\">PV du conseil du 8 avril 2025<\/span><\/a><\/span><\/p><h4><span style=\"color: #800000;\">Mars 2025<\/span><\/h4><p><span style=\"color: #000000;\">Ouvrir et t\u00e9l\u00e9charger le <span style=\"color: #800000;\"><a style=\"color: #800000;\" href=\"https:\/\/www.cabrerolles.fr\/wp-content\/uploads\/2025\/03\/PV-conseil-du-11-mars-2025.pdf\" target=\"_blank\" rel=\"noopener\">PV du conseil du 11 mars 2025<\/a><\/span><\/span><\/p><h4><span style=\"color: #800000;\">F\u00e9vrier 2025<\/span><\/h4><p><span style=\"color: #000000;\">Ouvrir et t\u00e9l\u00e9charger le <span style=\"color: #800000;\"><a style=\"color: #800000;\" href=\"https:\/\/www.cabrerolles.fr\/wp-content\/uploads\/2025\/02\/PV-conseil-du-11-fevrier-2025.pdf\" target=\"_blank\" rel=\"noopener\">PV du\u00a0 conseil du 11 f\u00e9vrier 2025<\/a><\/span><\/span><\/p><h4><span style=\"color: #800000;\">Janvier 2025<\/span><\/h4><p><span style=\"color: #000000;\">Ouvrir et t\u00e9l\u00e9charger le <span style=\"color: #800000;\"><a href=\"https:\/\/www.cabrerolles.fr\/wp-content\/uploads\/2025\/02\/PV-conseil-du-14-janvier-2025.pdf\" target=\"_blank\" rel=\"noopener\"><span style=\"color: #800000;\">PV du conseil du 14 janvier 2025<\/span><\/a><\/span><\/span><\/p><\/div>\n\t\t\t\t<\/div>\n\t\t\t\t\t\t\t<div class=\"elementor-accordion-item\">\n\t\t\t\t\t<div id=\"elementor-tab-title-2583\" class=\"elementor-tab-title\" data-tab=\"3\" role=\"button\" aria-controls=\"elementor-tab-content-2583\" aria-expanded=\"false\">\n\t\t\t\t\t\t\t\t\t\t\t\t\t<span class=\"elementor-accordion-icon elementor-accordion-icon-left\" aria-hidden=\"true\">\n\t\t\t\t\t\t\t\t\t\t\t\t\t\t\t<span class=\"elementor-accordion-icon-closed\"><i class=\"fas fa-plus\"><\/i><\/span>\n\t\t\t\t\t\t\t\t<span class=\"elementor-accordion-icon-opened\"><i class=\"fas fa-minus\"><\/i><\/span>\n\t\t\t\t\t\t\t\t\t\t\t\t\t\t<\/span>\n\t\t\t\t\t\t\t\t\t\t\t\t<a class=\"elementor-accordion-title\" tabindex=\"0\">Ann\u00e9e 2024<\/a>\n\t\t\t\t\t<\/div>\n\t\t\t\t\t<div id=\"elementor-tab-content-2583\" class=\"elementor-tab-content elementor-clearfix\" data-tab=\"3\" role=\"region\" aria-labelledby=\"elementor-tab-title-2583\"><h4><span style=\"color: #800000;\">D\u00e9cembre 2024<\/span><\/h4><p><span style=\"color: #000000;\">Ouvrir et t\u00e9l\u00e9charger le <a href=\"https:\/\/www.cabrerolles.fr\/wp-content\/uploads\/2024\/12\/PV-conseil-du-10-decembre-2024.pdf\" target=\"_blank\" rel=\"noopener\"><span style=\"color: #800000;\">PV du conseil du 10 d\u00e9cembre 2024<\/span><\/a><\/span><\/p><h4><span style=\"color: #800000;\">Novembre 2024<\/span><\/h4><p><span style=\"color: #000000;\">Ouvrir et t\u00e9l\u00e9charger le <span style=\"color: #800000;\"><a style=\"color: #800000;\" href=\"https:\/\/www.cabrerolles.fr\/wp-content\/uploads\/2024\/12\/PV-conseil-du-12-novembre-2024.pdf\" target=\"_blank\" rel=\"noopener\">PV du\u00a0 conseil du 12 novembre 2024<\/a><\/span><\/span><\/p><h4><span style=\"color: #800000;\">Octobre 2024<\/span><\/h4><p><span style=\"color: #000000;\">Ouvrir et t\u00e9l\u00e9charger le <a href=\"https:\/\/www.cabrerolles.fr\/wp-content\/uploads\/2024\/10\/PV-conseil-du-8-octobre-2024.pdf\" target=\"_blank\" rel=\"noopener\"><span style=\"color: #800000;\">PV du conseil du 8 octobre 2024<\/span><\/a><\/span><\/p><h4><span style=\"color: #800000;\">Septembre 2024<\/span><\/h4><p><span style=\"color: #000000;\">Ouvrir et t\u00e9l\u00e9charger le <a href=\"https:\/\/www.cabrerolles.fr\/wp-content\/uploads\/2024\/10\/PV-conseil-du-10-septembre-2024.pdf\" target=\"_blank\" rel=\"noopener\"><span style=\"color: #800000;\">PV du\u00a0 conseil du 10 septembre 2024<\/span><\/a><\/span><\/p><h4><span style=\"color: #800000;\">Juillet 2024<\/span><\/h4><p><span style=\"color: #000000;\">Ouvrir et t\u00e9l\u00e9charger le <span style=\"color: #800000;\"><a style=\"color: #800000;\" href=\"https:\/\/www.cabrerolles.fr\/wp-content\/uploads\/2024\/07\/PV-conseil-du-9-juillet-2024.pdf\" target=\"_blank\" rel=\"noopener\">PV du conseil du 9 juillet 2024<\/a><\/span><\/span><\/p><h4><span style=\"color: #800000;\">Juin 2024<\/span><\/h4><p><span style=\"color: #000000;\">Ouvrir et t\u00e9l\u00e9charger le <span style=\"color: #800000;\"><a style=\"color: #800000;\" href=\"https:\/\/www.cabrerolles.fr\/wp-content\/uploads\/2024\/07\/PV-conseil-du-11-juin-2024.pdf\" target=\"_blank\" rel=\"noopener\">PV du conseil du 11 juin 2024<\/a><\/span><\/span><\/p><h4><span style=\"color: #800000;\">Mai 2024<\/span><\/h4><p><span style=\"color: #000000;\">Ouvrir et t\u00e9l\u00e9charger le <span style=\"color: #800000;\"><a style=\"color: #800000;\" href=\"https:\/\/www.cabrerolles.fr\/wp-content\/uploads\/2024\/05\/PV-conseil-du-14-mai-2024.pdf\" target=\"_blank\" rel=\"noopener\">PV du conseil du 14 mai 2024<\/a><\/span><\/span><\/p><h4><span style=\"color: #800000;\">Avril 2024<\/span><\/h4><p><span style=\"color: #000000;\">Ouvrir et t\u00e9l\u00e9charger le <span style=\"color: #800000;\"><a style=\"color: #800000;\" href=\"https:\/\/www.cabrerolles.fr\/wp-content\/uploads\/2024\/04\/PV-conseil-du-9-avril-2024.pdf\" target=\"_blank\" rel=\"noopener\">PV du conseil du 9 avril 2024<\/a><\/span><\/span><\/p><h4><span style=\"color: #800000;\">Mars 2024<\/span><\/h4><p><span style=\"color: #000000;\">Ouvrir et t\u00e9l\u00e9charger le <span style=\"color: #800000;\"><a style=\"color: #800000;\" href=\"https:\/\/www.cabrerolles.fr\/wp-content\/uploads\/2024\/04\/PV-conseil-du-12-mars-2024.pdf\" target=\"_blank\" rel=\"noopener\">PV du conseil du 12 mars 2024<\/a><\/span><\/span><\/p><h4><span style=\"color: #800000;\">F\u00e9vrier 2024<\/span><\/h4><p><span style=\"color: #000000;\">Ouvrir et t\u00e9l\u00e9charger le <span style=\"color: #800000;\"><a style=\"color: #800000;\" href=\"https:\/\/www.cabrerolles.fr\/wp-content\/uploads\/2024\/02\/PV-conseil-du-13-fevrier-2024.pdf\" target=\"_blank\" rel=\"noopener\">PV du conseil du 13 f\u00e9vrier 2024<\/a><\/span><\/span><\/p><h4><span style=\"color: #800000;\">Janvier 2024<\/span><\/h4><p><span style=\"color: #000000;\">Ouvrir et t\u00e9l\u00e9charger le <span style=\"color: #800000;\"><a style=\"color: #800000;\" href=\"https:\/\/www.cabrerolles.fr\/wp-content\/uploads\/2024\/01\/PV-conseil-du-9-janvier-2024.pdf\" target=\"_blank\" rel=\"noopener\">PV du conseil du 9 janvier 2024<\/a><\/span><\/span><\/p><\/div>\n\t\t\t\t<\/div>\n\t\t\t\t\t\t\t<div class=\"elementor-accordion-item\">\n\t\t\t\t\t<div id=\"elementor-tab-title-2584\" class=\"elementor-tab-title\" data-tab=\"4\" role=\"button\" aria-controls=\"elementor-tab-content-2584\" aria-expanded=\"false\">\n\t\t\t\t\t\t\t\t\t\t\t\t\t<span class=\"elementor-accordion-icon elementor-accordion-icon-left\" aria-hidden=\"true\">\n\t\t\t\t\t\t\t\t\t\t\t\t\t\t\t<span class=\"elementor-accordion-icon-closed\"><i class=\"fas fa-plus\"><\/i><\/span>\n\t\t\t\t\t\t\t\t<span class=\"elementor-accordion-icon-opened\"><i class=\"fas fa-minus\"><\/i><\/span>\n\t\t\t\t\t\t\t\t\t\t\t\t\t\t<\/span>\n\t\t\t\t\t\t\t\t\t\t\t\t<a class=\"elementor-accordion-title\" tabindex=\"0\">Ann\u00e9e 2023<\/a>\n\t\t\t\t\t<\/div>\n\t\t\t\t\t<div id=\"elementor-tab-content-2584\" class=\"elementor-tab-content elementor-clearfix\" data-tab=\"4\" role=\"region\" aria-labelledby=\"elementor-tab-title-2584\"><h4><span style=\"color: #800000;\">D\u00e9cembre 2023<\/span><\/h4><p><span style=\"color: #000000;\">Ouvrir et t\u00e9l\u00e9charger le <a href=\"https:\/\/www.cabrerolles.fr\/wp-content\/uploads\/2024\/01\/PV-conseil-du-19-decembre-2023.pdf\" target=\"_blank\" rel=\"noopener\"><span style=\"color: #800000;\">PV du conseil du 19 d\u00e9cembre 2023<\/span><\/a><\/span><\/p><h4><span style=\"color: #800000;\">Novembre 2023<\/span><\/h4><p><span style=\"color: #000000;\">Ouvrir et t\u00e9l\u00e9charger le <a href=\"https:\/\/www.cabrerolles.fr\/wp-content\/uploads\/2023\/11\/PV-conseil-du-14-novembre-2023.pdf\" target=\"_blank\" rel=\"noopener\"><span style=\"color: #800000;\">PV du conseil du 14 novembre 2023<\/span><\/a><\/span><\/p><h4><span style=\"color: #800000;\">Octobre 2023<\/span><\/h4><p><span style=\"color: #000000;\">Ouvrir et t\u00e9l\u00e9charger le <span style=\"color: #800000;\"><a style=\"color: #800000;\" href=\"https:\/\/www.cabrerolles.fr\/wp-content\/uploads\/2023\/10\/PV-conseil-du-10-octobre-2023.pdf\" target=\"_blank\" rel=\"noopener\">PV du conseil du 10 octobre 2023<\/a><\/span><\/span><\/p><h4><span style=\"color: #800000;\">Septembre 2023<\/span><\/h4><p><span style=\"color: #000000;\">Ouvrir et t\u00e9l\u00e9charger le <span style=\"color: #800000;\"><a style=\"color: #800000;\" href=\"https:\/\/www.cabrerolles.fr\/wp-content\/uploads\/2023\/10\/PV-conseil-du-12-septembre-2023.pdf\" target=\"_blank\" rel=\"noopener\">PV du conseil du 12 septembre 2023<\/a><\/span><\/span><\/p><h4><span style=\"color: #800000;\">Juillet 2023<\/span><\/h4><p><span style=\"color: #000000;\">Ouvrir et t\u00e9l\u00e9charger le <a href=\"https:\/\/www.cabrerolles.fr\/wp-content\/uploads\/2023\/07\/PV-conseil-du-11-juillet-2023.pdf\" target=\"_blank\" rel=\"noopener\"><span style=\"color: #800000;\">PV du conseil du 11 juillet 2023<\/span><\/a><\/span><\/p><h4><span style=\"color: #800000;\">Juin 2023<\/span><\/h4><p><span style=\"color: #000000;\">Ouvrir et t\u00e9l\u00e9charger le <span style=\"color: #800000;\"><a style=\"color: #800000;\" href=\"https:\/\/www.cabrerolles.fr\/wp-content\/uploads\/2023\/06\/PV-conseil-du-13-juin-2023.pdf\" target=\"_blank\" rel=\"noopener\">PV du conseil du 13 juin 2023<\/a><\/span><\/span><\/p><h4><span style=\"color: #800000;\">Mai 2023<\/span><\/h4><p><span style=\"color: #000000;\">Ouvrir et t\u00e9l\u00e9charger le <a href=\"https:\/\/www.cabrerolles.fr\/wp-content\/uploads\/2023\/05\/PV-conseil-du-9-mai-2023.pdf\" target=\"_blank\" rel=\"noopener\"><span style=\"color: #800000;\">PV du conseil du 9 mai 2023<\/span><\/a><\/span><\/p><h4><span style=\"color: #800000;\">Avril 2023<\/span><\/h4><p><span style=\"color: #000000;\">Ouvrir et t\u00e9l\u00e9charger le <a href=\"https:\/\/www.cabrerolles.fr\/wp-content\/uploads\/2023\/04\/PV-conseil-du-24-avril-2023.pdf\" target=\"_blank\" rel=\"noopener\"><span style=\"color: #800000;\">PV du conseil du 24 avril 2023<\/span><\/a><br \/><\/span><span style=\"color: #000000;\">Ouvrir et t\u00e9l\u00e9charger le <a href=\"https:\/\/www.cabrerolles.fr\/wp-content\/uploads\/2023\/04\/PV-conseil-du-11-avril-2023.pdf\" target=\"_blank\" rel=\"noopener\"><span style=\"color: #800000;\">PV du conseil du 11 avril 2023<\/span><\/a><\/span><\/p><h4><span style=\"color: #800000;\">Mars 2023<\/span><\/h4><p><span style=\"color: #000000;\">Ouvrir et t\u00e9l\u00e9charger le <span style=\"color: #800000;\"><a style=\"color: #800000;\" href=\"https:\/\/www.cabrerolles.fr\/wp-content\/uploads\/2023\/03\/PV-conseil-du-14-mars-2023.pdf\" target=\"_blank\" rel=\"noopener\">PV du conseil du 14 mars 2023<\/a><\/span><\/span><\/p><h4><span style=\"color: #800000;\">F\u00e9vrier 2023<\/span><\/h4><p><span style=\"color: #000000;\">Ouvrir et t\u00e9l\u00e9charger le <a href=\"https:\/\/www.cabrerolles.fr\/wp-content\/uploads\/2023\/02\/PV-conseil-du-7-fevrier-2023.pdf\" target=\"_blank\" rel=\"noopener\"><span style=\"color: #800000;\">PV du conseil du 7 f\u00e9vrier 2023<\/span><\/a><\/span><\/p><h4><span style=\"color: #800000;\">Janvier 2023<\/span><\/h4><p><span style=\"color: #000000;\">Ouvrir et t\u00e9l\u00e9charger le <span style=\"color: #800000;\"><a style=\"color: #800000;\" href=\"https:\/\/www.cabrerolles.fr\/wp-content\/uploads\/2023\/01\/PV-conseil-du-10-janvier-2023.pdf\" target=\"_blank\" rel=\"noopener\">PV du conseil du 10 janvier 2023<\/a><\/span><\/span><\/p><\/div>\n\t\t\t\t<\/div>\n\t\t\t\t\t\t\t<div class=\"elementor-accordion-item\">\n\t\t\t\t\t<div id=\"elementor-tab-title-2585\" class=\"elementor-tab-title\" data-tab=\"5\" role=\"button\" aria-controls=\"elementor-tab-content-2585\" aria-expanded=\"false\">\n\t\t\t\t\t\t\t\t\t\t\t\t\t<span class=\"elementor-accordion-icon elementor-accordion-icon-left\" aria-hidden=\"true\">\n\t\t\t\t\t\t\t\t\t\t\t\t\t\t\t<span class=\"elementor-accordion-icon-closed\"><i class=\"fas fa-plus\"><\/i><\/span>\n\t\t\t\t\t\t\t\t<span class=\"elementor-accordion-icon-opened\"><i class=\"fas fa-minus\"><\/i><\/span>\n\t\t\t\t\t\t\t\t\t\t\t\t\t\t<\/span>\n\t\t\t\t\t\t\t\t\t\t\t\t<a class=\"elementor-accordion-title\" tabindex=\"0\">Ann\u00e9e 2022<\/a>\n\t\t\t\t\t<\/div>\n\t\t\t\t\t<div id=\"elementor-tab-content-2585\" class=\"elementor-tab-content elementor-clearfix\" data-tab=\"5\" role=\"region\" aria-labelledby=\"elementor-tab-title-2585\"><h4><span style=\"color: #800000;\">D\u00e9cembre 2022<\/span><\/h4><p><span style=\"color: #000000;\">Ouvrir et t\u00e9l\u00e9charger le <span style=\"color: #800000;\"><a style=\"color: #800000;\" href=\"https:\/\/www.cabrerolles.fr\/wp-content\/uploads\/2022\/12\/PV-conseil-du-13-decembre-2022.pdf\" target=\"_blank\" rel=\"noopener\">PV du conseil du 13 d\u00e9cembre 2022<\/a><\/span><\/span><\/p><h4><span style=\"color: #800000;\">Novembre 2022<\/span><\/h4><p><span style=\"color: #000000;\">Ouvrir et t\u00e9l\u00e9charger le <span style=\"color: #800000;\"><a style=\"color: #800000;\" href=\"https:\/\/www.cabrerolles.fr\/wp-content\/uploads\/2022\/11\/PV-conseil-du-8-novembre-2022.pdf\" target=\"_blank\" rel=\"noopener\">PV du conseil du 8 novembre 2022<\/a><\/span><\/span><\/p><h4><span style=\"color: #800000;\">Octobre 2022<\/span><\/h4><p><span style=\"color: #000000;\">Ouvrir et t\u00e9l\u00e9charger le <span style=\"color: #800000;\"><a style=\"color: #800000;\" href=\"https:\/\/www.cabrerolles.fr\/wp-content\/uploads\/2022\/10\/PV-conseil-du-11-octobre-2022.pdf\" target=\"_blank\" rel=\"noopener\">PV du conseil du 11 octobre 2022<\/a><\/span><\/span><\/p><h4><span style=\"color: #800000;\">Septembre 2022<\/span><\/h4><p><span style=\"color: #000000;\">Ouvrir et t\u00e9l\u00e9charger le <span style=\"color: #800000;\"><a style=\"color: #800000;\" href=\"https:\/\/www.cabrerolles.fr\/wp-content\/uploads\/2022\/09\/PV-conseil-du-13-septembre-2022.pdf\" target=\"_blank\" rel=\"noopener\">PV du conseil du 13 septembre 2022<\/a><\/span><\/span><\/p><h4><span style=\"color: #800000;\">Juillet 2022<\/span><\/h4><p><span style=\"color: #000000;\">Ouvrir et t\u00e9l\u00e9charger le <a href=\"https:\/\/www.cabrerolles.fr\/wp-content\/uploads\/2022\/07\/PV-conseil-du-12-juillet-2022.pdf\" target=\"_blank\" rel=\"noopener\"><span style=\"color: #800000;\">PV du conseil du 12 juillet 2022<\/span><\/a><\/span><\/p><h4><span style=\"color: #800000;\">Juin 2022<\/span><\/h4><p><span style=\"color: #000000;\">Ouvrir et t\u00e9l\u00e9charger le <span style=\"color: #800000;\"><a style=\"color: #800000;\" href=\"https:\/\/www.cabrerolles.fr\/wp-content\/uploads\/2022\/06\/PV-conseil-du-14-juin-2022.pdf\" target=\"_blank\" rel=\"noopener\">PV du conseil du 14 juin 2022<\/a><\/span><\/span><\/p><h4><span style=\"color: #800000;\">Mai 2022<\/span><\/h4><p><span style=\"color: #000000;\">Ouvrir et t\u00e9l\u00e9charger le <span style=\"color: #800000;\"><a style=\"color: #800000;\" href=\"https:\/\/www.cabrerolles.fr\/wp-content\/uploads\/2022\/05\/PV-conseil-du-10-mai-2022.pdf\" target=\"_blank\" rel=\"noopener\">PV du conseil du 10 mai 2022<\/a><\/span><\/span><\/p><h4><span style=\"color: #800000;\">Avril 2022<\/span><\/h4><p><span style=\"color: #000000;\">Ouvrir et t\u00e9l\u00e9charger le <span style=\"color: #800000;\"><a style=\"color: #800000;\" href=\"https:\/\/www.cabrerolles.fr\/wp-content\/uploads\/2022\/04\/PV-conseil-du-12-avril-2022.pdf\" target=\"_blank\" rel=\"noopener\">PV du conseil du 12 avril 2022<\/a><\/span><\/span><\/p><h4><span style=\"color: #800000;\">Mars 2022<\/span><\/h4><p><span style=\"color: #000000;\">Ouvrir et t\u00e9l\u00e9charger le<span style=\"color: #800000;\"> <a style=\"color: #800000;\" href=\"https:\/\/www.cabrerolles.fr\/wp-content\/uploads\/2022\/03\/PV-conseil-du-10-mars-2022.pdf\" target=\"_blank\" rel=\"noopener\">PV du conseil du 10 mars 2022<\/a><\/span><\/span><\/p><h4><span style=\"color: #800000;\">F\u00e9vrier 2022<\/span><\/h4><p><span style=\"color: #000000;\">Ouvrir et t\u00e9l\u00e9charger le<span style=\"color: #800000;\"> <a style=\"color: #800000;\" href=\"https:\/\/www.cabrerolles.fr\/wp-content\/uploads\/2022\/02\/PV-conseil-du-8-fevrier-2022.pdf\" target=\"_blank\" rel=\"noopener\">PV du conseil du 8 f\u00e9vrier 2022<\/a><\/span><\/span><\/p><h4><span style=\"color: #800000;\">Janvier 2022<\/span><\/h4><p><span style=\"color: #000000;\">Ouvrir et t\u00e9l\u00e9charger le <\/span><span style=\"color: #800000;\"><a style=\"color: #800000;\" href=\"https:\/\/www.cabrerolles.fr\/wp-content\/uploads\/2022\/02\/PV-conseil-du-10-janvier-2022.pdf\" target=\"_blank\" rel=\"noopener\">PV du conseil du 10 janvier 2022<\/a><\/span><\/p><\/div>\n\t\t\t\t<\/div>\n\t\t\t\t\t\t\t<div class=\"elementor-accordion-item\">\n\t\t\t\t\t<div id=\"elementor-tab-title-2586\" class=\"elementor-tab-title\" data-tab=\"6\" role=\"button\" aria-controls=\"elementor-tab-content-2586\" aria-expanded=\"false\">\n\t\t\t\t\t\t\t\t\t\t\t\t\t<span class=\"elementor-accordion-icon elementor-accordion-icon-left\" aria-hidden=\"true\">\n\t\t\t\t\t\t\t\t\t\t\t\t\t\t\t<span class=\"elementor-accordion-icon-closed\"><i class=\"fas fa-plus\"><\/i><\/span>\n\t\t\t\t\t\t\t\t<span class=\"elementor-accordion-icon-opened\"><i class=\"fas fa-minus\"><\/i><\/span>\n\t\t\t\t\t\t\t\t\t\t\t\t\t\t<\/span>\n\t\t\t\t\t\t\t\t\t\t\t\t<a class=\"elementor-accordion-title\" tabindex=\"0\">Ann\u00e9e 2021<\/a>\n\t\t\t\t\t<\/div>\n\t\t\t\t\t<div id=\"elementor-tab-content-2586\" class=\"elementor-tab-content elementor-clearfix\" data-tab=\"6\" role=\"region\" aria-labelledby=\"elementor-tab-title-2586\"><h4><span style=\"color: #800000;\">D\u00e9cembre 2021<\/span><\/h4><p><span style=\"color: #000000;\">Ouvrir et t\u00e9l\u00e9charger le <span style=\"color: #800000;\"><a style=\"color: #800000;\" href=\"https:\/\/www.cabrerolles.fr\/wp-content\/uploads\/2021\/12\/PV-conseil-du-7-decembre-2021.pdf\" target=\"_blank\" rel=\"noopener\">PV du conseil du 7 d\u00e9cembre 2021<\/a><\/span><\/span><\/p><h4><span style=\"color: #800000;\">Novembre 2021<\/span><\/h4><p><span style=\"color: #000000;\">Ouvrir et t\u00e9l\u00e9charger le <span style=\"color: #800000;\"><a style=\"color: #800000;\" href=\"https:\/\/www.cabrerolles.fr\/wp-content\/uploads\/2021\/11\/PV-conseil-du-8-novembre-2021.pdf\" target=\"_blank\" rel=\"noopener\">PV du conseil du 8 novembre 2021<\/a><\/span><\/span><\/p><h4><span style=\"color: #800000;\">Octobre 2021<\/span><\/h4><p><span style=\"color: #000000;\">Ouvrir et t\u00e9l\u00e9charger le <span style=\"color: #800000;\"><a style=\"color: #800000;\" href=\"https:\/\/www.cabrerolles.fr\/wp-content\/uploads\/2021\/10\/PV-conseil-du-13-octobre-2021.pdf\" target=\"_blank\" rel=\"noopener\">PV du conseil du 13 octobre 2021<\/a><\/span><\/span><\/p><h4><span style=\"color: #800000;\">Septembre 2021<\/span><\/h4><p><span style=\"color: #000000;\">Ouvrir et t\u00e9l\u00e9charger le <span style=\"color: #800000;\"><a style=\"color: #800000;\" href=\"https:\/\/www.cabrerolles.fr\/wp-content\/uploads\/2021\/09\/PV-conseil-du-7-septembre-2021.pdf\" target=\"_blank\" rel=\"noopener\">PV du conseil du 7 septembre 2021<\/a><\/span><\/span><\/p><h4><span style=\"color: #800000;\">Juillet 2021<\/span><\/h4><p><span style=\"color: #000000;\">Ouvrir et t\u00e9l\u00e9charger le <span style=\"color: #800000;\"><a style=\"color: #800000;\" href=\"https:\/\/www.cabrerolles.fr\/wp-content\/uploads\/2021\/07\/PV-conseil-du-13-juillet-2021.pdf\" target=\"_blank\" rel=\"noopener\">PV du conseil du 13 juillet 2021<\/a><\/span><\/span><\/p><h4><span style=\"color: #800000;\">Juin 2021<\/span><\/h4><p><span style=\"color: #000000;\">Ouvrir et t\u00e9l\u00e9charger le<\/span> <span style=\"color: #800000;\"><a style=\"color: #800000;\" href=\"https:\/\/www.cabrerolles.fr\/wp-content\/uploads\/2021\/06\/PV-conseil-du-7-juin-2021.pdf\" target=\"_blank\" rel=\"noopener\">PV du conseil du 7 juin 2021<\/a>\u00a0<\/span><\/p><h4><span style=\"color: #800000;\">Mai 2021<\/span><\/h4><p><span style=\"color: #000000;\">Ouvrir et t\u00e9l\u00e9charger le<\/span> <span style=\"color: #800000;\"><a style=\"color: #800000;\" href=\"https:\/\/www.cabrerolles.fr\/wp-content\/uploads\/2021\/05\/PV-conseil-du-11-mai-2021.pdf\" target=\"_blank\" rel=\"noopener\">PV du conseil du 11 mai 2021<\/a>\u00a0<\/span><\/p><h4><span style=\"color: #800000;\">Avril 2021<\/span><\/h4><p><span style=\"color: #000000;\">Ouvrir et t\u00e9l\u00e9charger le<\/span> <span style=\"color: #800000;\"><a style=\"color: #800000;\" href=\"https:\/\/www.cabrerolles.fr\/wp-content\/uploads\/2021\/04\/PV-conseil-du-13-avril-2021.pdf\" target=\"_blank\" rel=\"noopener\">PV du conseil du 13 avril 2021<\/a><\/span>\u00a0<\/p><h4><span style=\"color: #800000;\">Mars 2021<\/span><\/h4><p><span style=\"color: #000000;\">Ouvrir et t\u00e9l\u00e9charger le\u00a0<\/span> <span style=\"color: #800000;\"><a style=\"color: #800000;\" href=\"https:\/\/www.cabrerolles.fr\/wp-content\/uploads\/2021\/04\/PV_conseil_du_9_mars_2021.pdf\" target=\"_blank\" rel=\"noopener\">PV du conseil du 9 mars 2021<\/a><\/span><\/p><h4><span style=\"color: #800000;\">F\u00e9vrier 2021<\/span><\/h4><p><span style=\"color: #000000;\">Ouvrir et t\u00e9l\u00e9charger le\u00a0<\/span> <span style=\"color: #800000;\"><a style=\"color: #800000;\" href=\"https:\/\/www.cabrerolles.fr\/wp-content\/uploads\/2021\/02\/PV_conseil_du_9_fevrier_2021.pdf\" target=\"_blank\" rel=\"noopener\">PV du conseil du 9 f\u00e9vrier 2021<\/a><\/span><\/p><h4><span style=\"color: #800000;\">Janvier 2021<\/span><\/h4><p><span style=\"color: #000000;\">Ouvrir et t\u00e9l\u00e9charger le\u00a0 <span style=\"color: #800000;\"><a style=\"color: #800000;\" href=\"https:\/\/www.cabrerolles.fr\/wp-content\/uploads\/2021\/04\/PV-conseil-du-12-janvier-2021.pdf\" target=\"_blank\" rel=\"noopener\">PV conseil du 12 janvier 2021<\/a><\/span><\/span><\/p><\/div>\n\t\t\t\t<\/div>\n\t\t\t\t\t\t\t<div class=\"elementor-accordion-item\">\n\t\t\t\t\t<div id=\"elementor-tab-title-2587\" class=\"elementor-tab-title\" data-tab=\"7\" role=\"button\" aria-controls=\"elementor-tab-content-2587\" aria-expanded=\"false\">\n\t\t\t\t\t\t\t\t\t\t\t\t\t<span class=\"elementor-accordion-icon elementor-accordion-icon-left\" aria-hidden=\"true\">\n\t\t\t\t\t\t\t\t\t\t\t\t\t\t\t<span class=\"elementor-accordion-icon-closed\"><i class=\"fas fa-plus\"><\/i><\/span>\n\t\t\t\t\t\t\t\t<span class=\"elementor-accordion-icon-opened\"><i class=\"fas fa-minus\"><\/i><\/span>\n\t\t\t\t\t\t\t\t\t\t\t\t\t\t<\/span>\n\t\t\t\t\t\t\t\t\t\t\t\t<a class=\"elementor-accordion-title\" tabindex=\"0\">Ann\u00e9e 2020<\/a>\n\t\t\t\t\t<\/div>\n\t\t\t\t\t<div id=\"elementor-tab-content-2587\" class=\"elementor-tab-content elementor-clearfix\" data-tab=\"7\" role=\"region\" aria-labelledby=\"elementor-tab-title-2587\"><h4><span style=\"color: #800000;\">D\u00e9cembre 2020<\/span><\/h4><p><span style=\"color: #000000; font-family: var( --e-global-typography-text-font-family ), Sans-serif; font-weight: var( --e-global-typography-text-font-weight ); font-size: 1rem;\">Ouvrir et t\u00e9l\u00e9charger le <\/span><span style=\"color: #000000;\">\u00a0<\/span>: <span style=\"color: #8e1825;\"><a style=\"color: #8e1825;\" href=\"https:\/\/web-mmi.iutbeziers.fr\/marathonMMI2021\/mdwMMI2021_17\/wordpress\/wp-content\/uploads\/2021\/01\/PV-conseil-du-8-decembre-2020.pdf\" target=\"_blank\" rel=\"noopener\">PV conseil du 8 d\u00e9cembre 2020<\/a><\/span><\/p><h4><span style=\"color: #800000;\">Novembre 2020<\/span><\/h4><p><span style=\"color: #000000;\">Ouvrir et t\u00e9l\u00e9charger le\u00a0 :<span style=\"color: #8e1825;\"> <a style=\"color: #8e1825;\" href=\"https:\/\/web-mmi.iutbeziers.fr\/marathonMMI2021\/mdwMMI2021_17\/wordpress\/wp-content\/uploads\/2021\/01\/PV-10-Novembre.pdf\" target=\"_blank\" rel=\"noopener\">PV du conseil du 10 novembre 2020<\/a><\/span><\/span><\/p><h4><span style=\"color: #800000;\">Octobre 2020<\/span><\/h4><p><span style=\"color: #000000;\">Ouvrir et t\u00e9l\u00e9charger le\u00a0 :<span style=\"color: #8e1825;\"> <a style=\"color: #8e1825;\" href=\"https:\/\/web-mmi.iutbeziers.fr\/marathonMMI2021\/mdwMMI2021_17\/wordpress\/wp-content\/uploads\/2021\/01\/Pv-13-octobres.pdf\" target=\"_blank\" rel=\"noopener\">PV du conseil du 13 octobre 2020<\/a><\/span><\/span><\/p><h4><span style=\"color: #800000;\">Septembre 2020<\/span><\/h4><p><span style=\"color: #000000;\">Ouvrir et t\u00e9l\u00e9charger le\u00a0 :<\/span> <span style=\"color: #8e1825;\"><a style=\"color: #8e1825;\" href=\"https:\/\/web-mmi.iutbeziers.fr\/marathonMMI2021\/mdwMMI2021_17\/wordpress\/wp-content\/uploads\/2021\/01\/PV-22-septembre.pdf\" target=\"_blank\" rel=\"noopener\">PV du conseil du 22 septembre 2020<\/a><\/span><\/p><h4><span style=\"color: #800000;\">Ao\u00fbt 2020<\/span><\/h4><p><span style=\"color: #000000;\">Ouvrir et t\u00e9l\u00e9charger<\/span> <span style=\"color: #000000;\">le :<span style=\"color: #8e1825;\"> <a style=\"color: #8e1825;\" href=\"https:\/\/web-mmi.iutbeziers.fr\/marathonMMI2021\/mdwMMI2021_17\/wordpress\/wp-content\/uploads\/2021\/01\/pv-18-aout.pdf\" target=\"_blank\" rel=\"noopener\">PV du conseil du 18 ao\u00fbt 2020<\/a><\/span><\/span><\/p><h4><span style=\"color: #800000;\">Juillet 2020<\/span><\/h4><p><span style=\"color: #000000;\">Ouvrir et t\u00e9l\u00e9charger<\/span> <span style=\"color: #000000;\">le : <span style=\"color: #8e1825;\"><a style=\"color: #8e1825;\" href=\"https:\/\/web-mmi.iutbeziers.fr\/marathonMMI2021\/mdwMMI2021_17\/wordpress\/wp-content\/uploads\/2021\/01\/pv-21-juillet-2020.pdf\" target=\"_blank\" rel=\"noopener\">PV du conseil du 21 juillet 2020<\/a><\/span><\/span><\/p><p><span style=\"color: #000000; font-family: var( --e-global-typography-text-font-family ), Sans-serif; font-weight: var( --e-global-typography-text-font-weight ); font-size: 1rem;\">Ouvrir et t\u00e9l\u00e9charger le<\/span><span style=\"color: #000000;\">\u00a0 : <span style=\"color: #8e1825;\"><a style=\"color: #8e1825;\" href=\"https:\/\/web-mmi.iutbeziers.fr\/marathonMMI2021\/mdwMMI2021_17\/wordpress\/wp-content\/uploads\/2021\/01\/pv-10-juillet-2020.pdf\" target=\"_blank\" rel=\"noopener\">PV du conseil du 10 juillet 2020<\/a><\/span><\/span><\/p><\/div>\n\t\t\t\t<\/div>\n\t\t\t\t\t\t\t\t<\/div>\n\t\t\t\t\t\t<\/div>\n\t\t\t\t<\/div>\n\t\t\t\t\t<\/div>\n\t\t<\/div>\n\t\t\t\t\t<\/div>\n\t\t<\/section>\n\t\t\t\t<\/div>\n\t\t","protected":false},"excerpt":{"rendered":"<p>Les conseils municipaux Vous trouverez class\u00e9s par ann\u00e9e civile depuis juillet 2020, l&#8217;ensemble des proc\u00e8s verbaux des conseils municipaux.D\u00e9roulez l&#8217;ann\u00e9e et cliquez sur les liens pour les t\u00e9l\u00e9charger en format pdf. Ann\u00e9e 2026 Avril 2026 Ouvrir et t\u00e9l\u00e9charger le PV du\u00a0 conseil du 8 avril 2026 Mars 2026 Ouvrir et t\u00e9l\u00e9charger le PV du conseil &hellip; <\/p>\n<p class=\"link-more\"><a href=\"https:\/\/www.cabrerolles.fr\/?page_id=58\" class=\"more-link\">Continuer la lecture<span class=\"screen-reader-text\"> de &laquo;&nbsp;Conseils municipaux&nbsp;&raquo;<\/span><\/a><\/p>\n","protected":false},"author":1,"featured_media":0,"parent":0,"menu_order":0,"comment_status":"closed","ping_status":"closed","template":"","meta":{"advgb_blocks_editor_width":"","advgb_blocks_columns_visual_guide":"","footnotes":""},"class_list":["post-58","page","type-page","status-publish","hentry"],"coauthors":[],"author_meta":{"author_link":"https:\/\/www.cabrerolles.fr\/?author=1","display_name":"mairie"},"relative_dates":{"created":"Publi\u00e9 5 ans il y a","modified":"Mis \u00e0 jour 1 semaine il y a"},"absolute_dates":{"created":"Publi\u00e9 le 25 janvier 2021","modified":"Mise \u00e0 jour le 22 avril 2026"},"absolute_dates_time":{"created":"Publi\u00e9 le 25 janvier 2021 12h17","modified":"Mise \u00e0 jour le 22 avril 2026 11h31"},"featured_img_caption":"","featured_img":false,"series_order":"","_links":{"self":[{"href":"https:\/\/www.cabrerolles.fr\/index.php?rest_route=\/wp\/v2\/pages\/58","targetHints":{"allow":["GET"]}}],"collection":[{"href":"https:\/\/www.cabrerolles.fr\/index.php?rest_route=\/wp\/v2\/pages"}],"about":[{"href":"https:\/\/www.cabrerolles.fr\/index.php?rest_route=\/wp\/v2\/types\/page"}],"author":[{"embeddable":true,"href":"https:\/\/www.cabrerolles.fr\/index.php?rest_route=\/wp\/v2\/users\/1"}],"replies":[{"embeddable":true,"href":"https:\/\/www.cabrerolles.fr\/index.php?rest_route=%2Fwp%2Fv2%2Fcomments&post=58"}],"version-history":[{"count":388,"href":"https:\/\/www.cabrerolles.fr\/index.php?rest_route=\/wp\/v2\/pages\/58\/revisions"}],"predecessor-version":[{"id":5151,"href":"https:\/\/www.cabrerolles.fr\/index.php?rest_route=\/wp\/v2\/pages\/58\/revisions\/5151"}],"wp:attachment":[{"href":"https:\/\/www.cabrerolles.fr\/index.php?rest_route=%2Fwp%2Fv2%2Fmedia&parent=58"}],"curies":[{"name":"wp","href":"https:\/\/api.w.org\/{rel}","templated":true}]}}