{"id":60,"date":"2021-01-25T12:17:42","date_gmt":"2021-01-25T11:17:42","guid":{"rendered":"https:\/\/web-mmi.iutbeziers.fr\/marathonMMI2021\/mdwMMI2021_17\/wordpress\/?page_id=60"},"modified":"2025-09-18T15:09:33","modified_gmt":"2025-09-18T13:09:33","slug":"bulletins-dinformations","status":"publish","type":"page","link":"https:\/\/www.cabrerolles.fr\/?page_id=60","title":{"rendered":"Bulletins d&#8217;informations"},"content":{"rendered":"\t\t<div data-elementor-type=\"wp-page\" data-elementor-id=\"60\" class=\"elementor elementor-60\">\n\t\t\t\t\t\t<section class=\"elementor-section elementor-top-section elementor-element elementor-element-840fed0 elementor-section-boxed elementor-section-height-default elementor-section-height-default\" data-id=\"840fed0\" data-element_type=\"section\" data-e-type=\"section\">\n\t\t\t\t\t\t<div class=\"elementor-container elementor-column-gap-default\">\n\t\t\t\t\t<div class=\"elementor-column elementor-col-100 elementor-top-column elementor-element elementor-element-46f21ef\" data-id=\"46f21ef\" data-element_type=\"column\" data-e-type=\"column\">\n\t\t\t<div class=\"elementor-widget-wrap elementor-element-populated\">\n\t\t\t\t\t\t<div class=\"elementor-element elementor-element-f365d5f elementor-widget elementor-widget-heading\" data-id=\"f365d5f\" data-element_type=\"widget\" data-e-type=\"widget\" data-widget_type=\"heading.default\">\n\t\t\t\t<div class=\"elementor-widget-container\">\n\t\t\t\t\t<h2 class=\"elementor-heading-title elementor-size-default\">Consultez les bulletins d'informations de la commune<\/h2>\t\t\t\t<\/div>\n\t\t\t\t<\/div>\n\t\t\t\t<div class=\"elementor-element elementor-element-a006503 elementor-widget elementor-widget-spacer\" data-id=\"a006503\" data-element_type=\"widget\" data-e-type=\"widget\" data-widget_type=\"spacer.default\">\n\t\t\t\t<div class=\"elementor-widget-container\">\n\t\t\t\t\t\t\t<div class=\"elementor-spacer\">\n\t\t\t<div class=\"elementor-spacer-inner\"><\/div>\n\t\t<\/div>\n\t\t\t\t\t\t<\/div>\n\t\t\t\t<\/div>\n\t\t\t\t<div class=\"elementor-element elementor-element-49e9191 elementor-widget elementor-widget-text-editor\" data-id=\"49e9191\" data-element_type=\"widget\" data-e-type=\"widget\" data-widget_type=\"text-editor.default\">\n\t\t\t\t<div class=\"elementor-widget-container\">\n\t\t\t\t\t\t\t\t\t<p>Tous les trois mois, la mairie de Cabrerolles \u00e9dite un <strong>bulletin d&#8217;informations<\/strong> \u00e0 destination des habitants de la commune. <br \/>Ils sont archiv\u00e9s ici et vous pouvez les consulter en t\u00e9l\u00e9chargeant les pdf<\/p>\t\t\t\t\t\t\t\t<\/div>\n\t\t\t\t<\/div>\n\t\t\t\t\t<\/div>\n\t\t<\/div>\n\t\t\t\t\t<\/div>\n\t\t<\/section>\n\t\t\t\t<section class=\"elementor-section elementor-top-section elementor-element elementor-element-8676a46 elementor-section-boxed elementor-section-height-default elementor-section-height-default\" data-id=\"8676a46\" data-element_type=\"section\" data-e-type=\"section\">\n\t\t\t\t\t\t<div class=\"elementor-container elementor-column-gap-default\">\n\t\t\t\t\t<div class=\"elementor-column elementor-col-100 elementor-top-column elementor-element elementor-element-0adec5f\" data-id=\"0adec5f\" data-element_type=\"column\" data-e-type=\"column\">\n\t\t\t<div class=\"elementor-widget-wrap elementor-element-populated\">\n\t\t\t\t\t\t<div class=\"elementor-element elementor-element-2648295 elementor-widget elementor-widget-accordion\" data-id=\"2648295\" data-element_type=\"widget\" data-e-type=\"widget\" data-widget_type=\"accordion.default\">\n\t\t\t\t<div class=\"elementor-widget-container\">\n\t\t\t\t\t\t\t<div class=\"elementor-accordion\">\n\t\t\t\t\t\t\t<div class=\"elementor-accordion-item\">\n\t\t\t\t\t<div id=\"elementor-tab-title-4011\" class=\"elementor-tab-title\" data-tab=\"1\" role=\"button\" aria-controls=\"elementor-tab-content-4011\" aria-expanded=\"false\">\n\t\t\t\t\t\t\t\t\t\t\t\t\t<span class=\"elementor-accordion-icon elementor-accordion-icon-left\" aria-hidden=\"true\">\n\t\t\t\t\t\t\t\t\t\t\t\t\t\t\t<span class=\"elementor-accordion-icon-closed\"><i class=\"fas fa-plus\"><\/i><\/span>\n\t\t\t\t\t\t\t\t<span class=\"elementor-accordion-icon-opened\"><i class=\"fas fa-minus\"><\/i><\/span>\n\t\t\t\t\t\t\t\t\t\t\t\t\t\t<\/span>\n\t\t\t\t\t\t\t\t\t\t\t\t<a class=\"elementor-accordion-title\" tabindex=\"0\">Bulletins d'informations ann\u00e9e 2025<\/a>\n\t\t\t\t\t<\/div>\n\t\t\t\t\t<div id=\"elementor-tab-content-4011\" class=\"elementor-tab-content elementor-clearfix\" data-tab=\"1\" role=\"region\" aria-labelledby=\"elementor-tab-title-4011\"><p>T\u00e9l\u00e9chargez le bulletin n\u00b025 : <a href=\"https:\/\/www.cabrerolles.fr\/wp-content\/uploads\/2025\/09\/bulletin_2025_n25_juillet-aout-sept_print.pdf\"><strong><span style=\"color: #800000;\">bulletin juillet ao\u00fbt septembre 2025<\/span><\/strong><\/a><\/p><p>T\u00e9l\u00e9chargez le bulletin n\u00b024 : <strong><span style=\"color: #800000;\"><a style=\"color: #800000;\" href=\"https:\/\/www.cabrerolles.fr\/wp-content\/uploads\/2025\/09\/bulletin_2025_n24_avril-mai-juin.pdf\" target=\"_blank\" rel=\"noopener\">bulletin avril mai juin 2025<\/a><\/span><\/strong><\/p><p>T\u00e9l\u00e9chargez le bulletin n\u00b023 : <span style=\"color: #800000;\"><strong><a style=\"color: #800000;\" href=\"https:\/\/www.cabrerolles.fr\/wp-content\/uploads\/2025\/09\/bulletin_2025_n23_janv-fev-mars.pdf\" target=\"_blank\" rel=\"noopener\">bulletin janvier\u00a0 f\u00e9vrier\u00a0 mars 2025<\/a><\/strong><\/span><\/p><\/div>\n\t\t\t\t<\/div>\n\t\t\t\t\t\t\t<div class=\"elementor-accordion-item\">\n\t\t\t\t\t<div id=\"elementor-tab-title-4012\" class=\"elementor-tab-title\" data-tab=\"2\" role=\"button\" aria-controls=\"elementor-tab-content-4012\" aria-expanded=\"false\">\n\t\t\t\t\t\t\t\t\t\t\t\t\t<span class=\"elementor-accordion-icon elementor-accordion-icon-left\" aria-hidden=\"true\">\n\t\t\t\t\t\t\t\t\t\t\t\t\t\t\t<span class=\"elementor-accordion-icon-closed\"><i class=\"fas fa-plus\"><\/i><\/span>\n\t\t\t\t\t\t\t\t<span class=\"elementor-accordion-icon-opened\"><i class=\"fas fa-minus\"><\/i><\/span>\n\t\t\t\t\t\t\t\t\t\t\t\t\t\t<\/span>\n\t\t\t\t\t\t\t\t\t\t\t\t<a class=\"elementor-accordion-title\" tabindex=\"0\">Bulletins d'informations ann\u00e9e 2024<\/a>\n\t\t\t\t\t<\/div>\n\t\t\t\t\t<div id=\"elementor-tab-content-4012\" class=\"elementor-tab-content elementor-clearfix\" data-tab=\"2\" role=\"region\" aria-labelledby=\"elementor-tab-title-4012\"><p>T\u00e9l\u00e9chargez le bulletin n\u00b022 : <a href=\"https:\/\/www.cabrerolles.fr\/wp-content\/uploads\/2025\/09\/bulletin_2024_n22_oct-nov-dec.pdf\"><strong><span style=\"color: #800000;\">bulletin octobre novembre d\u00e9cembre 2024<\/span><\/strong><\/a><\/p><p>T\u00e9l\u00e9chargez le bulletin n\u00b021 : <a href=\"https:\/\/www.cabrerolles.fr\/wp-content\/uploads\/2025\/09\/bulletin_2024_n21_juillet-aout-sept.pdf\"><strong><span style=\"color: #800000;\">bulletin juillet ao\u00fbt septembre 2024<\/span><\/strong><\/a><\/p><p>T\u00e9l\u00e9chargez le bulletin n\u00b020 : <strong><span style=\"color: #800000;\"><a style=\"color: #800000;\" href=\"https:\/\/www.cabrerolles.fr\/wp-content\/uploads\/2025\/09\/bulletin_2024_n20_avril-mai-juin.pdf\" target=\"_blank\" rel=\"noopener\">bulletin avril mai juin 2024<\/a><\/span><\/strong><\/p><p>T\u00e9l\u00e9chargez le bulletin n\u00b019\u00a0: <span style=\"color: #800000;\"><strong><a style=\"color: #800000;\" href=\"https:\/\/www.cabrerolles.fr\/wp-content\/uploads\/2025\/09\/bulletin_2024_n19_janv-fev-mars.pdf\" target=\"_blank\" rel=\"noopener\">bulletin janvier\u00a0 f\u00e9vrier\u00a0 mars 2024<\/a><\/strong><\/span><\/p><\/div>\n\t\t\t\t<\/div>\n\t\t\t\t\t\t\t<div class=\"elementor-accordion-item\">\n\t\t\t\t\t<div id=\"elementor-tab-title-4013\" class=\"elementor-tab-title\" data-tab=\"3\" role=\"button\" aria-controls=\"elementor-tab-content-4013\" aria-expanded=\"false\">\n\t\t\t\t\t\t\t\t\t\t\t\t\t<span class=\"elementor-accordion-icon elementor-accordion-icon-left\" aria-hidden=\"true\">\n\t\t\t\t\t\t\t\t\t\t\t\t\t\t\t<span class=\"elementor-accordion-icon-closed\"><i class=\"fas fa-plus\"><\/i><\/span>\n\t\t\t\t\t\t\t\t<span class=\"elementor-accordion-icon-opened\"><i class=\"fas fa-minus\"><\/i><\/span>\n\t\t\t\t\t\t\t\t\t\t\t\t\t\t<\/span>\n\t\t\t\t\t\t\t\t\t\t\t\t<a class=\"elementor-accordion-title\" tabindex=\"0\">Bulletins d'informations ann\u00e9e 2023<\/a>\n\t\t\t\t\t<\/div>\n\t\t\t\t\t<div id=\"elementor-tab-content-4013\" class=\"elementor-tab-content elementor-clearfix\" data-tab=\"3\" role=\"region\" aria-labelledby=\"elementor-tab-title-4013\"><p>T\u00e9l\u00e9chargez le bulletin n\u00b018 : <a href=\"https:\/\/www.cabrerolles.fr\/wp-content\/uploads\/2025\/09\/bulletin_2023_n18_oct-nov_dec.pdf\"><strong><span style=\"color: #800000;\">bulletin octobre novembre d\u00e9cembre 2023<\/span><\/strong><\/a><\/p><p>T\u00e9l\u00e9chargez le bulletin n\u00b017 : <a href=\"https:\/\/www.cabrerolles.fr\/wp-content\/uploads\/2025\/09\/bulletin_2023_n17_juillet-aout-sept.pdf\"><strong><span style=\"color: #800000;\">bulletin juillet ao\u00fbt septembre\u00a02023<\/span><\/strong><\/a><\/p><p>T\u00e9l\u00e9chargez le bulletin n\u00b016 :\u00a0<strong><span style=\"color: #800000;\"><a style=\"color: #800000;\" href=\"https:\/\/www.cabrerolles.fr\/wp-content\/uploads\/2023\/06\/bulletin_2023_n16_avril-mai-juin_web.pdf\" target=\"_blank\" rel=\"noopener\">bulletin avril mai juin 2023<\/a><\/span><\/strong><\/p><p>T\u00e9l\u00e9chargez le bulletin n\u00b015 : <span style=\"color: #800000;\"><strong><a style=\"color: #800000;\" href=\"https:\/\/www.cabrerolles.fr\/wp-content\/uploads\/2023\/03\/bulletin_2023_n15_janv-fev-mars.pdf\" target=\"_blank\" rel=\"noopener\">bulletin janvier\u00a0 f\u00e9vrier\u00a0 mars 2023<\/a><\/strong><\/span><\/p><\/div>\n\t\t\t\t<\/div>\n\t\t\t\t\t\t\t<div class=\"elementor-accordion-item\">\n\t\t\t\t\t<div id=\"elementor-tab-title-4014\" class=\"elementor-tab-title\" data-tab=\"4\" role=\"button\" aria-controls=\"elementor-tab-content-4014\" aria-expanded=\"false\">\n\t\t\t\t\t\t\t\t\t\t\t\t\t<span class=\"elementor-accordion-icon elementor-accordion-icon-left\" aria-hidden=\"true\">\n\t\t\t\t\t\t\t\t\t\t\t\t\t\t\t<span class=\"elementor-accordion-icon-closed\"><i class=\"fas fa-plus\"><\/i><\/span>\n\t\t\t\t\t\t\t\t<span class=\"elementor-accordion-icon-opened\"><i class=\"fas fa-minus\"><\/i><\/span>\n\t\t\t\t\t\t\t\t\t\t\t\t\t\t<\/span>\n\t\t\t\t\t\t\t\t\t\t\t\t<a class=\"elementor-accordion-title\" tabindex=\"0\">Bulletins d'informations ann\u00e9e 2022<\/a>\n\t\t\t\t\t<\/div>\n\t\t\t\t\t<div id=\"elementor-tab-content-4014\" class=\"elementor-tab-content elementor-clearfix\" data-tab=\"4\" role=\"region\" aria-labelledby=\"elementor-tab-title-4014\"><p>T\u00e9l\u00e9chargez le bulletin n\u00b014 : <span style=\"color: #800000;\"><strong><a style=\"color: #800000;\" href=\"https:\/\/www.cabrerolles.fr\/wp-content\/uploads\/2023\/03\/bulletin_2022_n14_oct-nov-dec.pdf\" target=\"_blank\" rel=\"noopener\">bulletin octobre novembre d\u00e9cembre 2022<\/a><\/strong><\/span><\/p><p>T\u00e9l\u00e9chargez le bulletin n\u00b013 : <span style=\"color: #800000;\"><strong><a style=\"color: #800000;\" href=\"https:\/\/www.cabrerolles.fr\/wp-content\/uploads\/2022\/09\/bulletin_2022_n13_juillet-aout-sept.pdf\" target=\"_blank\" rel=\"noopener\">bulletin juillet ao\u00fbt septembre 2022<\/a><\/strong><\/span><\/p><p>T\u00e9l\u00e9chargez le bulletin n\u00b012 :\u00a0<span style=\"color: #800000;\"><strong><a style=\"color: #800000;\" href=\"https:\/\/www.cabrerolles.fr\/wp-content\/uploads\/2022\/06\/bulletin_2022_n12_mai-juin_web.pdf\" target=\"_blank\" rel=\"noopener\">bulletin mai juin 2022<\/a><\/strong><\/span><\/p><p><span style=\"color: #000000;\">T\u00e9l\u00e9chargez le bulletin n\u00b011 :<\/span> <span style=\"color: #800000;\"><strong><a style=\"color: #800000;\" href=\"https:\/\/www.cabrerolles.fr\/wp-content\/uploads\/2022\/04\/bulletin_2022_n11_mars-avr.pdf\" target=\"_blank\" rel=\"noopener\">bulletin mars avril 2022<\/a><\/strong><\/span><\/p><p><span style=\"color: #000000;\">T\u00e9l\u00e9chargez le bulletin n\u00b010 :<\/span> <strong><span style=\"color: #800000;\"><a style=\"color: #800000;\" href=\"https:\/\/www.cabrerolles.fr\/wp-content\/uploads\/2022\/03\/bulletin_2022_n10_janv-fev.pdf\" target=\"_blank\" rel=\"noopener\">bulletin janvier f\u00e9vrier 2022<\/a><\/span><\/strong><\/p><\/div>\n\t\t\t\t<\/div>\n\t\t\t\t\t\t\t<div class=\"elementor-accordion-item\">\n\t\t\t\t\t<div id=\"elementor-tab-title-4015\" class=\"elementor-tab-title\" data-tab=\"5\" role=\"button\" aria-controls=\"elementor-tab-content-4015\" aria-expanded=\"false\">\n\t\t\t\t\t\t\t\t\t\t\t\t\t<span class=\"elementor-accordion-icon elementor-accordion-icon-left\" aria-hidden=\"true\">\n\t\t\t\t\t\t\t\t\t\t\t\t\t\t\t<span class=\"elementor-accordion-icon-closed\"><i class=\"fas fa-plus\"><\/i><\/span>\n\t\t\t\t\t\t\t\t<span class=\"elementor-accordion-icon-opened\"><i class=\"fas fa-minus\"><\/i><\/span>\n\t\t\t\t\t\t\t\t\t\t\t\t\t\t<\/span>\n\t\t\t\t\t\t\t\t\t\t\t\t<a class=\"elementor-accordion-title\" tabindex=\"0\">Bulletins d'informations  ann\u00e9e 2021<\/a>\n\t\t\t\t\t<\/div>\n\t\t\t\t\t<div id=\"elementor-tab-content-4015\" class=\"elementor-tab-content elementor-clearfix\" data-tab=\"5\" role=\"region\" aria-labelledby=\"elementor-tab-title-4015\"><p><span style=\"color: #000000;\">T\u00e9l\u00e9chargez le bulletin n\u00b09 :<\/span> <strong><span style=\"color: #800000;\"><a style=\"color: #800000;\" href=\"https:\/\/www.cabrerolles.fr\/wp-content\/uploads\/2022\/01\/bulletin_2021_n9_nov-dec.pdf\" target=\"_blank\" rel=\"noopener\">bulletin nov-dec 2021<\/a><\/span><\/strong><\/p><p><span style=\"color: #000000;\">T\u00e9l\u00e9chargez le bulletin n\u00b08 :<\/span><span style=\"color: #800000;\"><strong><a style=\"color: #800000;\" href=\"https:\/\/www.cabrerolles.fr\/wp-content\/uploads\/2021\/10\/bulletin_2021_n8_sept-oct_print.pdf\" target=\"_blank\" rel=\"noopener\"> bulletin sept-oct<\/a> 2021<\/strong><\/span><\/p><p><span style=\"color: #000000;\">T\u00e9l\u00e9chargez le bulletin n\u00b07 :<\/span> <span style=\"color: #800000;\"><strong><a style=\"color: #800000;\" href=\"https:\/\/www.cabrerolles.fr\/wp-content\/uploads\/2021\/07\/bulletin_2021_n7_juillet-aout_web.pdf\" target=\"_blank\" rel=\"noopener\">bulletin juillet-aout<\/a> 2021<\/strong><\/span><\/p><p><span style=\"color: #000000;\">T\u00e9l\u00e9chargez le bulletin n\u00b06 :<\/span> <span style=\"color: #800000;\"><strong><a style=\"color: #800000;\" href=\"https:\/\/www.cabrerolles.fr\/wp-content\/uploads\/2021\/07\/web_bulletin_2021_n6_mai-juin.pdf\" target=\"_blank\" rel=\"noopener\">bulletin mai-juin 2021<\/a><\/strong><\/span><\/p><p><span style=\"color: #000000;\">T\u00e9l\u00e9chargez le bulletin n\u00b05 :<\/span> <span style=\"color: #800000;\"><strong><a style=\"color: #800000;\" href=\"https:\/\/www.cabrerolles.fr\/wp-content\/uploads\/2021\/04\/bulletin_2021_n5_mars-avril.pdf\" target=\"_blank\" rel=\"noopener\">bulletin mars-avril 2021<\/a><\/strong><\/span><\/p><p><span style=\"color: #000000;\">T\u00e9l\u00e9chargez le bulletin n\u00b04 :<\/span> <strong><span style=\"color: #800000;\"><a style=\"color: #800000;\" href=\"https:\/\/www.cabrerolles.fr\/wp-content\/uploads\/2021\/02\/bulletin4_2021_janv-fev.pdf\" target=\"_blank\" rel=\"noopener\">bulletin janvier-f\u00e9vrier 2021<\/a><\/span><\/strong><\/p><\/div>\n\t\t\t\t<\/div>\n\t\t\t\t\t\t\t<div class=\"elementor-accordion-item\">\n\t\t\t\t\t<div id=\"elementor-tab-title-4016\" class=\"elementor-tab-title\" data-tab=\"6\" role=\"button\" aria-controls=\"elementor-tab-content-4016\" aria-expanded=\"false\">\n\t\t\t\t\t\t\t\t\t\t\t\t\t<span class=\"elementor-accordion-icon elementor-accordion-icon-left\" aria-hidden=\"true\">\n\t\t\t\t\t\t\t\t\t\t\t\t\t\t\t<span class=\"elementor-accordion-icon-closed\"><i class=\"fas fa-plus\"><\/i><\/span>\n\t\t\t\t\t\t\t\t<span class=\"elementor-accordion-icon-opened\"><i class=\"fas fa-minus\"><\/i><\/span>\n\t\t\t\t\t\t\t\t\t\t\t\t\t\t<\/span>\n\t\t\t\t\t\t\t\t\t\t\t\t<a class=\"elementor-accordion-title\" tabindex=\"0\">Bulletins d'informations  ann\u00e9e 2020<\/a>\n\t\t\t\t\t<\/div>\n\t\t\t\t\t<div id=\"elementor-tab-content-4016\" class=\"elementor-tab-content elementor-clearfix\" data-tab=\"6\" role=\"region\" aria-labelledby=\"elementor-tab-title-4016\"><p><span style=\"font-family: var( --e-global-typography-text-font-family ), Sans-serif; font-weight: var( --e-global-typography-text-font-weight ); font-size: 1rem; color: #000000;\">T\u00e9l\u00e9chargez le bulletin n\u00b0 3 <\/span><span style=\"color: var( --e-global-color-text ); font-family: var( --e-global-typography-text-font-family ), Sans-serif; font-weight: var( --e-global-typography-text-font-weight ); font-size: 1rem;\">:<strong><span style=\"color: #800000;\"><a style=\"color: #800000;\" href=\"https:\/\/www.cabrerolles.fr\/wp-content\/uploads\/2021\/01\/bulletin_2020-11-nov-dec.pdf\" target=\"_blank\" rel=\"noopener\"> bulletin novembre-d\u00e9cembre 2020<\/a><\/span><\/strong><\/span><\/p><p><span style=\"color: #000000;\">T\u00e9l\u00e9chargez le bulletin n\u00b02 :<\/span> <strong><span style=\"color: #800000;\"><a style=\"color: #800000;\" href=\"https:\/\/www.cabrerolles.fr\/wp-content\/uploads\/2021\/01\/bulletin_2020-09-sept-oct.pdf\" target=\"_blank\" rel=\"noopener\">bulletin septembre-octobre 2020<\/a><\/span><\/strong><\/p><p><span style=\"color: #000000;\">T\u00e9l\u00e9chargez le bulletin n\u00b01<\/span> <span style=\"color: #000000;\">:<\/span> <strong><span style=\"color: #800000;\"><a style=\"color: #800000;\" href=\"https:\/\/www.cabrerolles.fr\/wp-content\/uploads\/2021\/02\/bulletin1_2020-07-juillet.pdf\" target=\"_blank\" rel=\"noopener\">bulletin juillet-ao\u00fbt 2020<\/a><\/span><\/strong><\/p><\/div>\n\t\t\t\t<\/div>\n\t\t\t\t\t\t\t\t<\/div>\n\t\t\t\t\t\t<\/div>\n\t\t\t\t<\/div>\n\t\t\t\t\t<\/div>\n\t\t<\/div>\n\t\t\t\t\t<\/div>\n\t\t<\/section>\n\t\t\t\t<\/div>\n\t\t","protected":false},"excerpt":{"rendered":"<p>Consultez les bulletins d&#8217;informations de la commune Tous les trois mois, la mairie de Cabrerolles \u00e9dite un bulletin d&#8217;informations \u00e0 destination des habitants de la commune. Ils sont archiv\u00e9s ici et vous pouvez les consulter en t\u00e9l\u00e9chargeant les pdf Bulletins d&#8217;informations ann\u00e9e 2025 T\u00e9l\u00e9chargez le bulletin n\u00b025 : bulletin juillet ao\u00fbt septembre 2025 T\u00e9l\u00e9chargez le &hellip; <\/p>\n<p class=\"link-more\"><a href=\"https:\/\/www.cabrerolles.fr\/?page_id=60\" class=\"more-link\">Continuer la lecture<span class=\"screen-reader-text\"> de &laquo;&nbsp;Bulletins d&#8217;informations&nbsp;&raquo;<\/span><\/a><\/p>\n","protected":false},"author":1,"featured_media":0,"parent":0,"menu_order":0,"comment_status":"closed","ping_status":"closed","template":"","meta":{"advgb_blocks_editor_width":"","advgb_blocks_columns_visual_guide":"","footnotes":""},"class_list":["post-60","page","type-page","status-publish","hentry"],"coauthors":[],"author_meta":{"author_link":"https:\/\/www.cabrerolles.fr\/?author=1","display_name":"mairie"},"relative_dates":{"created":"Publi\u00e9 5 ans il y a","modified":"Mis \u00e0 jour 8 mois il y a"},"absolute_dates":{"created":"Publi\u00e9 le 25 janvier 2021","modified":"Mise \u00e0 jour le 18 septembre 2025"},"absolute_dates_time":{"created":"Publi\u00e9 le 25 janvier 2021 12h17","modified":"Mise \u00e0 jour le 18 septembre 2025 15h09"},"featured_img_caption":"","featured_img":false,"series_order":"","_links":{"self":[{"href":"https:\/\/www.cabrerolles.fr\/index.php?rest_route=\/wp\/v2\/pages\/60","targetHints":{"allow":["GET"]}}],"collection":[{"href":"https:\/\/www.cabrerolles.fr\/index.php?rest_route=\/wp\/v2\/pages"}],"about":[{"href":"https:\/\/www.cabrerolles.fr\/index.php?rest_route=\/wp\/v2\/types\/page"}],"author":[{"embeddable":true,"href":"https:\/\/www.cabrerolles.fr\/index.php?rest_route=\/wp\/v2\/users\/1"}],"replies":[{"embeddable":true,"href":"https:\/\/www.cabrerolles.fr\/index.php?rest_route=%2Fwp%2Fv2%2Fcomments&post=60"}],"version-history":[{"count":109,"href":"https:\/\/www.cabrerolles.fr\/index.php?rest_route=\/wp\/v2\/pages\/60\/revisions"}],"predecessor-version":[{"id":5020,"href":"https:\/\/www.cabrerolles.fr\/index.php?rest_route=\/wp\/v2\/pages\/60\/revisions\/5020"}],"wp:attachment":[{"href":"https:\/\/www.cabrerolles.fr\/index.php?rest_route=%2Fwp%2Fv2%2Fmedia&parent=60"}],"curies":[{"name":"wp","href":"https:\/\/api.w.org\/{rel}","templated":true}]}}