{"id":62,"date":"2021-01-25T12:18:13","date_gmt":"2021-01-25T11:18:13","guid":{"rendered":"https:\/\/web-mmi.iutbeziers.fr\/marathonMMI2021\/mdwMMI2021_17\/wordpress\/?page_id=62"},"modified":"2022-02-21T10:05:44","modified_gmt":"2022-02-21T09:05:44","slug":"demarches-administratives","status":"publish","type":"page","link":"https:\/\/www.cabrerolles.fr\/?page_id=62","title":{"rendered":"Vos d\u00e9marches"},"content":{"rendered":"\t\t<div data-elementor-type=\"wp-page\" data-elementor-id=\"62\" class=\"elementor elementor-62\">\n\t\t\t\t\t\t<section class=\"elementor-section elementor-top-section elementor-element elementor-element-dd927c4 elementor-section-boxed elementor-section-height-default elementor-section-height-default\" data-id=\"dd927c4\" data-element_type=\"section\" data-e-type=\"section\">\n\t\t\t\t\t\t<div class=\"elementor-container elementor-column-gap-default\">\n\t\t\t\t\t<div class=\"elementor-column elementor-col-100 elementor-top-column elementor-element elementor-element-94d8631\" data-id=\"94d8631\" data-element_type=\"column\" data-e-type=\"column\">\n\t\t\t<div class=\"elementor-widget-wrap elementor-element-populated\">\n\t\t\t\t\t\t<div class=\"elementor-element elementor-element-e60ad33 elementor-widget elementor-widget-heading\" data-id=\"e60ad33\" data-element_type=\"widget\" data-e-type=\"widget\" data-widget_type=\"heading.default\">\n\t\t\t\t<div class=\"elementor-widget-container\">\n\t\t\t\t\t<h2 class=\"elementor-heading-title elementor-size-default\">Pour toutes vos d\u00e9marches<\/h2>\t\t\t\t<\/div>\n\t\t\t\t<\/div>\n\t\t\t\t<div class=\"elementor-element elementor-element-29436d7 elementor-widget elementor-widget-spacer\" data-id=\"29436d7\" data-element_type=\"widget\" data-e-type=\"widget\" data-widget_type=\"spacer.default\">\n\t\t\t\t<div class=\"elementor-widget-container\">\n\t\t\t\t\t\t\t<div class=\"elementor-spacer\">\n\t\t\t<div class=\"elementor-spacer-inner\"><\/div>\n\t\t<\/div>\n\t\t\t\t\t\t<\/div>\n\t\t\t\t<\/div>\n\t\t\t\t<div class=\"elementor-element elementor-element-aa9e604 elementor-widget elementor-widget-menu-anchor\" data-id=\"aa9e604\" data-element_type=\"widget\" data-e-type=\"widget\" data-widget_type=\"menu-anchor.default\">\n\t\t\t\t<div class=\"elementor-widget-container\">\n\t\t\t\t\t\t\t<div class=\"elementor-menu-anchor\" id=\"Votre_sante\"><\/div>\n\t\t\t\t\t\t<\/div>\n\t\t\t\t<\/div>\n\t\t\t\t<div class=\"elementor-element elementor-element-b2992ff elementor-widget elementor-widget-accordion\" data-id=\"b2992ff\" data-element_type=\"widget\" data-e-type=\"widget\" data-widget_type=\"accordion.default\">\n\t\t\t\t<div class=\"elementor-widget-container\">\n\t\t\t\t\t\t\t<div class=\"elementor-accordion\">\n\t\t\t\t\t\t\t<div class=\"elementor-accordion-item\">\n\t\t\t\t\t<div id=\"elementor-tab-title-1871\" class=\"elementor-tab-title\" data-tab=\"1\" role=\"button\" aria-controls=\"elementor-tab-content-1871\" aria-expanded=\"false\">\n\t\t\t\t\t\t\t\t\t\t\t\t\t<span class=\"elementor-accordion-icon elementor-accordion-icon-left\" aria-hidden=\"true\">\n\t\t\t\t\t\t\t\t\t\t\t\t\t\t\t<span class=\"elementor-accordion-icon-closed\"><i class=\"fas fa-plus\"><\/i><\/span>\n\t\t\t\t\t\t\t\t<span class=\"elementor-accordion-icon-opened\"><i class=\"fas fa-minus\"><\/i><\/span>\n\t\t\t\t\t\t\t\t\t\t\t\t\t\t<\/span>\n\t\t\t\t\t\t\t\t\t\t\t\t<a class=\"elementor-accordion-title\" tabindex=\"0\">D\u00e9marches administratives<\/a>\n\t\t\t\t\t<\/div>\n\t\t\t\t\t<div id=\"elementor-tab-content-1871\" class=\"elementor-tab-content elementor-clearfix\" data-tab=\"1\" role=\"region\" aria-labelledby=\"elementor-tab-title-1871\"><p><script>\njQuery(document).ready(function($) {\nvar delay = 100; setTimeout(function() {\n$('.elementor-tab-title').removeClass('elementor-active');\n $('.elementor-tab-content').css('display', 'none'); }, delay);\n});\n<\/script><br \/><span style=\"color: #000000;\">Tous les services aux particuliers sont sur :<\/span> <span style=\"color: #8e1825;\"><a style=\"color: #8e1825;\" href=\"https:\/\/www.service-public.fr\/\" target=\"_blank\" rel=\"noopener\">https:\/\/www.service-public.fr\/<\/a><\/span><\/p><p><span style=\"color: #000000;\">Et pour l&#8217;H\u00e9rault, tout particuli\u00e8rement :\u00a0<\/span><span style=\"color: #800000;\"><a style=\"color: #800000;\" href=\"https:\/\/www.herault.gouv.fr\/\" target=\"_blank\" rel=\"noopener\">https:\/\/www.herault.gouv.fr\/<\/a><\/span><\/p><p><span style=\"color: #000000;\">A Murviel-les-B\u00e9ziers,<strong> la Maison des Services au Public peut vous aider dans toutes vos d\u00e9marches administratives :<\/strong><\/span><br \/><span style=\"color: #800000;\"><a style=\"color: #800000;\" href=\"http:\/\/www.avant-monts.fr\/maison-de-services-au-public\/\" target=\"_blank\" rel=\"noopener\">http:\/\/www.avant-monts.fr\/maison-de-services-au-public\/<\/a><\/span><\/p><div class=\"cadre_numeros11131\">\u00a0<\/div><\/div>\n\t\t\t\t<\/div>\n\t\t\t\t\t\t\t<div class=\"elementor-accordion-item\">\n\t\t\t\t\t<div id=\"elementor-tab-title-1872\" class=\"elementor-tab-title\" data-tab=\"2\" role=\"button\" aria-controls=\"elementor-tab-content-1872\" aria-expanded=\"false\">\n\t\t\t\t\t\t\t\t\t\t\t\t\t<span class=\"elementor-accordion-icon elementor-accordion-icon-left\" aria-hidden=\"true\">\n\t\t\t\t\t\t\t\t\t\t\t\t\t\t\t<span class=\"elementor-accordion-icon-closed\"><i class=\"fas fa-plus\"><\/i><\/span>\n\t\t\t\t\t\t\t\t<span class=\"elementor-accordion-icon-opened\"><i class=\"fas fa-minus\"><\/i><\/span>\n\t\t\t\t\t\t\t\t\t\t\t\t\t\t<\/span>\n\t\t\t\t\t\t\t\t\t\t\t\t<a class=\"elementor-accordion-title\" tabindex=\"0\">Urbanisme<\/a>\n\t\t\t\t\t<\/div>\n\t\t\t\t\t<div id=\"elementor-tab-content-1872\" class=\"elementor-tab-content elementor-clearfix\" data-tab=\"2\" role=\"region\" aria-labelledby=\"elementor-tab-title-1872\"><p><span style=\"color: #000000;\">Depuis le 1er janvier 2022, vous pouvez faire <strong>toutes vos d\u00e9marches d&#8217;urbanisme en ligne<\/strong> sur le territoire des Avant-Monts Vous trouverez toutes les informations g\u00e9n\u00e9rales, les formulaires en ligne, un guichet unique&#8230;) ici :<\/span><br \/><strong><span style=\"color: #800000;\"><a style=\"color: #800000;\" href=\"https:\/\/www.avant-monts.fr\/dematerialisation-des-autorisations-durbanisme\/\" target=\"_blank\" rel=\"noopener\">https:\/\/www.avant-monts.fr\/dematerialisation-des-autorisations-durbanisme\/<\/a><\/span><\/strong><\/p><p><span style=\"color: #000000;\">D&#8217;autres informations sur vos droits sont sur :<br \/><\/span><span style=\"color: #8e1825;\"><a style=\"color: #8e1825;\" href=\"https:\/\/www.service-public.fr\/particuliers\/vosdroits\/N319\" target=\"_blank\" rel=\"noopener\">https:\/\/www.service-public.fr\/particuliers\/vosdroits\/N319<\/a><\/span><\/p><p><span style=\"color: #000000;\">Les contacts des artisans du b\u00e2timent dans la commune sont sur notre site sur la page <a href=\"https:\/\/web-mmi.iutbeziers.fr\/marathonMMI2021\/mdwMMI2021_17\/wordpress\/?page_id=345\" target=\"_blank\" rel=\"noopener\"><span style=\"color: #3a65e3;\">&#8220;<span style=\"color: #8e1825;\">Les acteurs du territoire<\/span><\/span><\/a>&#8220;<\/span><\/p><\/div>\n\t\t\t\t<\/div>\n\t\t\t\t\t\t\t<div class=\"elementor-accordion-item\">\n\t\t\t\t\t<div id=\"elementor-tab-title-1873\" class=\"elementor-tab-title\" data-tab=\"3\" role=\"button\" aria-controls=\"elementor-tab-content-1873\" aria-expanded=\"false\">\n\t\t\t\t\t\t\t\t\t\t\t\t\t<span class=\"elementor-accordion-icon elementor-accordion-icon-left\" aria-hidden=\"true\">\n\t\t\t\t\t\t\t\t\t\t\t\t\t\t\t<span class=\"elementor-accordion-icon-closed\"><i class=\"fas fa-plus\"><\/i><\/span>\n\t\t\t\t\t\t\t\t<span class=\"elementor-accordion-icon-opened\"><i class=\"fas fa-minus\"><\/i><\/span>\n\t\t\t\t\t\t\t\t\t\t\t\t\t\t<\/span>\n\t\t\t\t\t\t\t\t\t\t\t\t<a class=\"elementor-accordion-title\" tabindex=\"0\">Eau et assainissement<\/a>\n\t\t\t\t\t<\/div>\n\t\t\t\t\t<div id=\"elementor-tab-content-1873\" class=\"elementor-tab-content elementor-clearfix\" data-tab=\"3\" role=\"region\" aria-labelledby=\"elementor-tab-title-1873\"><p><span style=\"color: #000000;\">La Saur est le gestionnaire de l\u2019eau dans la commune, pour contacter le service client : <br \/><span style=\"color: #8e1825;\"><a style=\"color: #8e1825;\" href=\"https:\/\/www.saurclient.fr\/\" target=\"_blank\" rel=\"noopener\">https:\/\/www.saurclient.fr\/<\/a><\/span><\/span><\/p><p><span style=\"color: #000000;\">Pour un probl\u00e8me de potabilit\u00e9, il faut contacter le syndicat Mare et Libron :<br \/><span style=\"color: #8e1825;\"><a style=\"color: #8e1825;\" href=\"http:\/\/www.services.eaufrance.fr\/donnees\/service\/81830\" target=\"_blank\" rel=\"noopener\">http:\/\/www.services.eaufrance.fr\/donnees\/service\/81830<\/a><\/span><\/span><\/p><p><span style=\"color: #000000;\">Pour tout ce qui concerne l\u2019assainissement, contactez les Avant-Monts :<br \/><\/span><span style=\"color: #8e1825;\"><a style=\"color: #8e1825;\" href=\"http:\/\/www.avant-monts.fr\/2019\/07\/10\/presentation-du-service-eau-et-assainissement\/\" target=\"_blank\" rel=\"noopener\">http:\/\/www.avant-monts.fr\/2019\/07\/10\/presentation-du-service-eau-et-assainissement\/<\/a><\/span><\/p><\/div>\n\t\t\t\t<\/div>\n\t\t\t\t\t\t\t<div class=\"elementor-accordion-item\">\n\t\t\t\t\t<div id=\"elementor-tab-title-1874\" class=\"elementor-tab-title\" data-tab=\"4\" role=\"button\" aria-controls=\"elementor-tab-content-1874\" aria-expanded=\"false\">\n\t\t\t\t\t\t\t\t\t\t\t\t\t<span class=\"elementor-accordion-icon elementor-accordion-icon-left\" aria-hidden=\"true\">\n\t\t\t\t\t\t\t\t\t\t\t\t\t\t\t<span class=\"elementor-accordion-icon-closed\"><i class=\"fas fa-plus\"><\/i><\/span>\n\t\t\t\t\t\t\t\t<span class=\"elementor-accordion-icon-opened\"><i class=\"fas fa-minus\"><\/i><\/span>\n\t\t\t\t\t\t\t\t\t\t\t\t\t\t<\/span>\n\t\t\t\t\t\t\t\t\t\t\t\t<a class=\"elementor-accordion-title\" tabindex=\"0\">D\u00e9chetterie<\/a>\n\t\t\t\t\t<\/div>\n\t\t\t\t\t<div id=\"elementor-tab-content-1874\" class=\"elementor-tab-content elementor-clearfix\" data-tab=\"4\" role=\"region\" aria-labelledby=\"elementor-tab-title-1874\"><p><span style=\"color: #000000;\">La d\u00e9chetterie pour notre commune est celle de Laurens, pour conna\u00eetre ses horaires d&#8217;ouverture :\u00a0<\/span><\/p><p><span style=\"color: #800000;\"><a style=\"color: #800000;\" href=\"https:\/\/www.sictom-pezenas-agde.fr\/les-decheteries\/les-19-dechetteries-intercommunales\/decheterie-de-laurens\/\" target=\"_blank\" rel=\"noopener\">sictom-pezenas-agde&#8230;decheterie-de-laurens<\/a><\/span><\/p><p><span style=\"color: #000000;\"><em><span style=\"text-decoration: underline;\">Le Sictom<\/span><\/em> :\u00a0<\/span>\u00a0<span style=\"color: #800000;\"><a style=\"color: #800000;\" href=\"https:\/\/www.sictom-pezenas-agde.fr\" target=\"_blank\" rel=\"noopener\">www.sictom-pezenas-agde.fr<\/a><\/span><\/p><p><span style=\"text-decoration: underline;\"><em><span style=\"color: #000000; text-decoration: underline;\">Le tri s\u00e9lectif :<\/span><\/em><\/span>\u00a0 <span style=\"color: #800000;\"><a style=\"color: #800000;\" href=\"https:\/\/www.cabrerolles.fr\/wp-content\/uploads\/2021\/09\/A4-tri.pdf\" target=\"_blank\" rel=\"noopener\">Affiche<\/a><\/span><\/p><p><em><span style=\"text-decoration: underline;\"><span style=\"color: #000000; text-decoration: underline;\">Le guide du tri :<\/span><\/span><\/em> <span style=\"color: #800000;\"><a style=\"color: #800000;\" href=\"https:\/\/www.cabrerolles.fr\/wp-content\/uploads\/2021\/09\/Le-guide-de-tri.pdf\" target=\"_blank\" rel=\"noopener\">Livret<\/a><\/span><\/p><\/div>\n\t\t\t\t<\/div>\n\t\t\t\t\t\t\t<div class=\"elementor-accordion-item\">\n\t\t\t\t\t<div id=\"elementor-tab-title-1875\" class=\"elementor-tab-title\" data-tab=\"5\" role=\"button\" aria-controls=\"elementor-tab-content-1875\" aria-expanded=\"false\">\n\t\t\t\t\t\t\t\t\t\t\t\t\t<span class=\"elementor-accordion-icon elementor-accordion-icon-left\" aria-hidden=\"true\">\n\t\t\t\t\t\t\t\t\t\t\t\t\t\t\t<span class=\"elementor-accordion-icon-closed\"><i class=\"fas fa-plus\"><\/i><\/span>\n\t\t\t\t\t\t\t\t<span class=\"elementor-accordion-icon-opened\"><i class=\"fas fa-minus\"><\/i><\/span>\n\t\t\t\t\t\t\t\t\t\t\t\t\t\t<\/span>\n\t\t\t\t\t\t\t\t\t\t\t\t<a class=\"elementor-accordion-title\" tabindex=\"0\">Transport<\/a>\n\t\t\t\t\t<\/div>\n\t\t\t\t\t<div id=\"elementor-tab-content-1875\" class=\"elementor-tab-content elementor-clearfix\" data-tab=\"5\" role=\"region\" aria-labelledby=\"elementor-tab-title-1875\"><p><span style=\"color: #000000;\">Lien vers H\u00e9rault transport : <span style=\"color: #8e1825;\"><a style=\"color: #8e1825;\" href=\"https:\/\/www.herault-transport.fr\/node\/14\" target=\"_blank\" rel=\"noopener\">https:\/\/www.herault-transport.fr\/node\/14<\/a><\/span><\/span><\/p><\/div>\n\t\t\t\t<\/div>\n\t\t\t\t\t\t\t<div class=\"elementor-accordion-item\">\n\t\t\t\t\t<div id=\"elementor-tab-title-1876\" class=\"elementor-tab-title\" data-tab=\"6\" role=\"button\" aria-controls=\"elementor-tab-content-1876\" aria-expanded=\"false\">\n\t\t\t\t\t\t\t\t\t\t\t\t\t<span class=\"elementor-accordion-icon elementor-accordion-icon-left\" aria-hidden=\"true\">\n\t\t\t\t\t\t\t\t\t\t\t\t\t\t\t<span class=\"elementor-accordion-icon-closed\"><i class=\"fas fa-plus\"><\/i><\/span>\n\t\t\t\t\t\t\t\t<span class=\"elementor-accordion-icon-opened\"><i class=\"fas fa-minus\"><\/i><\/span>\n\t\t\t\t\t\t\t\t\t\t\t\t\t\t<\/span>\n\t\t\t\t\t\t\t\t\t\t\t\t<a class=\"elementor-accordion-title\" tabindex=\"0\">Sant\u00e9<\/a>\n\t\t\t\t\t<\/div>\n\t\t\t\t\t<div id=\"elementor-tab-content-1876\" class=\"elementor-tab-content elementor-clearfix\" data-tab=\"6\" role=\"region\" aria-labelledby=\"elementor-tab-title-1876\"><p><span style=\"color: #000000;\">Le Centre m\u00e9dical de Laurens regroupe plusieurs professionnels de sant\u00e9 (m\u00e9decins g\u00e9n\u00e9ralistes, pharmaciens, dentiste, infirmiers, ost\u00e9opathe, kin\u00e9sith\u00e9rapeute, di\u00e9t\u00e9ticienne&#8230;)<\/span><br \/><span style=\"color: #000000;\">Plus d&#8217;informations sur<\/span> <strong><span style=\"color: #800000;\"><a style=\"color: #800000;\" href=\"https:\/\/centremedicallaurens.wordpress.com\/\" target=\"_blank\" rel=\"noopener\">centre medical laurens<\/a><\/span><\/strong><\/p><p><span style=\"color: #000000;\">Pour prendre rdv avec un des 4 m\u00e9decins g\u00e9n\u00e9ralistes du centre, c&#8217;est ici :<\/span><br \/><strong><span style=\"color: #800000;\"><a style=\"color: #800000;\" href=\"https:\/\/www.cabinetmedicallaurens.fr\/\" target=\"_blank\" rel=\"noopener\">cabinet medical laurens<\/a><\/span><\/strong><\/p><p><span style=\"color: #000000;\">M\u00e9decins \u00e0 Laurens : <strong>04 67 90 27 28<\/strong><\/span><\/p><p><span style=\"color: #000000;\">Pharmacie de Laurens : <strong><span role=\"link\" aria-label=\"Appeler le 04 67 90 28 42\">04 67 90 28 42<\/span><\/strong><\/span><\/p><p>Prendre un rdv avec la pharmacie de Laurens pour un <span style=\"color: #800000;\"><strong>test<\/strong> <\/span>ou une <span style=\"color: #800000;\"><strong>vaccination<\/strong><\/span>, c&#8217;est <a href=\"https:\/\/pharmacielaurens.pharm-upp.fr\/rendez-vous\" target=\"_blank\" rel=\"noopener\"><strong><span style=\"color: #800000;\">ici<\/span>\u00a0<\/strong><\/a><\/p><p><span style=\"color: #000000;\">Pour toute info sur la pand\u00e9mie Covid 19, suivez le lien :\u00a0<\/span><br \/><strong><span style=\"color: #800000;\"><a style=\"color: #800000;\" href=\"https:\/\/mesconseilscovid.sante.gouv.fr\/?source=mailingmairies#introduction\" target=\"_blank\" rel=\"noopener\">mesconseilscovid.sante.gouv.fr<\/a><\/span><\/strong><\/p><\/div>\n\t\t\t\t<\/div>\n\t\t\t\t\t\t\t<div class=\"elementor-accordion-item\">\n\t\t\t\t\t<div id=\"elementor-tab-title-1877\" class=\"elementor-tab-title\" data-tab=\"7\" role=\"button\" aria-controls=\"elementor-tab-content-1877\" aria-expanded=\"false\">\n\t\t\t\t\t\t\t\t\t\t\t\t\t<span class=\"elementor-accordion-icon elementor-accordion-icon-left\" aria-hidden=\"true\">\n\t\t\t\t\t\t\t\t\t\t\t\t\t\t\t<span class=\"elementor-accordion-icon-closed\"><i class=\"fas fa-plus\"><\/i><\/span>\n\t\t\t\t\t\t\t\t<span class=\"elementor-accordion-icon-opened\"><i class=\"fas fa-minus\"><\/i><\/span>\n\t\t\t\t\t\t\t\t\t\t\t\t\t\t<\/span>\n\t\t\t\t\t\t\t\t\t\t\t\t<a class=\"elementor-accordion-title\" tabindex=\"0\">Obs\u00e8ques<\/a>\n\t\t\t\t\t<\/div>\n\t\t\t\t\t<div id=\"elementor-tab-content-1877\" class=\"elementor-tab-content elementor-clearfix\" data-tab=\"7\" role=\"region\" aria-labelledby=\"elementor-tab-title-1877\"><p><span style=\"color: #000000;\">La commune de Cabrerolles a sign\u00e9 un partenariat avec le centre Fun\u00e9raire le Pech bleu \u00e0 B\u00e9ziers. Il permet aux familles de Cabrerolles de b\u00e9n\u00e9ficier de tarifs pr\u00e9f\u00e9rentiels.<\/span><\/p><p><span style=\"color: #000000;\">Organisation d\u2019obs\u00e8ques<\/span><br \/><span style=\"color: #000000;\"><strong>04 67 31 80 05<\/strong><\/span><\/p><div id=\"\" class=\"wp-block-ugb-divider ugb-divider ugb-19a8150 ugb-divider--v2 ugb-divider--design-dots ugb-main-block\"><div class=\"ugb-inner-block\"><div class=\"ugb-block-content\"><div class=\"ugb-divider__dots\" aria-hidden=\"true\"><div class=\"ugb-divider__dot\"><span style=\"font-size: 1rem; color: #000000;\">Cr\u00e9matorium, chambre fun\u00e9raire<\/span><\/div><\/div><\/div><\/div><\/div><p><span style=\"color: #000000;\"><strong>04 67 31 80 07<\/strong><\/span><\/p><\/div>\n\t\t\t\t<\/div>\n\t\t\t\t\t\t\t<div class=\"elementor-accordion-item\">\n\t\t\t\t\t<div id=\"elementor-tab-title-1878\" class=\"elementor-tab-title\" data-tab=\"8\" role=\"button\" aria-controls=\"elementor-tab-content-1878\" aria-expanded=\"false\">\n\t\t\t\t\t\t\t\t\t\t\t\t\t<span class=\"elementor-accordion-icon elementor-accordion-icon-left\" aria-hidden=\"true\">\n\t\t\t\t\t\t\t\t\t\t\t\t\t\t\t<span class=\"elementor-accordion-icon-closed\"><i class=\"fas fa-plus\"><\/i><\/span>\n\t\t\t\t\t\t\t\t<span class=\"elementor-accordion-icon-opened\"><i class=\"fas fa-minus\"><\/i><\/span>\n\t\t\t\t\t\t\t\t\t\t\t\t\t\t<\/span>\n\t\t\t\t\t\t\t\t\t\t\t\t<a class=\"elementor-accordion-title\" tabindex=\"0\">SOS conflits<\/a>\n\t\t\t\t\t<\/div>\n\t\t\t\t\t<div id=\"elementor-tab-content-1878\" class=\"elementor-tab-content elementor-clearfix\" data-tab=\"8\" role=\"region\" aria-labelledby=\"elementor-tab-title-1878\"><p><span style=\"color: #000000;\">\u00c9coute, informations et orientation gratuite par des professionnels de la m\u00e9diation au<\/span><br \/><span style=\"color: #800000;\"><strong>06 47 51 59 91<br \/><\/strong><\/span><span style=\"color: #000000;\">du lundi au vendredi de 14h \u00e0 18h<\/span><\/p><\/div>\n\t\t\t\t<\/div>\n\t\t\t\t\t\t\t<div class=\"elementor-accordion-item\">\n\t\t\t\t\t<div id=\"elementor-tab-title-1879\" class=\"elementor-tab-title\" data-tab=\"9\" role=\"button\" aria-controls=\"elementor-tab-content-1879\" aria-expanded=\"false\">\n\t\t\t\t\t\t\t\t\t\t\t\t\t<span class=\"elementor-accordion-icon elementor-accordion-icon-left\" aria-hidden=\"true\">\n\t\t\t\t\t\t\t\t\t\t\t\t\t\t\t<span class=\"elementor-accordion-icon-closed\"><i class=\"fas fa-plus\"><\/i><\/span>\n\t\t\t\t\t\t\t\t<span class=\"elementor-accordion-icon-opened\"><i class=\"fas fa-minus\"><\/i><\/span>\n\t\t\t\t\t\t\t\t\t\t\t\t\t\t<\/span>\n\t\t\t\t\t\t\t\t\t\t\t\t<a class=\"elementor-accordion-title\" tabindex=\"0\">Raccordement fibre<\/a>\n\t\t\t\t\t<\/div>\n\t\t\t\t\t<div id=\"elementor-tab-content-1879\" class=\"elementor-tab-content elementor-clearfix\" data-tab=\"9\" role=\"region\" aria-labelledby=\"elementor-tab-title-1879\"><p style=\"text-align: left;\"><span style=\"color: #000000;\">La fibre est install\u00e9e dans la commune. Pour savoir si vous \u00eates raccordable, il faut retrouver votre adresse sur la carte mise \u00e0 jour r\u00e9guli\u00e8rement avec la liste des op\u00e9rateurs qui peuvent vous raccorder. Cliquez sur ce lien :<\/span><br \/><span style=\"color: #800000;\"><strong><a style=\"color: #800000;\" href=\"https:\/\/cartefibre.arcep.fr\/index.html?lng=2.9155336656537543&amp;lat=46&amp;zoom=6.5&amp;mode=normal&amp;legende=true&amp;filter=true&amp;trimestre=2020T4\" target=\"_blank\" rel=\"noopener\">https:\/\/cartefibre.arcep.fr<\/a><\/strong><\/span><\/p><\/div>\n\t\t\t\t<\/div>\n\t\t\t\t\t\t\t\t<\/div>\n\t\t\t\t\t\t<\/div>\n\t\t\t\t<\/div>\n\t\t\t\t\t<\/div>\n\t\t<\/div>\n\t\t\t\t\t<\/div>\n\t\t<\/section>\n\t\t\t\t<\/div>\n\t\t","protected":false},"excerpt":{"rendered":"<p>Pour toutes vos d\u00e9marches D\u00e9marches administratives Tous les services aux particuliers sont sur : https:\/\/www.service-public.fr\/ Et pour l&#8217;H\u00e9rault, tout particuli\u00e8rement :\u00a0https:\/\/www.herault.gouv.fr\/ A Murviel-les-B\u00e9ziers, la Maison des Services au Public peut vous aider dans toutes vos d\u00e9marches administratives :http:\/\/www.avant-monts.fr\/maison-de-services-au-public\/ \u00a0 Urbanisme Depuis le 1er janvier 2022, vous pouvez faire toutes vos d\u00e9marches d&#8217;urbanisme en ligne sur &hellip; <\/p>\n<p class=\"link-more\"><a href=\"https:\/\/www.cabrerolles.fr\/?page_id=62\" class=\"more-link\">Continuer la lecture<span class=\"screen-reader-text\"> de &laquo;&nbsp;Vos d\u00e9marches&nbsp;&raquo;<\/span><\/a><\/p>\n","protected":false},"author":1,"featured_media":0,"parent":0,"menu_order":0,"comment_status":"closed","ping_status":"closed","template":"","meta":{"advgb_blocks_editor_width":"","advgb_blocks_columns_visual_guide":"","footnotes":""},"class_list":["post-62","page","type-page","status-publish","hentry"],"coauthors":[],"author_meta":{"author_link":"https:\/\/www.cabrerolles.fr\/?author=1","display_name":"mairie"},"relative_dates":{"created":"Publi\u00e9 5 ans il y a","modified":"Mis \u00e0 jour 4 ans il y a"},"absolute_dates":{"created":"Publi\u00e9 le 25 janvier 2021","modified":"Mise \u00e0 jour le 21 f\u00e9vrier 2022"},"absolute_dates_time":{"created":"Publi\u00e9 le 25 janvier 2021 12h18","modified":"Mise \u00e0 jour le 21 f\u00e9vrier 2022 10h05"},"featured_img_caption":"","featured_img":false,"series_order":"","_links":{"self":[{"href":"https:\/\/www.cabrerolles.fr\/index.php?rest_route=\/wp\/v2\/pages\/62","targetHints":{"allow":["GET"]}}],"collection":[{"href":"https:\/\/www.cabrerolles.fr\/index.php?rest_route=\/wp\/v2\/pages"}],"about":[{"href":"https:\/\/www.cabrerolles.fr\/index.php?rest_route=\/wp\/v2\/types\/page"}],"author":[{"embeddable":true,"href":"https:\/\/www.cabrerolles.fr\/index.php?rest_route=\/wp\/v2\/users\/1"}],"replies":[{"embeddable":true,"href":"https:\/\/www.cabrerolles.fr\/index.php?rest_route=%2Fwp%2Fv2%2Fcomments&post=62"}],"version-history":[{"count":127,"href":"https:\/\/www.cabrerolles.fr\/index.php?rest_route=\/wp\/v2\/pages\/62\/revisions"}],"predecessor-version":[{"id":3597,"href":"https:\/\/www.cabrerolles.fr\/index.php?rest_route=\/wp\/v2\/pages\/62\/revisions\/3597"}],"wp:attachment":[{"href":"https:\/\/www.cabrerolles.fr\/index.php?rest_route=%2Fwp%2Fv2%2Fmedia&parent=62"}],"curies":[{"name":"wp","href":"https:\/\/api.w.org\/{rel}","templated":true}]}}