{"id":99,"date":"2021-01-25T12:35:58","date_gmt":"2021-01-25T11:35:58","guid":{"rendered":"https:\/\/web-mmi.iutbeziers.fr\/marathonMMI2021\/mdwMMI2021_17\/wordpress\/?page_id=99"},"modified":"2025-10-30T09:57:58","modified_gmt":"2025-10-30T08:57:58","slug":"associations","status":"publish","type":"page","link":"https:\/\/www.cabrerolles.fr\/?page_id=99","title":{"rendered":"Associations"},"content":{"rendered":"\t\t<div data-elementor-type=\"wp-page\" data-elementor-id=\"99\" class=\"elementor elementor-99\">\n\t\t\t\t\t\t<section class=\"elementor-section elementor-top-section elementor-element elementor-element-4380442f elementor-section-boxed elementor-section-height-default elementor-section-height-default\" data-id=\"4380442f\" data-element_type=\"section\" data-e-type=\"section\">\n\t\t\t\t\t\t<div class=\"elementor-container elementor-column-gap-default\">\n\t\t\t\t\t<div class=\"elementor-column elementor-col-100 elementor-top-column elementor-element elementor-element-36bc6443\" data-id=\"36bc6443\" data-element_type=\"column\" data-e-type=\"column\">\n\t\t\t<div class=\"elementor-widget-wrap elementor-element-populated\">\n\t\t\t\t\t\t<div class=\"elementor-element elementor-element-83fee29 elementor-widget elementor-widget-heading\" data-id=\"83fee29\" data-element_type=\"widget\" data-e-type=\"widget\" data-widget_type=\"heading.default\">\n\t\t\t\t<div class=\"elementor-widget-container\">\n\t\t\t\t\t<h2 class=\"elementor-heading-title elementor-size-default\">Les actualit\u00e9s des associations<\/h2>\t\t\t\t<\/div>\n\t\t\t\t<\/div>\n\t\t\t\t<div class=\"elementor-element elementor-element-dc5ea2f elementor-widget elementor-widget-text-editor\" data-id=\"dc5ea2f\" data-element_type=\"widget\" data-e-type=\"widget\" data-widget_type=\"text-editor.default\">\n\t\t\t\t<div class=\"elementor-widget-container\">\n\t\t\t\t\t\t\t\t\t<p><em><span style=\"color: #000000;\"><span style=\"color: #000000;\">Les associations font la vie de la commune. Leurs actualit\u00e9s sont publi\u00e9es r\u00e9guli\u00e8rement\u00a0ici.<\/span><\/span><\/em><\/p>\t\t\t\t\t\t\t\t<\/div>\n\t\t\t\t<\/div>\n\t\t\t\t\t<\/div>\n\t\t<\/div>\n\t\t\t\t\t<\/div>\n\t\t<\/section>\n\t\t\t\t<section class=\"elementor-section elementor-top-section elementor-element elementor-element-5497433 elementor-section-boxed elementor-section-height-default elementor-section-height-default\" data-id=\"5497433\" data-element_type=\"section\" data-e-type=\"section\">\n\t\t\t\t\t\t<div class=\"elementor-container elementor-column-gap-default\">\n\t\t\t\t\t<div class=\"elementor-column elementor-col-100 elementor-top-column elementor-element elementor-element-e365e86\" data-id=\"e365e86\" data-element_type=\"column\" data-e-type=\"column\">\n\t\t\t<div class=\"elementor-widget-wrap elementor-element-populated\">\n\t\t\t\t\t\t<div class=\"elementor-element elementor-element-8ef2247 elementor-widget elementor-widget-accordion\" data-id=\"8ef2247\" data-element_type=\"widget\" data-e-type=\"widget\" data-widget_type=\"accordion.default\">\n\t\t\t\t<div class=\"elementor-widget-container\">\n\t\t\t\t\t\t\t<div class=\"elementor-accordion\">\n\t\t\t\t\t\t\t<div class=\"elementor-accordion-item\">\n\t\t\t\t\t<div id=\"elementor-tab-title-1491\" class=\"elementor-tab-title\" data-tab=\"1\" role=\"button\" aria-controls=\"elementor-tab-content-1491\" aria-expanded=\"false\">\n\t\t\t\t\t\t\t\t\t\t\t\t\t<span class=\"elementor-accordion-icon elementor-accordion-icon-left\" aria-hidden=\"true\">\n\t\t\t\t\t\t\t\t\t\t\t\t\t\t\t<span class=\"elementor-accordion-icon-closed\"><i class=\"fas fa-plus\"><\/i><\/span>\n\t\t\t\t\t\t\t\t<span class=\"elementor-accordion-icon-opened\"><i class=\"fas fa-minus\"><\/i><\/span>\n\t\t\t\t\t\t\t\t\t\t\t\t\t\t<\/span>\n\t\t\t\t\t\t\t\t\t\t\t\t<a class=\"elementor-accordion-title\" tabindex=\"0\">Charivari de la Sant Jos\u00e8p<\/a>\n\t\t\t\t\t<\/div>\n\t\t\t\t\t<div id=\"elementor-tab-content-1491\" class=\"elementor-tab-content elementor-clearfix\" data-tab=\"1\" role=\"region\" aria-labelledby=\"elementor-tab-title-1491\"><p><span style=\"color: #800000;\"><strong>Charivari de la Sant Jos\u00e8p<\/strong><\/span><br \/><strong>d\u00e9fil\u00e9 carnavalesque <\/strong><strong>et f\u00eate du patrimoine<\/strong> <br \/><span style=\"color: #800000;\"><strong>le 19 mars<\/strong><\/span><\/p><p><img fetchpriority=\"high\" decoding=\"async\" class=\"wp-image-4214 size-large\" src=\"https:\/\/www.cabrerolles.fr\/wp-content\/uploads\/2023\/03\/affiche-reso-socio_sant_josep-725x1024.jpg\" alt=\"\" width=\"525\" height=\"742\" srcset=\"https:\/\/www.cabrerolles.fr\/wp-content\/uploads\/2023\/03\/affiche-reso-socio_sant_josep-725x1024.jpg 725w, https:\/\/www.cabrerolles.fr\/wp-content\/uploads\/2023\/03\/affiche-reso-socio_sant_josep-212x300.jpg 212w, https:\/\/www.cabrerolles.fr\/wp-content\/uploads\/2023\/03\/affiche-reso-socio_sant_josep-768x1085.jpg 768w, https:\/\/www.cabrerolles.fr\/wp-content\/uploads\/2023\/03\/affiche-reso-socio_sant_josep-1087x1536.jpg 1087w, https:\/\/www.cabrerolles.fr\/wp-content\/uploads\/2023\/03\/affiche-reso-socio_sant_josep.jpg 1123w\" sizes=\"(max-width: 525px) 100vw, 525px\" \/>\u00a0<\/p><p>Voici le programme :<br \/><strong>10h30<\/strong> inauguration des travaux de mise en valeur d\u2019objets class\u00e9s dans la Chapelle de La Liqui\u00e8re<br \/><strong>11h30<\/strong> ap\u00e9ritif offert par la mairie sur la place de La Liqui\u00e8re accompagn\u00e9 par Fred \u00e0 la guitare<br \/><strong>13h<\/strong> repas propos\u00e9 par le Comit\u00e9 des f\u00eates \u00e0 la salle des rencontres <br \/>adultes 20\u20ac \u00b7 enfants 10\u20ac <br \/>&gt;&gt;&gt; r\u00e9servation obligatoire au 07 78 74 45 68 (jusqu\u2019au 10 mars inclus)<br \/><strong>14h30<\/strong> \u00e0 partir du centre village jusqu\u2019\u00e0 la salle des rencontres pour br\u00fbler M. Carnaval : d\u00e9ambulation des enfants de l\u2019\u00e9cole avec le Th\u00e9\u00e2tre des Origines accompagn\u00e9s par la Fanfare des Fadas du Tamarou<br \/>Buvette go\u00fbter tenue par l\u2019AAPEC<\/p><\/div>\n\t\t\t\t<\/div>\n\t\t\t\t\t\t\t<div class=\"elementor-accordion-item\">\n\t\t\t\t\t<div id=\"elementor-tab-title-1492\" class=\"elementor-tab-title\" data-tab=\"2\" role=\"button\" aria-controls=\"elementor-tab-content-1492\" aria-expanded=\"false\">\n\t\t\t\t\t\t\t\t\t\t\t\t\t<span class=\"elementor-accordion-icon elementor-accordion-icon-left\" aria-hidden=\"true\">\n\t\t\t\t\t\t\t\t\t\t\t\t\t\t\t<span class=\"elementor-accordion-icon-closed\"><i class=\"fas fa-plus\"><\/i><\/span>\n\t\t\t\t\t\t\t\t<span class=\"elementor-accordion-icon-opened\"><i class=\"fas fa-minus\"><\/i><\/span>\n\t\t\t\t\t\t\t\t\t\t\t\t\t\t<\/span>\n\t\t\t\t\t\t\t\t\t\t\t\t<a class=\"elementor-accordion-title\" tabindex=\"0\">Le carnaval \u00e0 La Liqui\u00e8re<\/a>\n\t\t\t\t\t<\/div>\n\t\t\t\t\t<div id=\"elementor-tab-content-1492\" class=\"elementor-tab-content elementor-clearfix\" data-tab=\"2\" role=\"region\" aria-labelledby=\"elementor-tab-title-1492\"><h4><span style=\"color: #000000;\"><strong>\u00c7a s&#8217;est pass\u00e9 avec le soleil <\/strong><\/span><span style=\"color: #000000;\"><strong>le dimanche 27 mars !<\/strong><\/span><\/h4><p>\u00a0<\/p><p><img decoding=\"async\" class=\"alignnone wp-image-3702 size-large\" src=\"https:\/\/www.cabrerolles.fr\/wp-content\/uploads\/2022\/04\/IMG-20220328-WA0000-1024x768.jpg\" alt=\"\" width=\"525\" height=\"394\" srcset=\"https:\/\/www.cabrerolles.fr\/wp-content\/uploads\/2022\/04\/IMG-20220328-WA0000-1024x768.jpg 1024w, https:\/\/www.cabrerolles.fr\/wp-content\/uploads\/2022\/04\/IMG-20220328-WA0000-300x225.jpg 300w, https:\/\/www.cabrerolles.fr\/wp-content\/uploads\/2022\/04\/IMG-20220328-WA0000-768x576.jpg 768w, https:\/\/www.cabrerolles.fr\/wp-content\/uploads\/2022\/04\/IMG-20220328-WA0000-1536x1152.jpg 1536w, https:\/\/www.cabrerolles.fr\/wp-content\/uploads\/2022\/04\/IMG-20220328-WA0000.jpg 2016w\" sizes=\"(max-width: 525px) 100vw, 525px\" \/> <img decoding=\"async\" class=\"alignnone wp-image-3703 size-large\" src=\"https:\/\/www.cabrerolles.fr\/wp-content\/uploads\/2022\/04\/IMG-20220328-WA0003-1024x768.jpg\" alt=\"\" width=\"525\" height=\"394\" srcset=\"https:\/\/www.cabrerolles.fr\/wp-content\/uploads\/2022\/04\/IMG-20220328-WA0003-1024x768.jpg 1024w, https:\/\/www.cabrerolles.fr\/wp-content\/uploads\/2022\/04\/IMG-20220328-WA0003-300x225.jpg 300w, https:\/\/www.cabrerolles.fr\/wp-content\/uploads\/2022\/04\/IMG-20220328-WA0003-768x576.jpg 768w, https:\/\/www.cabrerolles.fr\/wp-content\/uploads\/2022\/04\/IMG-20220328-WA0003-1536x1152.jpg 1536w, https:\/\/www.cabrerolles.fr\/wp-content\/uploads\/2022\/04\/IMG-20220328-WA0003.jpg 1600w\" sizes=\"(max-width: 525px) 100vw, 525px\" \/> <img loading=\"lazy\" decoding=\"async\" class=\"alignnone wp-image-3704 size-large\" src=\"https:\/\/www.cabrerolles.fr\/wp-content\/uploads\/2022\/04\/IMG-20220328-WA0005-1024x768.jpg\" alt=\"\" width=\"525\" height=\"394\" srcset=\"https:\/\/www.cabrerolles.fr\/wp-content\/uploads\/2022\/04\/IMG-20220328-WA0005-1024x768.jpg 1024w, https:\/\/www.cabrerolles.fr\/wp-content\/uploads\/2022\/04\/IMG-20220328-WA0005-300x225.jpg 300w, https:\/\/www.cabrerolles.fr\/wp-content\/uploads\/2022\/04\/IMG-20220328-WA0005-768x576.jpg 768w, https:\/\/www.cabrerolles.fr\/wp-content\/uploads\/2022\/04\/IMG-20220328-WA0005-1536x1152.jpg 1536w, https:\/\/www.cabrerolles.fr\/wp-content\/uploads\/2022\/04\/IMG-20220328-WA0005.jpg 1600w\" sizes=\"(max-width: 525px) 100vw, 525px\" \/><\/p><p><br \/><span style=\"color: #000000;\">Par une belle apr\u00e8s midi printani\u00e8re, l&#8217;Association des Amis et Parents de l&#8217;\u00e9cole de La Liqui\u00e8re a donn\u00e9 Rdv \u00e0 14h30, aux petits comme aux grands, pour un Carnaval haut en couleurs !<\/span><br \/><span style=\"color: #000000;\">Apr\u00e8s avoir fait le tour du Hameau en musique, afin de respecter les traditions, nous avons &#8220;mis fin \u00e0 l&#8217;Hiver&#8221; en mettant Madame Carnaval (magnifiquement r\u00e9alis\u00e9e par Emma, Marine et les enfants de maternelle), sur le b\u00fbcher !<\/span><br \/><span style=\"color: #000000;\">Pour terminer, tout le monde s&#8217;est retrouv\u00e9 autour d&#8217;une bonne cr\u00eape \u00e0 la buvette pendant que les enfants profitaient de pouvoir enfin jouer ensemble.<\/span><\/p><p><br \/><span style=\"color: #000000;\">Prochain Rdv pour la Kermesse de fin d&#8217;ann\u00e9e au mois de juin !<\/span><\/p><\/div>\n\t\t\t\t<\/div>\n\t\t\t\t\t\t\t<div class=\"elementor-accordion-item\">\n\t\t\t\t\t<div id=\"elementor-tab-title-1493\" class=\"elementor-tab-title\" data-tab=\"3\" role=\"button\" aria-controls=\"elementor-tab-content-1493\" aria-expanded=\"false\">\n\t\t\t\t\t\t\t\t\t\t\t\t\t<span class=\"elementor-accordion-icon elementor-accordion-icon-left\" aria-hidden=\"true\">\n\t\t\t\t\t\t\t\t\t\t\t\t\t\t\t<span class=\"elementor-accordion-icon-closed\"><i class=\"fas fa-plus\"><\/i><\/span>\n\t\t\t\t\t\t\t\t<span class=\"elementor-accordion-icon-opened\"><i class=\"fas fa-minus\"><\/i><\/span>\n\t\t\t\t\t\t\t\t\t\t\t\t\t\t<\/span>\n\t\t\t\t\t\t\t\t\t\t\t\t<a class=\"elementor-accordion-title\" tabindex=\"0\">Halloween <\/a>\n\t\t\t\t\t<\/div>\n\t\t\t\t\t<div id=\"elementor-tab-content-1493\" class=\"elementor-tab-content elementor-clearfix\" data-tab=\"3\" role=\"region\" aria-labelledby=\"elementor-tab-title-1493\"><h4><span style=\"color: #000000;\"><strong>Atelier cr\u00e9atif &#8220;dessine ton halloween&#8221; \u00e0 la Cabrioth\u00e8que<\/strong><\/span><\/h4><p><img loading=\"lazy\" decoding=\"async\" class=\"alignnone size-medium wp-image-3460\" src=\"https:\/\/www.cabrerolles.fr\/wp-content\/uploads\/2021\/12\/247517360_266401195417768_8472168512906566861_n-225x300.jpg\" alt=\"\" width=\"225\" height=\"300\" srcset=\"https:\/\/www.cabrerolles.fr\/wp-content\/uploads\/2021\/12\/247517360_266401195417768_8472168512906566861_n-225x300.jpg 225w, https:\/\/www.cabrerolles.fr\/wp-content\/uploads\/2021\/12\/247517360_266401195417768_8472168512906566861_n.jpg 720w\" sizes=\"(max-width: 225px) 100vw, 225px\" \/> <img loading=\"lazy\" decoding=\"async\" class=\"alignnone size-medium wp-image-3461\" src=\"https:\/\/www.cabrerolles.fr\/wp-content\/uploads\/2021\/12\/249331911_266401048751116_7318147761159821958_n-225x300.jpg\" alt=\"\" width=\"225\" height=\"300\" srcset=\"https:\/\/www.cabrerolles.fr\/wp-content\/uploads\/2021\/12\/249331911_266401048751116_7318147761159821958_n-225x300.jpg 225w, https:\/\/www.cabrerolles.fr\/wp-content\/uploads\/2021\/12\/249331911_266401048751116_7318147761159821958_n.jpg 720w\" sizes=\"(max-width: 225px) 100vw, 225px\" \/> <img loading=\"lazy\" decoding=\"async\" class=\"alignnone size-medium wp-image-3462\" src=\"https:\/\/www.cabrerolles.fr\/wp-content\/uploads\/2021\/12\/249760296_266401912084363_7226390973254017305_n-225x300.jpg\" alt=\"\" width=\"225\" height=\"300\" srcset=\"https:\/\/www.cabrerolles.fr\/wp-content\/uploads\/2021\/12\/249760296_266401912084363_7226390973254017305_n-225x300.jpg 225w, https:\/\/www.cabrerolles.fr\/wp-content\/uploads\/2021\/12\/249760296_266401912084363_7226390973254017305_n.jpg 720w\" sizes=\"(max-width: 225px) 100vw, 225px\" \/><br \/><span style=\"color: #000000;\">Mercredi 27 octobre, une vingtaine d&#8217;enfants du village ont particip\u00e9 \u00e0 un atelier cr\u00e9atif sur le th\u00e8me d&#8217;Halloween organis\u00e9 par la Cabrioth\u00e8que. L&#8217;atelier \u00e9tait encadr\u00e9 par deux biblioth\u00e9caires et des parents, le go\u00fbter a \u00e9t\u00e9 offert par l&#8217;AAPEC. Chaque enfant est reparti avec un dipl\u00f4me, des friandises et une mini citrouille. Merci \u00e0 tous les b\u00e9n\u00e9voles !<\/span><\/p><h4>Super r\u00e9colte des bonbons !<\/h4><p><img loading=\"lazy\" decoding=\"async\" class=\"alignnone wp-image-3463 size-full\" src=\"https:\/\/www.cabrerolles.fr\/wp-content\/uploads\/2021\/12\/251966696_269413401783214_5654186624570252847_n.jpg\" alt=\"\" width=\"960\" height=\"720\" srcset=\"https:\/\/www.cabrerolles.fr\/wp-content\/uploads\/2021\/12\/251966696_269413401783214_5654186624570252847_n.jpg 960w, https:\/\/www.cabrerolles.fr\/wp-content\/uploads\/2021\/12\/251966696_269413401783214_5654186624570252847_n-300x225.jpg 300w, https:\/\/www.cabrerolles.fr\/wp-content\/uploads\/2021\/12\/251966696_269413401783214_5654186624570252847_n-768x576.jpg 768w\" sizes=\"(max-width: 767px) 89vw, (max-width: 1000px) 54vw, (max-width: 1071px) 543px, 580px\" \/><br \/><span style=\"color: #000000;\">Lundi 1er novembre, les enfants d\u00e9guis\u00e9s sont partis dans les rues de La Liqui\u00e8re chasser les fant\u00f4mes, et faire peur aux villageois. Ils ont tellement r\u00e9ussi qu&#8217;ils ont fait une belle r\u00e9colte de bonbons !<\/span><\/p><\/div>\n\t\t\t\t<\/div>\n\t\t\t\t\t\t\t<div class=\"elementor-accordion-item\">\n\t\t\t\t\t<div id=\"elementor-tab-title-1494\" class=\"elementor-tab-title\" data-tab=\"4\" role=\"button\" aria-controls=\"elementor-tab-content-1494\" aria-expanded=\"false\">\n\t\t\t\t\t\t\t\t\t\t\t\t\t<span class=\"elementor-accordion-icon elementor-accordion-icon-left\" aria-hidden=\"true\">\n\t\t\t\t\t\t\t\t\t\t\t\t\t\t\t<span class=\"elementor-accordion-icon-closed\"><i class=\"fas fa-plus\"><\/i><\/span>\n\t\t\t\t\t\t\t\t<span class=\"elementor-accordion-icon-opened\"><i class=\"fas fa-minus\"><\/i><\/span>\n\t\t\t\t\t\t\t\t\t\t\t\t\t\t<\/span>\n\t\t\t\t\t\t\t\t\t\t\t\t<a class=\"elementor-accordion-title\" tabindex=\"0\">Fin d'ann\u00e9e \u00e0 l'\u00e9cole Jean Vidal<\/a>\n\t\t\t\t\t<\/div>\n\t\t\t\t\t<div id=\"elementor-tab-content-1494\" class=\"elementor-tab-content elementor-clearfix\" data-tab=\"4\" role=\"region\" aria-labelledby=\"elementor-tab-title-1494\"><h4>Une belle journ\u00e9e sous le signe du jeu et de la jeunesse<\/h4><p><img loading=\"lazy\" decoding=\"async\" class=\"alignnone wp-image-3021 size-large\" style=\"font-weight: bold; color: #666666; font-size: 0.8125rem; font-style: italic;\" src=\"https:\/\/www.cabrerolles.fr\/wp-content\/uploads\/2021\/07\/IMG-20210623-WA0038-1024x768.jpg\" alt=\"les \u00e9l\u00e8ves de l'\u00e9cole primaire\" width=\"525\" height=\"394\" srcset=\"https:\/\/www.cabrerolles.fr\/wp-content\/uploads\/2021\/07\/IMG-20210623-WA0038-1024x768.jpg 1024w, https:\/\/www.cabrerolles.fr\/wp-content\/uploads\/2021\/07\/IMG-20210623-WA0038-300x225.jpg 300w, https:\/\/www.cabrerolles.fr\/wp-content\/uploads\/2021\/07\/IMG-20210623-WA0038-768x576.jpg 768w, https:\/\/www.cabrerolles.fr\/wp-content\/uploads\/2021\/07\/IMG-20210623-WA0038-1536x1152.jpg 1536w, https:\/\/www.cabrerolles.fr\/wp-content\/uploads\/2021\/07\/IMG-20210623-WA0038.jpg 1600w\" sizes=\"(max-width: 525px) 100vw, 525px\" \/><\/p><p><img loading=\"lazy\" decoding=\"async\" class=\"wp-image-3022 size-large\" style=\"font-weight: bold; font-size: 0.8125rem;\" src=\"https:\/\/www.cabrerolles.fr\/wp-content\/uploads\/2021\/07\/IMG-20210623-WA0040-1024x768.jpg\" alt=\"les \u00e9l\u00e8ves de l'\u00e9cole maternelle\" width=\"525\" height=\"394\" srcset=\"https:\/\/www.cabrerolles.fr\/wp-content\/uploads\/2021\/07\/IMG-20210623-WA0040-1024x768.jpg 1024w, https:\/\/www.cabrerolles.fr\/wp-content\/uploads\/2021\/07\/IMG-20210623-WA0040-300x225.jpg 300w, https:\/\/www.cabrerolles.fr\/wp-content\/uploads\/2021\/07\/IMG-20210623-WA0040-768x576.jpg 768w, https:\/\/www.cabrerolles.fr\/wp-content\/uploads\/2021\/07\/IMG-20210623-WA0040-1536x1152.jpg 1536w, https:\/\/www.cabrerolles.fr\/wp-content\/uploads\/2021\/07\/IMG-20210623-WA0040.jpg 1600w\" sizes=\"(max-width: 525px) 100vw, 525px\" \/><\/p><h3><span style=\"color: #000000;\">Un GRAND merci \u00e0 Emma Gatimel pour cette journ\u00e9e d\u00e9di\u00e9e aux enfants !<\/span><\/h3><p><span style=\"color: #000000;\">Le mercredi 23 juin, accompagn\u00e9s et encadr\u00e9s par des parents, C\u00e9line, Am\u00e9nie, \u00c9milie, Julie, Laurie, Virginie, Sandra, M\u00e9lissa et Caroline, par les enseignantes Marine et Val\u00e9rie, par une employ\u00e9e communale Laura et par un jeune b\u00e9n\u00e9vole Math\u00e9o (que nous remercions tous !!!), la journ\u00e9e a commenc\u00e9 par des Olympiades sportives ! Apr\u00e8s une remise de m\u00e9dailles et un petit shooting photos, le pique nique sorti du sac s\u2019est d\u00e9roul\u00e9 devant la salle des rencontres.<\/span><br \/><span style=\"color: #000000;\">Les enfants ont alors pris le bus en direction de B\u00e9darieux et, apr\u00e8s un bon petit go\u00fbter, se sont r\u00e9gal\u00e9s avec la s\u00e9ance \u201cChien pourri, la vie \u00e0 Paris\u201d.Ce n\u2019est que vers 16h30, des \u00e9toiles plein les yeux et le sourire aux l\u00e8vres, qu\u2019ils sont revenus \u00e0 La Liqui\u00e8re. Le temps a \u00e9t\u00e9 tr\u00e8s cl\u00e9ment et aucun incident n\u2019est \u00e0 d\u00e9plorer. \u00c0 renouveler !<\/span><br \/><span style=\"color: #000000;\">Olivier Bontemps<\/span><\/p><\/div>\n\t\t\t\t<\/div>\n\t\t\t\t\t\t\t<div class=\"elementor-accordion-item\">\n\t\t\t\t\t<div id=\"elementor-tab-title-1495\" class=\"elementor-tab-title\" data-tab=\"5\" role=\"button\" aria-controls=\"elementor-tab-content-1495\" aria-expanded=\"false\">\n\t\t\t\t\t\t\t\t\t\t\t\t\t<span class=\"elementor-accordion-icon elementor-accordion-icon-left\" aria-hidden=\"true\">\n\t\t\t\t\t\t\t\t\t\t\t\t\t\t\t<span class=\"elementor-accordion-icon-closed\"><i class=\"fas fa-plus\"><\/i><\/span>\n\t\t\t\t\t\t\t\t<span class=\"elementor-accordion-icon-opened\"><i class=\"fas fa-minus\"><\/i><\/span>\n\t\t\t\t\t\t\t\t\t\t\t\t\t\t<\/span>\n\t\t\t\t\t\t\t\t\t\t\t\t<a class=\"elementor-accordion-title\" tabindex=\"0\">March\u00e9 gourmand \u00e0 La Liqui\u00e8re<\/a>\n\t\t\t\t\t<\/div>\n\t\t\t\t\t<div id=\"elementor-tab-content-1495\" class=\"elementor-tab-content elementor-clearfix\" data-tab=\"5\" role=\"region\" aria-labelledby=\"elementor-tab-title-1495\"><h4>Beau succ\u00e8s pour le 1er \u00e9v\u00e9nement des Cinq hameaux<\/h4><p><img loading=\"lazy\" decoding=\"async\" class=\"alignnone wp-image-3029 size-large\" src=\"https:\/\/www.cabrerolles.fr\/wp-content\/uploads\/2021\/07\/marche2-1024x768.jpg\" alt=\"\" width=\"525\" height=\"394\" srcset=\"https:\/\/www.cabrerolles.fr\/wp-content\/uploads\/2021\/07\/marche2-1024x768.jpg 1024w, https:\/\/www.cabrerolles.fr\/wp-content\/uploads\/2021\/07\/marche2-300x225.jpg 300w, https:\/\/www.cabrerolles.fr\/wp-content\/uploads\/2021\/07\/marche2-768x576.jpg 768w, https:\/\/www.cabrerolles.fr\/wp-content\/uploads\/2021\/07\/marche2.jpg 1200w\" sizes=\"(max-width: 525px) 100vw, 525px\" \/><img loading=\"lazy\" decoding=\"async\" class=\"alignnone wp-image-3028 size-large\" style=\"font-size: 1rem;\" src=\"https:\/\/www.cabrerolles.fr\/wp-content\/uploads\/2021\/07\/marche1-1024x768.jpg\" alt=\"\" width=\"525\" height=\"394\" srcset=\"https:\/\/www.cabrerolles.fr\/wp-content\/uploads\/2021\/07\/marche1-1024x768.jpg 1024w, https:\/\/www.cabrerolles.fr\/wp-content\/uploads\/2021\/07\/marche1-300x225.jpg 300w, https:\/\/www.cabrerolles.fr\/wp-content\/uploads\/2021\/07\/marche1-768x576.jpg 768w, https:\/\/www.cabrerolles.fr\/wp-content\/uploads\/2021\/07\/marche1.jpg 1200w\" sizes=\"(max-width: 525px) 100vw, 525px\" \/><\/p><p><br \/><br \/><span style=\"color: #000000;\">Le 2 juillet, l\u2019association des Cinq hameaux a organis\u00e9 un vide grenier et march\u00e9 gourmand sur le parking de la Salle des rencontres. Dans une ambiance chaleureuse, les promeneurs ont pu fl\u00e2ner sur les stands du vide grenier, h\u00e9l\u00e9s par les enfants qui vendaient leurs jouets et livres pour se faire de l\u2019argent de poche, go\u00fbter le miel de Cabrerolles ou le vin du domaine Pieralevada, rencontrer notre nouvelle esth\u00e9ticienne et beaucoup d\u2019autres exposants. Vers midi, avec les adjoints aux manettes aupr\u00e8s des b\u00e9n\u00e9voles de l\u2019associaiton, on a pu d\u00e9guster frites et saucisses grill\u00e9es.<\/span><br \/><span style=\"color: #000000;\">L\u2019association nous pr\u00e9pare un march\u00e9 de No\u00ebl avec de belles surprises. Pour cela, il leur faut des b\u00e9n\u00e9voles ! Faites vous conna\u00eetre aupr\u00e8s de la mairie ou de l\u2019association.<\/span><\/p><\/div>\n\t\t\t\t<\/div>\n\t\t\t\t\t\t\t<div class=\"elementor-accordion-item\">\n\t\t\t\t\t<div id=\"elementor-tab-title-1496\" class=\"elementor-tab-title\" data-tab=\"6\" role=\"button\" aria-controls=\"elementor-tab-content-1496\" aria-expanded=\"false\">\n\t\t\t\t\t\t\t\t\t\t\t\t\t<span class=\"elementor-accordion-icon elementor-accordion-icon-left\" aria-hidden=\"true\">\n\t\t\t\t\t\t\t\t\t\t\t\t\t\t\t<span class=\"elementor-accordion-icon-closed\"><i class=\"fas fa-plus\"><\/i><\/span>\n\t\t\t\t\t\t\t\t<span class=\"elementor-accordion-icon-opened\"><i class=\"fas fa-minus\"><\/i><\/span>\n\t\t\t\t\t\t\t\t\t\t\t\t\t\t<\/span>\n\t\t\t\t\t\t\t\t\t\t\t\t<a class=\"elementor-accordion-title\" tabindex=\"0\">Anani, un Togolais \u00e0 Cabrerolles<\/a>\n\t\t\t\t\t<\/div>\n\t\t\t\t\t<div id=\"elementor-tab-content-1496\" class=\"elementor-tab-content elementor-clearfix\" data-tab=\"6\" role=\"region\" aria-labelledby=\"elementor-tab-title-1496\"><p><span style=\"color: #000000;\">Dans le cadre d&#8217;un projet humanitaire et culturel men\u00e9 par l&#8217;\u00e9cole Jean Vidal de la commune de Cabrerolles et l&#8217;association <em>A. Dan &amp; Kayi<\/em>, Anani, leur intervenant, a propos\u00e9 des ateliers &#8220;percussions et danse en ext\u00e9rieur sur 3 dates. Ces ateliers ont \u00e9t\u00e9 stopp\u00e9s avec le confinement mais les participant\u00b7e\u00b7s du premier jour ont appr\u00e9ci\u00e9 !<\/span><\/p><p><img loading=\"lazy\" decoding=\"async\" class=\"alignnone wp-image-2720 size-large\" src=\"https:\/\/www.cabrerolles.fr\/wp-content\/uploads\/2021\/04\/stage_anani-1024x768.jpg\" alt=\"\" width=\"525\" height=\"394\" srcset=\"https:\/\/www.cabrerolles.fr\/wp-content\/uploads\/2021\/04\/stage_anani-1024x768.jpg 1024w, https:\/\/www.cabrerolles.fr\/wp-content\/uploads\/2021\/04\/stage_anani-300x225.jpg 300w, https:\/\/www.cabrerolles.fr\/wp-content\/uploads\/2021\/04\/stage_anani-768x576.jpg 768w, https:\/\/www.cabrerolles.fr\/wp-content\/uploads\/2021\/04\/stage_anani.jpg 1200w\" sizes=\"(max-width: 525px) 100vw, 525px\" \/><\/p><p><span style=\"color: #000000;\"><em>&#8220;Initialement venu pour 3 semaines au sein de l\u2019\u00e9cole de notre commune pour un projet p\u00e9dagogique autour du chant et de la danse, Anani a aussi propos\u00e9 des stages de percussions et danse africaines aux habitants de la commune. Un projet \u00e9court\u00e9 par l\u2019annonce du nouveau confinement, les stages du samedi 3 avril ont quand m\u00eame pu avoir lieu. Tous tr\u00e8s chanceux, nous avons partag\u00e9 un moment de d\u00e9tente, de convivialit\u00e9 et de joie, entre enfants et adultes.&#8221;<\/em><\/span><br \/><span style=\"color: #000000;\">Audrey Laencina<\/span><\/p><p><span style=\"color: #000000;\"><em>&#8220;C\u2019\u00e9tait bien car avec cette covid on ne peut pas faire grand chose et \u00e7a m\u2019a fait du bien de faire quelque chose avant le confinement. Je me suis r\u00e9gal\u00e9 aux percussions africaines et \u00e0 la danse africaine. C\u2019\u00e9tait chouette, Anani \u00e9tait un bon prof avec son djemb\u00e9. Il y avait plein d\u2019instruments, mon pr\u00e9f\u00e9r\u00e9 \u00e9tait le balafon.&#8221;<\/em><\/span><br \/><span style=\"color: #000000;\">Milo<\/span><\/p><\/div>\n\t\t\t\t<\/div>\n\t\t\t\t\t\t\t<div class=\"elementor-accordion-item\">\n\t\t\t\t\t<div id=\"elementor-tab-title-1497\" class=\"elementor-tab-title\" data-tab=\"7\" role=\"button\" aria-controls=\"elementor-tab-content-1497\" aria-expanded=\"false\">\n\t\t\t\t\t\t\t\t\t\t\t\t\t<span class=\"elementor-accordion-icon elementor-accordion-icon-left\" aria-hidden=\"true\">\n\t\t\t\t\t\t\t\t\t\t\t\t\t\t\t<span class=\"elementor-accordion-icon-closed\"><i class=\"fas fa-plus\"><\/i><\/span>\n\t\t\t\t\t\t\t\t<span class=\"elementor-accordion-icon-opened\"><i class=\"fas fa-minus\"><\/i><\/span>\n\t\t\t\t\t\t\t\t\t\t\t\t\t\t<\/span>\n\t\t\t\t\t\t\t\t\t\t\t\t<a class=\"elementor-accordion-title\" tabindex=\"0\">Le No\u00ebl de l'\u00e9cole<\/a>\n\t\t\t\t\t<\/div>\n\t\t\t\t\t<div id=\"elementor-tab-content-1497\" class=\"elementor-tab-content elementor-clearfix\" data-tab=\"7\" role=\"region\" aria-labelledby=\"elementor-tab-title-1497\"><p><img loading=\"lazy\" decoding=\"async\" class=\"alignnone wp-image-2666 size-large\" src=\"https:\/\/www.cabrerolles.fr\/wp-content\/uploads\/2021\/03\/IMG-20201213-WA0005-1024x682.jpg\" alt=\"\" width=\"525\" height=\"350\" srcset=\"https:\/\/www.cabrerolles.fr\/wp-content\/uploads\/2021\/03\/IMG-20201213-WA0005-1024x682.jpg 1024w, https:\/\/www.cabrerolles.fr\/wp-content\/uploads\/2021\/03\/IMG-20201213-WA0005-300x200.jpg 300w, https:\/\/www.cabrerolles.fr\/wp-content\/uploads\/2021\/03\/IMG-20201213-WA0005-768x512.jpg 768w, https:\/\/www.cabrerolles.fr\/wp-content\/uploads\/2021\/03\/IMG-20201213-WA0005-1536x1023.jpg 1536w, https:\/\/www.cabrerolles.fr\/wp-content\/uploads\/2021\/03\/IMG-20201213-WA0005.jpg 1600w\" sizes=\"(max-width: 525px) 100vw, 525px\" \/><\/p><p><span style=\"color: #000000;\">Mardi 8 d\u00e9cembre, l\u2019\u00e9cole Jean Vidal de la Liqui\u00e8re en coop\u00e9ration avec L\u2019AAPEC (Association des parents d&#8217;\u00e9l\u00e8ves), ont eu l\u2019honneur de la visite de la troupe du \u00abpetit saint Nicolas\u00bb. Les grandes \u00abMascottes\u00bb ont accueilli les enfants \u00e0 la sortie de l\u2019\u00e9cole : photos et distribution de bonbons pour la plus grande joie des petits et des plus grands!<\/span><\/p><\/div>\n\t\t\t\t<\/div>\n\t\t\t\t\t\t\t\t<\/div>\n\t\t\t\t\t\t<\/div>\n\t\t\t\t<\/div>\n\t\t\t\t\t<\/div>\n\t\t<\/div>\n\t\t\t\t\t<\/div>\n\t\t<\/section>\n\t\t\t\t<section class=\"elementor-section elementor-top-section elementor-element elementor-element-55fd7bd elementor-section-boxed elementor-section-height-default elementor-section-height-default\" data-id=\"55fd7bd\" data-element_type=\"section\" data-e-type=\"section\">\n\t\t\t\t\t\t<div class=\"elementor-container elementor-column-gap-default\">\n\t\t\t\t\t<div class=\"elementor-column elementor-col-100 elementor-top-column elementor-element elementor-element-246d3b4\" data-id=\"246d3b4\" data-element_type=\"column\" data-e-type=\"column\">\n\t\t\t<div class=\"elementor-widget-wrap elementor-element-populated\">\n\t\t\t\t\t\t<div class=\"elementor-element elementor-element-48a7e4c elementor-widget elementor-widget-spacer\" data-id=\"48a7e4c\" data-element_type=\"widget\" data-e-type=\"widget\" data-widget_type=\"spacer.default\">\n\t\t\t\t<div class=\"elementor-widget-container\">\n\t\t\t\t\t\t\t<div class=\"elementor-spacer\">\n\t\t\t<div class=\"elementor-spacer-inner\"><\/div>\n\t\t<\/div>\n\t\t\t\t\t\t<\/div>\n\t\t\t\t<\/div>\n\t\t\t\t<div class=\"elementor-element elementor-element-d5cab94 elementor-widget elementor-widget-heading\" data-id=\"d5cab94\" data-element_type=\"widget\" data-e-type=\"widget\" data-widget_type=\"heading.default\">\n\t\t\t\t<div class=\"elementor-widget-container\">\n\t\t\t\t\t<h2 class=\"elementor-heading-title elementor-size-default\">Les associations de la commune<\/h2>\t\t\t\t<\/div>\n\t\t\t\t<\/div>\n\t\t\t\t\t<\/div>\n\t\t<\/div>\n\t\t\t\t\t<\/div>\n\t\t<\/section>\n\t\t\t\t<section class=\"elementor-section elementor-top-section elementor-element elementor-element-9928983 elementor-section-boxed elementor-section-height-default elementor-section-height-default\" data-id=\"9928983\" data-element_type=\"section\" data-e-type=\"section\">\n\t\t\t\t\t\t<div class=\"elementor-container elementor-column-gap-default\">\n\t\t\t\t\t<div class=\"elementor-column elementor-col-50 elementor-top-column elementor-element elementor-element-7d5be48\" data-id=\"7d5be48\" data-element_type=\"column\" data-e-type=\"column\">\n\t\t\t<div class=\"elementor-widget-wrap elementor-element-populated\">\n\t\t\t\t\t\t<div class=\"elementor-element elementor-element-38d5145 elementor-widget elementor-widget-text-editor\" data-id=\"38d5145\" data-element_type=\"widget\" data-e-type=\"widget\" data-widget_type=\"text-editor.default\">\n\t\t\t\t<div class=\"elementor-widget-container\">\n\t\t\t\t\t\t\t\t\t<p><strong><span style=\"color: #000000;\">Comit\u00e9 des f\u00eates de Cabrerolles<\/span><\/strong><br \/><span style=\"color: #000000;\">T\u00e9l\u00e9phone : 06.58.27.77.18<\/span><br \/><span style=\"color: #000000;\">Courriel: <span style=\"color: #8e1825;\"><a style=\"color: #8e1825;\" href=\"mailto:comitedesfetesdecabrerolles@gmail.com\" target=\"_blank\" rel=\"noopener\">comitedesfetesdecabrerolles@gmail.com<\/a><br \/><\/span><\/span><span style=\"color: #000000;\">Pr\u00e9sidents : Romain Seppoloni &amp; Fran\u00e7ois Roque<\/span><\/p><p><span style=\"color: #000000;\"><strong>Parents d&#8217;\u00e9l\u00e8ves<\/strong><\/span><br \/><span style=\"color: #000000;\">2 route de la Chaudi\u00e8re &#8211; La Liqui\u00e8re <\/span><span style=\"color: #000000;\">34480 Cabrerolles<\/span><br \/><span style=\"color: #000000;\">T\u00e9l\u00e9phone : 06.22.31.54.80<br \/>Courriel : melissa.gatimel@gmail.com<\/span><br \/><span style=\"color: #000000;\">Pr\u00e9sidente : M\u00e9lissa GATIMEL<\/span><\/p><p><strong><span style=\"color: #000000;\">Sauvegarde du Patrimoine de Cabrerolles<\/span><\/strong><br \/><span style=\"color: #000000;\">La Liqui\u00e8re 34480 Cabrerolles<\/span><br \/><span style=\"color: #000000;\">T\u00e9l\u00e9phone : 06 03 69 03 61<\/span><br \/><span style=\"color: #000000;\">Pr\u00e9sident : Olivier ANDRIEU<\/span><span style=\"color: #000000;\"><br \/><\/span><\/p>\t\t\t\t\t\t\t\t<\/div>\n\t\t\t\t<\/div>\n\t\t\t\t\t<\/div>\n\t\t<\/div>\n\t\t\t\t<div class=\"elementor-column elementor-col-50 elementor-top-column elementor-element elementor-element-6e851b1\" data-id=\"6e851b1\" data-element_type=\"column\" data-e-type=\"column\">\n\t\t\t<div class=\"elementor-widget-wrap elementor-element-populated\">\n\t\t\t\t\t\t<div class=\"elementor-element elementor-element-469ee82 elementor-widget elementor-widget-text-editor\" data-id=\"469ee82\" data-element_type=\"widget\" data-e-type=\"widget\" data-widget_type=\"text-editor.default\">\n\t\t\t\t<div class=\"elementor-widget-container\">\n\t\t\t\t\t\t\t\t\t<p><span style=\"color: #000000;\"><strong>Diane de Cabrerolles<\/strong><\/span><br \/><span style=\"color: #000000;\">2 route de la Chaudi\u00e8re La Liqui\u00e8re <\/span><span style=\"color: #000000;\">34480 Cabrerolles<\/span><br \/><span style=\"color: #000000;\">T\u00e9l\u00e9phone : 06.21.11.63.92<\/span><br \/><span style=\"color: #000000;\">Pr\u00e9sident : Wilfried HOUY<\/span><\/p><p><span style=\"color: #000000;\"><strong>Syndicat des chasseurs propri\u00e9taires<\/strong><\/span><br \/><span style=\"color: #000000;\">180 route de Montc\u00e8ze \u2013 Lenth\u00e9ric<\/span><br \/><span style=\"color: #000000;\">34480 Cabrerolles<\/span><br \/><span style=\"color: #000000;\">T\u00e9l\u00e9phone : 06.12.59.38.89<br \/>Pr\u00e9sident : Florent BARRAL<\/span><\/p>\t\t\t\t\t\t\t\t<\/div>\n\t\t\t\t<\/div>\n\t\t\t\t\t<\/div>\n\t\t<\/div>\n\t\t\t\t\t<\/div>\n\t\t<\/section>\n\t\t\t\t<\/div>\n\t\t","protected":false},"excerpt":{"rendered":"<p>Les actualit\u00e9s des associations Les associations font la vie de la commune. Leurs actualit\u00e9s sont publi\u00e9es r\u00e9guli\u00e8rement\u00a0ici. Charivari de la Sant Jos\u00e8p Charivari de la Sant Jos\u00e8pd\u00e9fil\u00e9 carnavalesque et f\u00eate du patrimoine le 19 mars \u00a0 Voici le programme :10h30 inauguration des travaux de mise en valeur d\u2019objets class\u00e9s dans la Chapelle de La Liqui\u00e8re11h30 &hellip; <\/p>\n<p class=\"link-more\"><a href=\"https:\/\/www.cabrerolles.fr\/?page_id=99\" class=\"more-link\">Continuer la lecture<span class=\"screen-reader-text\"> de &laquo;&nbsp;Associations&nbsp;&raquo;<\/span><\/a><\/p>\n","protected":false},"author":1,"featured_media":0,"parent":0,"menu_order":0,"comment_status":"closed","ping_status":"closed","template":"","meta":{"advgb_blocks_editor_width":"","advgb_blocks_columns_visual_guide":"","footnotes":""},"class_list":["post-99","page","type-page","status-publish","hentry"],"coauthors":[],"author_meta":{"author_link":"https:\/\/www.cabrerolles.fr\/?author=1","display_name":"mairie"},"relative_dates":{"created":"Publi\u00e9 5 ans il y a","modified":"Mis \u00e0 jour 6 mois il y a"},"absolute_dates":{"created":"Publi\u00e9 le 25 janvier 2021","modified":"Mise \u00e0 jour le 30 octobre 2025"},"absolute_dates_time":{"created":"Publi\u00e9 le 25 janvier 2021 12h35","modified":"Mise \u00e0 jour le 30 octobre 2025 9h57"},"featured_img_caption":"","featured_img":false,"series_order":"","_links":{"self":[{"href":"https:\/\/www.cabrerolles.fr\/index.php?rest_route=\/wp\/v2\/pages\/99","targetHints":{"allow":["GET"]}}],"collection":[{"href":"https:\/\/www.cabrerolles.fr\/index.php?rest_route=\/wp\/v2\/pages"}],"about":[{"href":"https:\/\/www.cabrerolles.fr\/index.php?rest_route=\/wp\/v2\/types\/page"}],"author":[{"embeddable":true,"href":"https:\/\/www.cabrerolles.fr\/index.php?rest_route=\/wp\/v2\/users\/1"}],"replies":[{"embeddable":true,"href":"https:\/\/www.cabrerolles.fr\/index.php?rest_route=%2Fwp%2Fv2%2Fcomments&post=99"}],"version-history":[{"count":83,"href":"https:\/\/www.cabrerolles.fr\/index.php?rest_route=\/wp\/v2\/pages\/99\/revisions"}],"predecessor-version":[{"id":5054,"href":"https:\/\/www.cabrerolles.fr\/index.php?rest_route=\/wp\/v2\/pages\/99\/revisions\/5054"}],"wp:attachment":[{"href":"https:\/\/www.cabrerolles.fr\/index.php?rest_route=%2Fwp%2Fv2%2Fmedia&parent=99"}],"curies":[{"name":"wp","href":"https:\/\/api.w.org\/{rel}","templated":true}]}}